{"version":"1.0","provider_name":"Regi\u00f3n Vysok\u00e9 Tatry","provider_url":"https:\/\/regiontatry.sk\/de\/","title":"Vi\u0301kend v Tatra\u0301ch bude patri\u0165 \u013eadovej kra\u0301se - Regi\u00f3n Vysok\u00e9 Tatry","type":"rich","width":600,"height":338,"html":"<blockquote class=\"wp-embedded-content\" data-secret=\"YaGlwNsvpX\"><a href=\"https:\/\/regiontatry.sk\/de\/vikend-v-tatrach-bude-patrit-ladovej-krase\/\">Vi\u0301kend v Tatra\u0301ch bude patri\u0165 \u013eadovej kra\u0301se<\/a><\/blockquote><iframe sandbox=\"allow-scripts\" security=\"restricted\" src=\"https:\/\/regiontatry.sk\/de\/vikend-v-tatrach-bude-patrit-ladovej-krase\/embed\/#?secret=YaGlwNsvpX\" width=\"600\" height=\"338\" title=\"&#8222;Vi\u0301kend v Tatra\u0301ch bude patri\u0165 \u013eadovej kra\u0301se&#8220; &#8212; Regi\u00f3n Vysok\u00e9 Tatry\" data-secret=\"YaGlwNsvpX\" frameborder=\"0\" marginwidth=\"0\" marginheight=\"0\" scrolling=\"no\" class=\"wp-embedded-content\"><\/iframe><script type=\"text\/javascript\">\n\/* <![CDATA[ *\/\n\/*! This file is auto-generated *\/\n!function(d,l){\"use strict\";l.querySelector&&d.addEventListener&&\"undefined\"!=typeof URL&&(d.wp=d.wp||{},d.wp.receiveEmbedMessage||(d.wp.receiveEmbedMessage=function(e){var t=e.data;if((t||t.secret||t.message||t.value)&&!\/[^a-zA-Z0-9]\/.test(t.secret)){for(var s,r,n,a=l.querySelectorAll('iframe[data-secret=\"'+t.secret+'\"]'),o=l.querySelectorAll('blockquote[data-secret=\"'+t.secret+'\"]'),c=new RegExp(\"^https?:$\",\"i\"),i=0;i<o.length;i++)o[i].style.display=\"none\";for(i=0;i<a.length;i++)s=a[i],e.source===s.contentWindow&&(s.removeAttribute(\"style\"),\"height\"===t.message?(1e3<(r=parseInt(t.value,10))?r=1e3:~~r<200&&(r=200),s.height=r):\"link\"===t.message&&(r=new URL(s.getAttribute(\"src\")),n=new URL(t.value),c.test(n.protocol))&&n.host===r.host&&l.activeElement===s&&(d.top.location.href=t.value))}},d.addEventListener(\"message\",d.wp.receiveEmbedMessage,!1),l.addEventListener(\"DOMContentLoaded\",function(){for(var e,t,s=l.querySelectorAll(\"iframe.wp-embedded-content\"),r=0;r<s.length;r++)(t=(e=s[r]).getAttribute(\"data-secret\"))||(t=Math.random().toString(36).substring(2,12),e.src+=\"#?secret=\"+t,e.setAttribute(\"data-secret\",t)),e.contentWindow.postMessage({message:\"ready\",secret:t},\"*\")},!1)))}(window,document);\n\/* ]]> *\/\n<\/script>\n","thumbnail_url":"https:\/\/regiontatry.sk\/wp-content\/uploads\/2019\/01\/TIM2019.jpg","thumbnail_width":1605,"thumbnail_height":730,"description":"(Star\u00fd Smokovec 8.1.2019) Dva v\u00fdnimo\u010dn\u00e9 dni, 50 ton \u013eadu, \u013eadov\u00ed soch\u00e1ri z 10 kraj\u00edn, koncert Peter Bi\u010d Projekt, Billy Barman a S\u013dUK, dve \u013eadovo \u2013 oh\u0148ov\u00e9 show a mno\u017estvo nad\u0161en\u00fdch n\u00e1v\u0161tevn\u00edkov \u2013 takto bude vyzera\u0165 v\u00edkend na Hrebienku po\u010das 7. ro\u010dn\u00edka podujatia TATRY ICE MASTER. 7. ro\u010dn\u00edk \u013eadov\u00e9ho podujatia TATRY ICE MASTER pozn\u00e1 svoje miesto, [&hellip;]"}