{"id":21436,"date":"2019-04-29T11:36:46","date_gmt":"2019-04-29T09:36:46","guid":{"rendered":"https:\/\/regiontatry.sk\/vyzvy-na-predkladanie-cenovych-ponuk-rok-2019\/"},"modified":"2019-04-29T11:36:46","modified_gmt":"2019-04-29T09:36:46","slug":"vyzvy-na-predkladanie-cenovych-ponuk-rok-2019","status":"publish","type":"page","link":"https:\/\/regiontatry.sk\/de\/offenlegungspflicht\/vyzvy-na-predkladanie-cenovych-ponuk-rok-2019\/","title":{"rendered":"V\u00fdzvy na predkladanie cenov\u00fdch pon\u00fak"},"content":{"rendered":"\n<h2 class=\"wp-block-heading\"><strong>ROK 2019<\/strong><br><br><\/h2>\n\n\n\n<ul class=\"wp-block-list\"><li><a rel=\"noreferrer noopener\" aria-label=\"Technick\u00e9 zabezpe\u010denie podujatia TATRY ICE MASTER\u00a0 2019 (v\u00fdzva technicke zabezpecenie TIM 2019.pdf) (otvor\u00ed sa v novej karte)\" href=\"https:\/\/regiontatry.sk\/wp-content\/uploads\/2019\/04\/vyzva_technicke-zabezpecenie-TIM-2019.pdf\" target=\"_blank\">Technick\u00e9 zabezpe\u010denie podujatia TATRY ICE MASTER\u00a0 2019<\/a><\/li><li><a rel=\"noreferrer noopener\" aria-label=\"Reklamn\u00e1 kampa\u0148 na po\u013eskom trhu (vyzva_marketing_AQP_polsko.pdf) (otvor\u00ed sa v novej karte)\" href=\"https:\/\/regiontatry.sk\/wp-content\/uploads\/2019\/04\/vyzva_marketing-AQP_polsko.pdf\" target=\"_blank\">Reklamn\u00e1 kampa\u0148 na po\u013eskom trhu<\/a><\/li><li><a rel=\"noreferrer noopener\" aria-label=\"Organiza\u010dn\u00e9 zabezpe\u010denie TATRY ICE MASTER (otvor\u00ed sa v novej karte)\" href=\"https:\/\/regiontatry.sk\/wp-content\/uploads\/2019\/05\/01_Z\u030ciadost\u030c-o-predloz\u030cenie-cenovy\u0301ch-ponu\u0301k_TIM-2019_final.pdf\" target=\"_blank\">Organiza\u010dn\u00e9 zabezpe\u010denie TATRY ICE MASTER<\/a><\/li><li><a href=\"https:\/\/regiontatry.sk\/wp-content\/uploads\/2019\/04\/vyzva_email-marketing-AQP-1.pdf\">Reklamn\u00e1 internetov\u00e1 kampa\u0148 \u2013 e-mail marketing<\/a><\/li><li><a rel=\"noreferrer noopener\" aria-label=\" (otvor\u00ed sa v novej karte)\" href=\"https:\/\/regiontatry.sk\/wp-content\/uploads\/2019\/04\/vyzva_PPC-kampane.pdf\" target=\"_blank\">Internetov\u00e1 on-line PPC\u00a0a\u00a0Google kampa\u0148<\/a><\/li><li><a rel=\"noreferrer noopener\" aria-label=\"Zabezpe\u010denie v\u00edkendov\u00fdch anima\u010dn\u00fdch programov, anim\u00e1ci\u00ed na t\u00e9matick\u00fdch podujatiach a\u00a0denn\u00e9ho letn\u00e9ho t\u00e1bora pre n\u00e1v\u0161tevn\u00edkov regi\u00f3nu v\u00a0aquaparku (vyzva animacie AQP.pdf) (otvor\u00ed sa v novej karte)\" href=\"https:\/\/regiontatry.sk\/wp-content\/uploads\/2019\/04\/vyzva_animacie-AQP.pdf\" target=\"_blank\">Zabezpe\u010denie v\u00edkendov\u00fdch anima\u010dn\u00fdch programov, anim\u00e1ci\u00ed na t\u00e9matick\u00fdch podujatiach a\u00a0denn\u00e9ho letn\u00e9ho t\u00e1bora pre n\u00e1v\u0161tevn\u00edkov regi\u00f3nu v\u00a0aquaparku<\/a><\/li><li><a rel=\"noreferrer noopener\" aria-label=\"CARPATHIAN COURIERS RACE, term\u00edn 3.-4.5.2019, Poprad (v\u00fdzva na PHZ karpatski kurieri.pdf) (otvor\u00ed sa v novej karte)\" href=\"https:\/\/regiontatry.sk\/wp-content\/uploads\/2019\/04\/vy\u0301zva-na-PHZ-karpatski\u0301-kurieri.pdf\" target=\"_blank\">CARPATHIAN COURIERS RACE, term\u00edn 3.-4.5.2019, Poprad<\/a><\/li><li><a rel=\"noreferrer noopener\" aria-label=\"Zabezpe\u010denie medail\u00ed a\u00a0trofej\u00ed na vybran\u00fa \u010das\u0165 s\u00e9rie \u0161portov\u00fdch podujat\u00ed TATRY V POHYBE 2019 ( \u017eiados\u0165 o\u00a0predlo\u017eenie cenov\u00fdch pon\u00fak medaile 2019.pdf) (otvor\u00ed sa v novej karte)\" href=\"https:\/\/regiontatry.sk\/wp-content\/uploads\/2019\/04\/Z\u030ciadost\u030c-o-predloz\u030cenie-cenovy\u0301ch-ponu\u0301k_medaile-2019.pdf\" target=\"_blank\">Zabezpe\u010denie medail\u00ed a\u00a0trofej\u00ed na vybran\u00fa \u010das\u0165 s\u00e9rie \u0161portov\u00fdch podujat\u00ed TATRY V POHYBE 2019<\/a><\/li><li><a rel=\"noreferrer noopener\" aria-label=\"Infocesta blogerov z\u00a0Indie, Holandska s\u00a0Ve\u013ekej Brit\u00e1nie v\u00a0d\u0148och 20.-26.5.2019 (otvor\u00ed sa v novej karte)\" href=\"https:\/\/regiontatry.sk\/wp-content\/uploads\/2019\/11\/vy\u0301zva-na-PHZ-Infocesta-bloggerov-20.-26.5.2019.pdf\" target=\"_blank\">Infocesta blogerov z\u00a0Indie, Holandska s\u00a0Ve\u013ekej Brit\u00e1nie v\u00a0d\u0148och 20.-26.5.2019<\/a><\/li><li><a rel=\"noreferrer noopener\" aria-label=\"Technick\u00e9 zabezpe\u010denie podujat\u00ed v\u00a0r\u00e1mci regi\u00f3nu Vysok\u00e9 Tatry (otvor\u00ed sa v novej karte)\" href=\"https:\/\/regiontatry.sk\/wp-content\/uploads\/2019\/11\/Vy\u0301zva-PHZ-na_tech_zabezpecenie-programov.pdf\" target=\"_blank\">Technick\u00e9 zabezpe\u010denie podujat\u00ed v\u00a0r\u00e1mci regi\u00f3nu Vysok\u00e9 Tatry<\/a><\/li><li><a rel=\"noreferrer noopener\" aria-label=\"Podujatie - Tatransk\u00fd de\u0148 det\u00ed \u2013 1.6.2019 - \u0160trbsk\u00e9 Pleso (otvor\u00ed sa v novej karte)\" href=\"https:\/\/regiontatry.sk\/wp-content\/uploads\/2019\/11\/Z\u030ciadost\u030c-o-predloz\u030cenie-cenovy\u0301ch-ponu\u0301k_TDD_01062019.pdf\" target=\"_blank\">Podujatie &#8211; Tatransk\u00fd de\u0148 det\u00ed \u2013 1.6.2019 &#8211; \u0160trbsk\u00e9 Pleso<\/a><\/li><li><a href=\"https:\/\/regiontatry.sk\/wp-content\/uploads\/2019\/11\/Z%CC%8Ciadost%CC%8C-o-predloz%CC%8Cenie-cenovy%CC%81ch-ponu%CC%81k_kri%CC%81z%CC%8Cova%CC%81-cesta_cyklo.pdf\">Zve\u013eadenie n\u00e1u\u010dn\u00e9ho chodn\u00edka \u2013 turistickej atrakcie Kr\u00ed\u017eov\u00e1 cesta a\u00a0\u00fadr\u017eba cyklotr\u00e1s v lokalite Vysok\u00e9 Tatry<\/a><ul><li><a href=\"https:\/\/regiontatry.sk\/wp-content\/uploads\/2019\/11\/priloha-1_situac\u030cna\u0301-mapka-Kriz\u030cova\u0301-cesta.jpg\" target=\"_blank\" rel=\"noreferrer noopener\" aria-label=\"pr\u00edloha 1 - Situa\u010dn\u00e1 mapka Kri\u017eov\u00e1 cesta (otvor\u00ed sa v novej karte)\" data-rel=\"lightbox-image-0\" data-rl_title=\"\" data-rl_caption=\"\" title=\"\">pr\u00edloha 1 &#8211; Situa\u010dn\u00e1 mapka Kri\u017eov\u00e1 cesta<\/a><\/li><li><a rel=\"noreferrer noopener\" aria-label=\"pr\u00edloha 2 - Cyklotrasy v OO CR Regi\u00f3n Vysok\u00e9 Tatry (otvor\u00ed sa v novej karte)\" href=\"https:\/\/regiontatry.sk\/wp-content\/uploads\/2019\/11\/Sni%CC%81mka-obrazovky-2019-11-11-o-10.46.51.png\" target=\"_blank\" data-rel=\"lightbox-image-1\" data-rl_title=\"\" data-rl_caption=\"\" title=\"\">pr\u00edloha 2 &#8211; Cyklotrasy v OO CR Regi\u00f3n Vysok\u00e9 Tatry<\/a><\/li><\/ul><\/li><li><a rel=\"noreferrer noopener\" aria-label=\"Koncertn\u00e9 vyst\u00fapenie spev\u00e1ka Va\u0161a Patejdla so skupinou\u00a0 v\u00a0r\u00e1mci festivalu Made in Slovakia (otvor\u00ed sa v novej karte)\" href=\"https:\/\/regiontatry.sk\/wp-content\/uploads\/2019\/11\/Vy\u0301zva_PHZ_na_koncert_Vaso_-Patejdl.pdf\" target=\"_blank\">Koncertn\u00e9 vyst\u00fapenie spev\u00e1ka Va\u0161a Patejdla so skupinou\u00a0 v\u00a0r\u00e1mci festivalu Made in Slovakia<\/a><\/li><li><a rel=\"noreferrer noopener\" aria-label=\"Koncertn\u00e9 vyst\u00fapenia v\u00a0r\u00e1mci s\u00e9rie podujat\u00ed Tatransk\u00e9 kult\u00farne leto 2019 (otvor\u00ed sa v novej karte)\" href=\"https:\/\/regiontatry.sk\/wp-content\/uploads\/2019\/11\/Vy\u0301zva_PHZ_na_vybrane\u0301-koncerty-TKL.pdf\" target=\"_blank\">Koncertn\u00e9 vyst\u00fapenia v\u00a0r\u00e1mci s\u00e9rie podujat\u00ed Tatransk\u00e9 kult\u00farne leto 2019<\/a><\/li><li><a rel=\"noreferrer noopener\" aria-label=\"Zabezpe\u010denie programu k\u00a0otvoreniu letnej sez\u00f3ny na podujatie MEGAOTV\u00c1RA\u010cKA (otvor\u00ed sa v novej karte)\" href=\"https:\/\/regiontatry.sk\/wp-content\/uploads\/2019\/11\/vy\u0301zva-na-PHZ-megaotvaracka.pdf\" target=\"_blank\">Zabezpe\u010denie programu k\u00a0otvoreniu letnej sez\u00f3ny na podujatie MEGAOTV\u00c1RA\u010cKA<\/a><\/li><li><a rel=\"noreferrer noopener\" aria-label=\"Oprava a\u00a0doplnenie uv\u00edtac\u00edch tab\u00fa\u013e, erbov, vr\u00e1tane obnovy n\u00e1terov (otvor\u00ed sa v novej karte)\" href=\"https:\/\/regiontatry.sk\/wp-content\/uploads\/2019\/11\/Z\u030ciadost\u030c-o-predloz\u030cenie-cenovy\u0301ch-ponu\u0301k_uvitacie-tabule-VT.pdf\" target=\"_blank\">Oprava a\u00a0doplnenie uv\u00edtac\u00edch tab\u00fa\u013e, erbov, vr\u00e1tane obnovy n\u00e1terov<\/a><ul><li><a rel=\"noreferrer noopener\" aria-label=\"pr\u00edloha - \u0160pecifik\u00e1cia (otvor\u00ed sa v novej karte)\" href=\"https:\/\/regiontatry.sk\/wp-content\/uploads\/2019\/11\/Priloha-1-s\u030cpecifikacia-2.pdf\" target=\"_blank\">pr\u00edloha &#8211; \u0160pecifik\u00e1cia<\/a><\/li><\/ul><\/li><li><a rel=\"noreferrer noopener\" aria-label=\"V\u00fdvoj a\u00a0prev\u00e1dzka platformy virtu\u00e1lne \u0160trbsk\u00e9 Pleso (otvor\u00ed sa v novej karte)\" href=\"https:\/\/regiontatry.sk\/wp-content\/uploads\/2019\/11\/vy\u0301zva-na-PHZ-virtua\u0301lne-S\u030ctrbske\u0301-Pleso.pdf\" target=\"_blank\">V\u00fdvoj a\u00a0prev\u00e1dzka platformy virtu\u00e1lne \u0160trbsk\u00e9 Pleso<\/a><\/li><li><a rel=\"noreferrer noopener\" aria-label=\"Zabezpe\u010denie programu k\u00a0ukon\u010deniu letnej sez\u00f3ny na podujatie MEGAZATV\u00c1RA\u010cKA (otvor\u00ed sa v novej karte)\" href=\"https:\/\/regiontatry.sk\/wp-content\/uploads\/2019\/11\/vy\u0301zva-na-PHZ-megazatvaracka.pdf\" target=\"_blank\">Zabezpe\u010denie programu k\u00a0ukon\u010deniu letnej sez\u00f3ny na podujatie MEGAZATV\u00c1RA\u010cKA<\/a><\/li><li><a rel=\"noreferrer noopener\" aria-label=\"Organiza\u010dno - technick\u00e9 zabezpe\u010denie podujatia SVI\u0160TE NA PLESE d\u0148a 24.08.2019 (otvor\u00ed sa v novej karte)\" href=\"https:\/\/regiontatry.sk\/wp-content\/uploads\/2019\/11\/vy\u0301zva-na-PHZ-svis\u030cte-na-plese.pdf\" target=\"_blank\">Organiza\u010dno &#8211; technick\u00e9 zabezpe\u010denie podujatia SVI\u0160TE NA PLESE d\u0148a 24.08.2019<\/a><\/li><li><a rel=\"noreferrer noopener\" aria-label=\"Festival zdravia, pr\u00edrody a\u00a0regener\u00e1cie 2019 (otvor\u00ed sa v novej karte)\" href=\"https:\/\/regiontatry.sk\/wp-content\/uploads\/2019\/11\/vy\u0301zva-na-PHZ-Festival-zdravia-pri\u0301rody-a-regenera\u0301cie.pdf\" target=\"_blank\">Festival zdravia, pr\u00edrody a\u00a0regener\u00e1cie 2019<\/a><\/li><li><a rel=\"noreferrer noopener\" aria-label=\"Marketingov\u00e1 kampa\u0148 \u0160kandin\u00e1via (otvor\u00ed sa v novej karte)\" href=\"https:\/\/regiontatry.sk\/wp-content\/uploads\/2019\/11\/Request-for-quote_Scandinavia-2019-2020-002.pdf\" target=\"_blank\">Marketingov\u00e1 kampa\u0148 \u0160kandin\u00e1via<\/a><\/li><li><a rel=\"noreferrer noopener\" aria-label=\"Reklamn\u00e9 a\u00a0dar\u010dekov\u00e9 predmety Regi\u00f3nu Vysok\u00e9 Tatry (otvor\u00ed sa v novej karte)\" href=\"https:\/\/regiontatry.sk\/wp-content\/uploads\/2019\/11\/Z\u030ciadost\u030c-o-predloz\u030cenie-cenovy\u0301ch-ponu\u0301k_rekl-predmety-VT.pdf\" target=\"_blank\">Reklamn\u00e9 a\u00a0dar\u010dekov\u00e9 predmety Regi\u00f3nu Vysok\u00e9 Tatry<\/a><\/li><li><a rel=\"noreferrer noopener\" aria-label=\"Zabezpe\u010denie a podpora prepravy n\u00e1v\u0161tevn\u00edkov do stred\u00edsk CR v regi\u00f3ne Vysok\u00e9 Tatry 2019\/2020 (otvor\u00ed sa v novej karte)\" href=\"https:\/\/regiontatry.sk\/de\/zabezpecenie-a-podpora-prepravy-navstevnikov-do-stredisk-cr-v-regione-vysoke-tatry-2019-2020\/\" target=\"_blank\">Zabezpe\u010denie a podpora prepravy n\u00e1v\u0161tevn\u00edkov do stred\u00edsk CR v regi\u00f3ne Vysok\u00e9 Tatry 2019\/2020<\/a><\/li><\/ul>\n\n\n\n<p><\/p>\n","protected":false},"excerpt":{"rendered":"<p>ROK 2019 Technick\u00e9 zabezpe\u010denie podujatia TATRY ICE MASTER\u00a0 2019 Reklamn\u00e1 kampa\u0148 na po\u013eskom trhu Organiza\u010dn\u00e9 zabezpe\u010denie TATRY ICE MASTER Reklamn\u00e1 internetov\u00e1 kampa\u0148 \u2013 e-mail marketing Internetov\u00e1 on-line PPC\u00a0a\u00a0Google kampa\u0148 Zabezpe\u010denie v\u00edkendov\u00fdch anima\u010dn\u00fdch programov, anim\u00e1ci\u00ed na t\u00e9matick\u00fdch podujatiach a\u00a0denn\u00e9ho letn\u00e9ho t\u00e1bora pre n\u00e1v\u0161tevn\u00edkov regi\u00f3nu v\u00a0aquaparku CARPATHIAN COURIERS RACE, term\u00edn 3.-4.5.2019, Poprad Zabezpe\u010denie medail\u00ed a\u00a0trofej\u00ed na vybran\u00fa [&hellip;]<\/p>\n","protected":false},"author":2,"featured_media":21432,"parent":21582,"menu_order":0,"comment_status":"closed","ping_status":"closed","template":"template-simple-page.php","meta":{"footnotes":""},"class_list":["post-21436","page","type-page","status-publish","has-post-thumbnail","hentry"],"_links":{"self":[{"href":"https:\/\/regiontatry.sk\/de\/wp-json\/wp\/v2\/pages\/21436"}],"collection":[{"href":"https:\/\/regiontatry.sk\/de\/wp-json\/wp\/v2\/pages"}],"about":[{"href":"https:\/\/regiontatry.sk\/de\/wp-json\/wp\/v2\/types\/page"}],"author":[{"embeddable":true,"href":"https:\/\/regiontatry.sk\/de\/wp-json\/wp\/v2\/users\/2"}],"replies":[{"embeddable":true,"href":"https:\/\/regiontatry.sk\/de\/wp-json\/wp\/v2\/comments?post=21436"}],"version-history":[{"count":0,"href":"https:\/\/regiontatry.sk\/de\/wp-json\/wp\/v2\/pages\/21436\/revisions"}],"up":[{"embeddable":true,"href":"https:\/\/regiontatry.sk\/de\/wp-json\/wp\/v2\/pages\/21582"}],"wp:featuredmedia":[{"embeddable":true,"href":"https:\/\/regiontatry.sk\/de\/wp-json\/wp\/v2\/media\/21432"}],"wp:attachment":[{"href":"https:\/\/regiontatry.sk\/de\/wp-json\/wp\/v2\/media?parent=21436"}],"curies":[{"name":"wp","href":"https:\/\/api.w.org\/{rel}","templated":true}]}}