{"id":21440,"date":"2019-04-25T11:41:40","date_gmt":"2019-04-25T09:41:40","guid":{"rendered":"https:\/\/regiontatry.sk\/vyzvy-na-predkladanie-cenovych-ponuk-rok-2017\/"},"modified":"2019-04-25T11:41:40","modified_gmt":"2019-04-25T09:41:40","slug":"vyzvy-na-predkladanie-cenovych-ponuk-rok-2017","status":"publish","type":"page","link":"https:\/\/regiontatry.sk\/de\/offenlegungspflicht\/vyzvy-na-predkladanie-cenovych-ponuk-rok-2017\/","title":{"rendered":"V\u00fdzvy na predkladanie cenov\u00fdch pon\u00fak"},"content":{"rendered":"\n<h2 class=\"wp-block-heading\"><strong>ROK 2017<\/strong><br><br><\/h2>\n\n\n\n<ul class=\"wp-block-list\"><li><a rel=\"noreferrer noopener\" aria-label=\"Celoro\u010dn\u00e1 \u00fadr\u017eba chodn\u00edka okolo jazera \u0160trbsk\u00e9 pleso (otvor\u00ed sa v novej karte)\" href=\"https:\/\/regiontatry.sk\/wp-content\/uploads\/2019\/04\/vyzva_udrzba-chodnika-okolo-jazera-S\u030cP-2017.pdf\" target=\"_blank\">Celoro\u010dn\u00e1 \u00fadr\u017eba chodn\u00edka okolo jazera \u0160trbsk\u00e9 pleso<\/a><\/li><li><a rel=\"noreferrer noopener\" aria-label=\"\u00dadr\u017eba miestnych komunik\u00e1ci\u00ed, chodn\u00edkov a verejn\u00fdch priestranstiev na \u0160trbskom Plese - v pr\u00edlohe (otvor\u00ed sa v novej karte)\" href=\"https:\/\/regiontatry.sk\/wp-content\/uploads\/2019\/04\/vyzva_udrzba-komunikacii-S\u030cP-2017.pdf\" target=\"_blank\">\u00dadr\u017eba miestnych komunik\u00e1ci\u00ed, chodn\u00edkov a verejn\u00fdch priestranstiev na \u0160trbskom Plese<\/a><\/li><li><a rel=\"noreferrer noopener\" aria-label=\"V\u00fdroba a tla\u010d obchodn\u00fdch reklamn\u00fdch materi\u00e1lov pre produktov\u00fa l\u00edniu AQUAPARK - v pr\u00edlohe (otvor\u00ed sa v novej karte)\" href=\"https:\/\/regiontatry.sk\/wp-content\/uploads\/2019\/04\/vyzva_tlac-produkt-linie-AQP-2017.pdf\" target=\"_blank\">V\u00fdroba a tla\u010d obchodn\u00fdch reklamn\u00fdch materi\u00e1lov pre produktov\u00fa l\u00edniu AQUAPARK<\/a><\/li><li><a rel=\"noreferrer noopener\" aria-label=\"Podujatie CITY TRAIL \u2013 06.05.2017 \u2013 Smokovce (otvor\u00ed sa v novej karte)\" href=\"https:\/\/regiontatry.sk\/wp-content\/uploads\/2019\/04\/Z\u030ciadost\u030c-o-predloz\u030cenie-cenovy\u0301ch-ponu\u0301k_City-trail.pdf\" target=\"_blank\">Podujatie CITY TRAIL \u2013 06.05.2017 \u2013 Smokovce<\/a><\/li><li><a rel=\"noreferrer noopener\" aria-label=\"Pravideln\u00e1 letn\u00e1 \u00fadr\u017eba kvetinovej v\u00fdzdoby na \u0160trbskom Plese (otvor\u00ed sa v novej karte)\" href=\"https:\/\/regiontatry.sk\/wp-content\/uploads\/2019\/04\/vyzva_letna-udrzba-kvetov-S\u030cP-2017.pdf\" target=\"_blank\">Pravideln\u00e1 letn\u00e1 \u00fadr\u017eba kvetinovej v\u00fdzdoby na \u0160trbskom Plese<\/a><\/li><li><a rel=\"noreferrer noopener\" aria-label=\"Podujatie \u2013 Tatransk\u00fd de\u0148 det\u00ed \u2013 3.6.2017 \u0160trbsk\u00e9 Pleso (otvor\u00ed sa v novej karte)\" href=\"https:\/\/regiontatry.sk\/wp-content\/uploads\/2019\/04\/Z\u030ciadost\u030c-o-predloz\u030cenie-cenovy\u0301ch-ponu\u0301k_Tatransky\u0301-den\u030c-deti\u0301_03062017-1.pdf\" target=\"_blank\">Podujatie \u2013 Tatransk\u00fd de\u0148 det\u00ed \u2013 3.6.2017 \u0160trbsk\u00e9 Pleso<\/a><\/li><li><a href=\"https:\/\/regiontatry.sk\/wp-content\/uploads\/2019\/04\/Z\u030ciadost\u030c-o-predloz\u030cenie-cenovy\u0301ch-ponu\u0301k_Peter-Nagy_17062017.pdf\" target=\"_blank\" rel=\"noreferrer noopener\" aria-label=\"Podujatie \u2013 Otvorenie letnej turistickej sez\u00f3ny 2017  - 17.6.2017 Poprad \u2013 Spi\u0161sk\u00e1 Sobota (otvor\u00ed sa v novej karte)\">Podujatie \u2013 Otvorenie letnej turistickej sez\u00f3ny 2017  &#8211; 17.6.2017 Poprad \u2013 Spi\u0161sk\u00e1 Sobota<\/a><\/li><li><a rel=\"noopener\" href=\"\/wp-content\/uploads\/2018\/10\/vyzva_oprava-schodov-k-oz-1.pdf\" target=\"_blank\">Oprava schodov k ozubnicovej \u017eeleznici Tatransk\u00e1 \u0160trba \u2013 \u0160trbsk\u00e9 Pleso<\/a><\/li><li><a rel=\"noopener\" href=\"\/wp-content\/uploads\/2018\/10\/vyzva_projektova-dokumentacia-vt-1.pdf\" target=\"_blank\">Vypracovanie projektovej dokument\u00e1cie stavby pre vydanie \u00fazemn\u00e9ho rozhodnutia a projektovej dokument\u00e1cie pre stavebn\u00e9 povolenie na stavbu \u201eN\u00e1mestie pod lanovkou v Tatranskej Lomnici<\/a><\/li><li><a rel=\"noopener\" href=\"\/wp-content\/uploads\/2018\/10\/vyzva_tlac-letnych-materialov-2017-1.pdf\" target=\"_blank\">Tla\u010d letn\u00fdch propaga\u010dn\u00fdch materi\u00e1lov<\/a><\/li><li><a rel=\"noopener\" href=\"\/wp-content\/uploads\/2018\/10\/vyzva_projektova-cyklomagistrala-vt-1.pdf\" target=\"_blank\">Cyklo-ly\u017eiarska magistr\u00e1la \u0160trbsk\u00e9 Pleso \u2013 Tatransk\u00e1 Lomnica \u2013 \u010das\u0165 Star\u00fd Smokovec \u2013 Tatransk\u00e1 Lomnica \u2013 projektov\u00e1 dokument\u00e1cia stavby pre vydanie \u00fazemn\u00e9ho rozhodnutia<\/a><\/li><li><a rel=\"noopener\" href=\"\/wp-content\/uploads\/2018\/10\/vyzva_animacne-programy-2017-1.pdf\" target=\"_blank\">Zabezpe\u010denie letn\u00e9ho a v\u00edkendov\u00e9ho anima\u010dn\u00e9ho programu<\/a><\/li><li><a rel=\"noopener\" href=\"\/wp-content\/uploads\/2018\/10\/vyzva_oprava-cesty-k-poste-a-chodnika-k-oz-1.pdf\" target=\"_blank\">Oprava komunik\u00e1cie k po\u0161te a chodn\u00edka k Ozubnicovej \u017eeleznici na \u0160trbskom Plese<\/a><\/li><li><a rel=\"noopener\" href=\"\/wp-content\/uploads\/2018\/10\/vyzva_oprava-telocvicne-tatr-strba-1.pdf\" target=\"_blank\">Oprava telocvi\u010dne Tatransk\u00e1 \u0160trba<\/a><\/li><li><a rel=\"noreferrer noopener\" aria-label=\"Cyklo-ly\u017eiarska magistr\u00e1la \u2013 polohopisn\u00e9 a v\u00fd\u0161kopisn\u00e9 zameranie trasy (otvor\u00ed sa v novej karte)\" href=\"\/wp-content\/uploads\/2018\/10\/vyzva_zameranie-cyklomagistrala-vysoke-tatry.pdf\" target=\"_blank\">Cyklo-ly\u017eiarska magistr\u00e1la \u2013 polohopisn\u00e9 a v\u00fd\u0161kopisn\u00e9 zameranie trasy<\/a><\/li><li><a rel=\"noreferrer noopener\" aria-label=\"Oprava oplotenia multifunk\u010dn\u00fdch ihr\u00edsk \u2013 ihrisko Z\u0160 Tatransk\u00e1 Lomnica, ihrisko pri Z\u0160 Doln\u00fd Smokovec, ihrisko v Novom Smokovci - v pr\u00edlohe (otvor\u00ed sa v novej karte)\" href=\"https:\/\/regiontatry.sk\/wp-content\/uploads\/2019\/04\/Vyzva_multifunkcne-ihriska-VT-oplotenie.pdf\" target=\"_blank\">Oprava oplotenia multifunk\u010dn\u00fdch ihr\u00edsk \u2013 ihrisko Z\u0160 Tatransk\u00e1 Lomnica, ihrisko pri Z\u0160 Doln\u00fd Smokovec, ihrisko v Novom Smokovci<\/a><\/li><li><a rel=\"noreferrer noopener\" aria-label=\"Zimn\u00e1 \u00fadr\u017eba ihr\u00edsk v majetku mesta Vysok\u00e9 Tatry  \u2013 ihrisko Z\u0160 Tatransk\u00e1 Lomnica, ihrisko pri Z\u0160 a M\u0160 Doln\u00fd Smokovec, \u0161portov\u00e9 ihrisko v Novom Smokovci (otvor\u00ed sa v novej karte)\" href=\"https:\/\/regiontatry.sk\/wp-content\/uploads\/2019\/04\/Vyzva_zimna\u0301-u\u0301drz\u030cba-ihri\u0301sk-VT-1.pdf\" target=\"_blank\">Zimn\u00e1 \u00fadr\u017eba ihr\u00edsk v majetku mesta Vysok\u00e9 Tatry  \u2013 ihrisko Z\u0160 Tatransk\u00e1 Lomnica, ihrisko pri Z\u0160 a M\u0160 Doln\u00fd Smokovec, \u0161portov\u00e9 ihrisko v Novom Smokovci<\/a><\/li><li><a rel=\"noreferrer noopener\" aria-label=\"Zimn\u00e1 \u00fadr\u017eba ly\u017eiarskych be\u017eeck\u00fdch trat\u00ed na \u0160trbskom Plese - v pr\u00edlohe (otvor\u00ed sa v novej karte)\" href=\"https:\/\/regiontatry.sk\/wp-content\/uploads\/2019\/04\/vyzva_uprava-bez\u030ceckych-trati-S\u030cP-1.pdf\" target=\"_blank\">Zimn\u00e1 \u00fadr\u017eba ly\u017eiarskych be\u017eeck\u00fdch trat\u00ed na \u0160trbskom Plese<\/a><\/li><li><a rel=\"noreferrer noopener\" aria-label=\"Moderniz\u00e1cia a revitaliz\u00e1cia \u0161portov\u00e9ho are\u00e1lu na \u0160trbskom Plese \u2013 oprava pr\u00edstupovej cesty (otvor\u00ed sa v novej karte)\" href=\"https:\/\/regiontatry.sk\/wp-content\/uploads\/2019\/04\/vyzva_oprava-cesty-k-s\u030cport-area\u0301lu-S\u030cP.pdf\" target=\"_blank\">Moderniz\u00e1cia a revitaliz\u00e1cia \u0161portov\u00e9ho are\u00e1lu na \u0160trbskom Plese \u2013 oprava pr\u00edstupovej cesty<\/a><\/li><li><a rel=\"noreferrer noopener\" aria-label=\"\u00daprava ly\u017eiarskych be\u017eeck\u00fdch trat\u00ed na \u00fazem\u00ed mesta Vysok\u00e9 Tatry v sez\u00f3ne 2017\/2018 (otvor\u00ed sa v novej karte)\" href=\"https:\/\/regiontatry.sk\/wp-content\/uploads\/2019\/04\/vyzva_uprava-bez\u030ceckych-trati-mesto-VT-1.pdf\" target=\"_blank\">\u00daprava ly\u017eiarskych be\u017eeck\u00fdch trat\u00ed na \u00fazem\u00ed mesta Vysok\u00e9 Tatry v sez\u00f3ne 2017\/2018<\/a><\/li><li><a rel=\"noreferrer noopener\" aria-label=\"Strategick\u00e9 smerovanie Regi\u00f3nu Vysok\u00e9 Tatry  (otvor\u00ed sa v novej karte)\" href=\"https:\/\/regiontatry.sk\/wp-content\/uploads\/2019\/04\/Vyzva_strategicke-smerovanie-RVT.pdf\" target=\"_blank\">Strategick\u00e9 smerovanie Regi\u00f3nu Vysok\u00e9 Tatry <\/a><\/li><\/ul>\n","protected":false},"excerpt":{"rendered":"<p>ROK 2017 Celoro\u010dn\u00e1 \u00fadr\u017eba chodn\u00edka okolo jazera \u0160trbsk\u00e9 pleso \u00dadr\u017eba miestnych komunik\u00e1ci\u00ed, chodn\u00edkov a verejn\u00fdch priestranstiev na \u0160trbskom Plese V\u00fdroba a tla\u010d obchodn\u00fdch reklamn\u00fdch materi\u00e1lov pre produktov\u00fa l\u00edniu AQUAPARK Podujatie CITY TRAIL \u2013 06.05.2017 \u2013 Smokovce Pravideln\u00e1 letn\u00e1 \u00fadr\u017eba kvetinovej v\u00fdzdoby na \u0160trbskom Plese Podujatie \u2013 Tatransk\u00fd de\u0148 det\u00ed \u2013 3.6.2017 \u0160trbsk\u00e9 Pleso Podujatie \u2013 [&hellip;]<\/p>\n","protected":false},"author":2,"featured_media":21432,"parent":21582,"menu_order":0,"comment_status":"closed","ping_status":"closed","template":"template-simple-page.php","meta":{"footnotes":""},"class_list":["post-21440","page","type-page","status-publish","has-post-thumbnail","hentry"],"_links":{"self":[{"href":"https:\/\/regiontatry.sk\/de\/wp-json\/wp\/v2\/pages\/21440"}],"collection":[{"href":"https:\/\/regiontatry.sk\/de\/wp-json\/wp\/v2\/pages"}],"about":[{"href":"https:\/\/regiontatry.sk\/de\/wp-json\/wp\/v2\/types\/page"}],"author":[{"embeddable":true,"href":"https:\/\/regiontatry.sk\/de\/wp-json\/wp\/v2\/users\/2"}],"replies":[{"embeddable":true,"href":"https:\/\/regiontatry.sk\/de\/wp-json\/wp\/v2\/comments?post=21440"}],"version-history":[{"count":0,"href":"https:\/\/regiontatry.sk\/de\/wp-json\/wp\/v2\/pages\/21440\/revisions"}],"up":[{"embeddable":true,"href":"https:\/\/regiontatry.sk\/de\/wp-json\/wp\/v2\/pages\/21582"}],"wp:featuredmedia":[{"embeddable":true,"href":"https:\/\/regiontatry.sk\/de\/wp-json\/wp\/v2\/media\/21432"}],"wp:attachment":[{"href":"https:\/\/regiontatry.sk\/de\/wp-json\/wp\/v2\/media?parent=21440"}],"curies":[{"name":"wp","href":"https:\/\/api.w.org\/{rel}","templated":true}]}}