{"id":7977523,"date":"2018-10-03T09:59:14","date_gmt":"2018-10-03T07:59:14","guid":{"rendered":"https:\/\/regiontatry.sk\/poistenie-na-horach\/"},"modified":"2022-04-26T15:20:10","modified_gmt":"2022-04-26T13:20:10","slug":"biztositas-a-hegyekben","status":"publish","type":"page","link":"https:\/\/regiontatry.sk\/hu\/turisztikai-informaciok\/biztositas-a-hegyekben\/","title":{"rendered":"Biztos\u00edt\u00e1s a hegyekben"},"content":{"rendered":"\n<h4 class=\"wp-block-heading\">A hegyekbe biztons\u00e1gosan hegyi biztos\u00edt\u00e1ssal. <\/h4>\n\n\n\n<p>Induljon el kaland ut\u00e1n t\u00far\u00e1ra Magas T\u00e1tr\u00e1bahegyi biztos\u00edt\u00e1ssal, legyen ak\u00e1r \u00fcd\u00fcl\u0151 turista, hegym\u00e1sz\u00f3, skialpinista vagy adrenalin sportol\u00f3. <\/p>\n\n\n\n<p>J\u00f3l v\u00e1lasztott <strong>hegyi biztos\u00edt\u00e1ssal<\/strong>a t\u00far\u00e1n semmi sem lepheti meg. K\u00f6ss\u00f6n biztos\u00edt\u00e1st a hegyekre\u00e9s v\u00e9dje mag\u00e1t a v\u00e1ratlan esem\u00e9nyek \u00e9s s\u00e9r\u00fcl\u00e9sek el\u0151l.<\/p>\n\n\n\n<p>A biztos\u00edt\u00f3k a hegyi biztos\u00edt\u00e1st 2 kateg\u00f3ri\u00e1ra osztj\u00e1k:<\/p>\n\n\n\n<ul class=\"wp-block-list\"><li><strong>alap<\/strong> (\u00e1ltal\u00e1nos turista, jel\u00f6lt \u00f6sv\u00e9nyeken val\u00f3 mozg\u00e1s)\u00a0<\/li><li><strong>extr\u00e9m <\/strong>(hegym\u00e1sz\u00e1s, skialpinizmus vagy egy\u00e9b adrenalin sportok).<\/li><\/ul>\n\n\n\n<p>A hegyi k\u00f6rnyezetben ak\u00e1r kicsi baleset is nagyon dr\u00e1ga lehet. A klasszikus k\u00f6zeg\u00e9szs\u00e9g\u00fcgyi vagy utaz\u00e1si biztos\u00edt\u00e1sugyanis a Hegyi ment\u0151szolg\u00e1lat ment\u0151tev\u00e9kenys\u00e9g\u00e9vel vagy nyomoz\u00e1s\u00e1val kapcsolatos k\u00f6lts\u00e9geit nem fedi. Az \u00fan. technikai beavatkoz\u00e1st (hord\u00e1gysz\u00e1ll\u00edt\u00e1s, nyomoz\u00e1s, rep\u00fcl\u0151technika) a hegyi k\u00f6rnyezetben tart\u00f3zkod\u00f3 szem\u00e9ly k\u00f6teles megfizetni. Ez a k\u00f6telezetts\u00e9g nem vonatkozik a nem nagykor\u00fa term\u00e9szetes szem\u00e9lyekre \u2013 gyerekek, illetve jogi m\u0171veletekre nem cselekv\u0151k\u00e9pes term\u00e9szetes szem\u00e9lyek.<br><br><\/p>\n\n\n\n<h3 class=\"wp-block-heading\"><strong>TIPPEK BIZTOS\u00cdT\u00c1SRA<\/strong><\/h3>\n\n\n\n<p>2020.06.01.-t\u0151l a <strong>Magas T\u00e1tra V\u00e1ros ter\u00fclet\u00e9n elsz\u00e1ll\u00e1solt<\/strong> \u00e9s az elsz\u00e1ll\u00e1solt szem\u00e9lyek jegyz\u00e9k\u00e9be be\u00edrt minden l\u00e1togat\u00f3, akit\u0151l a sz\u00e1ll\u00e1sad\u00f3t\u00a0beszedt\u00e9k <strong>t\u00f6megesen biztos\u00edtva van a Hegyi ment\u0151szolg\u00e1lat beavatkoz\u00e1s\u00e1ra.<\/strong><br>A Magas T\u00e1tra V\u00e1ros ter\u00fclet\u00e9t a T\u00e1trabarlangligett\u0151l a Popr\u00e1di t\u00f3ig fekv\u0151 t\u00e1trai telep\u00fcl\u00e9sek alkotj\u00e1k. Ne feledjen a sz\u00e1ll\u00e1sad\u00f3j\u00e1n\u00e1l r\u00e1k\u00e9rdezni, be van e jegyezve ad\u00f3fizet\u00e9sre a Magas T\u00e1tra v\u00e1rosban.<strong>\u00a0VIGY\u00c1ZAT! Csorbat\u00f3 nem tartozik a Magas T\u00e1tra v\u00e1rosba.<\/strong><br>Magas T\u00e1tra v\u00e1ros ter\u00fclet\u00e9n elsz\u00e1ll\u00e1solt minden l\u00e1togat\u00f3, aki megfizette a helyi ad\u00f3tbiztos\u00edtva van a Hegyi ment\u0151szolg\u00e1lat beavatkoz\u00e1s\u00e1ra.<\/p>\n\n\n\n<p>GENERALI hegyi biztos\u00edt\u00e1st <a rel=\"noreferrer noopener\" aria-label=\"a T\u00e1trai inform\u00e1ci\u00f3s irod\u00e1kban (otvor\u00ed sa v novej karte)\" href=\"https:\/\/regiontatry.sk\/turisticke-informacie\/turisticke-informacne-centra\/\" target=\"_blank\">a T\u00e1trai inform\u00e1ci\u00f3s irod\u00e1kban<\/a> is be lehet szerezni.<br>L\u00e1togasson be a <strong>T\u00e1trai inform\u00e1ci\u00f3s irod\u00e1ba\u00a0\u00d3t\u00e1traf\u00fcredben\u00e9s T\u00e1tralomnicban vagy TIC Csorbat\u00f3n, <\/strong>ahol a munkat\u00e1rsak tan\u00e1csot adnak, milyen hegyi biztos\u00edt\u00e1s a legel\u0151ny\u00f6sebb \u00d6n sz\u00e1m\u00e1ra. Biztos\u00edt\u00e1st konkr\u00e9t napsz\u00e1mra vagy eg\u00e9sz \u00e9vre k\u00f6thet.<\/p>\n\n\n\n<p>Biztos\u00edt\u00e1st k\u00f6zvetlen\u00fcl otthona k\u00e9nyelm\u00e9b\u0151l is k\u00f6thet online az egyes biztos\u00edt\u00f3kn\u00e1l, pl. (klikk az egyes biztos\u00edt\u00f3kra)<\/p>\n\n\n\n<ul class=\"wp-block-list\"><li><a rel=\"noreferrer noopener\" aria-label=\"UNION (otvor\u00ed sa v novej karte)\" href=\"https:\/\/www.union.sk\/\" target=\"_blank\">UNION<\/a> <\/li><li><a rel=\"noreferrer noopener\" aria-label=\"GENERALI (otvor\u00ed sa v novej karte)\" href=\"https:\/\/www.generali.sk\/\" target=\"_blank\">GENERALI<\/a> <\/li><li><a rel=\"noreferrer noopener\" aria-label=\"\u010cSOB - \u010ceskoslovensk\u00e1 obchodn\u00e1 banka, a.s. (otvor\u00ed sa v novej karte)\" href=\"https:\/\/www.csob.sk\/\" target=\"_blank\">\u010cSOB &#8211; \u010ceskoslovensk\u00e1 obchodn\u00e1 banka, a.s.<\/a><\/li><li><a rel=\"noreferrer noopener\" aria-label=\"ALLIANZ \u2013 Slovensk\u00e1 pois\u0165ov\u0148a (otvor\u00ed sa v novej karte)\" href=\"https:\/\/www.allianz.sk\/\" target=\"_blank\">ALLIANZ \u2013 Slovensk\u00e1 pois\u0165ov\u0148a<\/a> <\/li><li><a rel=\"noreferrer noopener\" aria-label=\"Poistenie.sk (otvor\u00ed sa v novej karte)\" href=\"https:\/\/www.poistenie.sk\/\" target=\"_blank\">Poistenie.sk<\/a><\/li><li><a rel=\"noreferrer noopener\" aria-label=\"Alpenverein Slovensko (otvor\u00ed sa v novej karte)\" href=\"https:\/\/alpenverein-slovensko.sk\/\" target=\"_blank\">Alpenverein Slovensko<\/a><\/li><\/ul>\n\n\n\n<p class=\"has-text-color has-vivid-red-color\">Hegyekben a biztons\u00e1g els\u0151rend\u0171, teh\u00e1t ne gondolkodjon \u00e9s k\u00f6ss\u00f6n hegyi biztos\u00edt\u00e1st a hegyekbe.<\/p>\n\n\n\n<div class=\"wp-block-image\"><figure class=\"alignright\"><img loading=\"lazy\" decoding=\"async\" width=\"225\" height=\"225\" src=\"https:\/\/regiontatry.sk\/wp-content\/uploads\/2022\/03\/HZS.jpeg\" alt=\"\" class=\"wp-image-7671062\" srcset=\"https:\/\/regiontatry.sk\/wp-content\/uploads\/2022\/03\/HZS.jpeg 225w, https:\/\/regiontatry.sk\/wp-content\/uploads\/2022\/03\/HZS-150x150.jpeg 150w\" sizes=\"(max-width: 225px) 100vw, 225px\" \/><\/figure><\/div>\n\n\n\n<h3 class=\"wp-block-heading\" style=\"text-align:left\"><strong>Ne feledje, baleset eset\u00e9ben a hegyi k\u00f6rnyezetben h\u00edvja a 18\u00a0300 sz\u00e1mot. Haszn\u00e1lhatja a HMSZ alkalmaz\u00e1s\u00e1t is,amely a helymeghat\u00e1roz\u00e1s\u00e1ban isseg\u00edt.<\/strong><\/h3>\n\n\n\n<h2 class=\"wp-block-heading\" style=\"text-align:left\"><a href=\"https:\/\/www.hzs.sk\/\" target=\"_blank\" rel=\"noreferrer noopener\" aria-label=\"www.hzs.sk (otvor\u00ed sa v novej karte)\">www.hzs.sk<\/a> | <a rel=\"noreferrer noopener\" aria-label=\"www.laviny.sk (otvor\u00ed sa v novej karte)\" href=\"https:\/\/www.laviny.sk\/\" target=\"_blank\">www.laviny.sk<\/a> | Ties\u0148ov\u00e1 linka HZS: <strong>18 300<\/strong><br><br><\/h2>\n\n\n\n<p><a rel=\"noreferrer noopener\" aria-label=\"Mobiln\u00e1 aplik\u00e1cia HORSK\u00c1 Z\u00c1CHRANN\u00c1 SLU\u017dBA (otvor\u00ed sa v novej karte)\" href=\"https:\/\/app.hzs.sk\/\" target=\"_blank\"><strong>Mobiln\u00e1 aplik\u00e1cia HORSK\u00c1 Z\u00c1CHRANN\u00c1 SLU\u017dBA<\/strong><\/a><\/p>\n\n\n\n<ul class=\"wp-block-list\"><li>&#8211; aktu\u00e1lne inform\u00e1cie o podmienkach na hor\u00e1ch st\u00e1le so sebou<\/li><li>&#8211; v pr\u00edpade \u0165a\u017ekost\u00ed k v\u00e1m privol\u00e1 pomoc<br><br><\/li><\/ul>\n","protected":false},"excerpt":{"rendered":"<p>A hegyekbe biztons\u00e1gosan hegyi biztos\u00edt\u00e1ssal. Induljon el kaland ut\u00e1n t\u00far\u00e1ra Magas T\u00e1tr\u00e1bahegyi biztos\u00edt\u00e1ssal, legyen ak\u00e1r \u00fcd\u00fcl\u0151 turista, hegym\u00e1sz\u00f3, skialpinista vagy adrenalin sportol\u00f3. J\u00f3l v\u00e1lasztott hegyi biztos\u00edt\u00e1ssala t\u00far\u00e1n semmi sem lepheti meg. K\u00f6ss\u00f6n biztos\u00edt\u00e1st a hegyekre\u00e9s v\u00e9dje mag\u00e1t a v\u00e1ratlan esem\u00e9nyek \u00e9s s\u00e9r\u00fcl\u00e9sek el\u0151l. A biztos\u00edt\u00f3k a hegyi biztos\u00edt\u00e1st 2 kateg\u00f3ri\u00e1ra osztj\u00e1k: alap (\u00e1ltal\u00e1nos turista, jel\u00f6lt [&hellip;]<\/p>\n","protected":false},"author":2,"featured_media":7977524,"parent":9096715,"menu_order":0,"comment_status":"closed","ping_status":"closed","template":"template-list.php","meta":{"footnotes":""},"class_list":["post-7977523","page","type-page","status-publish","has-post-thumbnail","hentry"],"_links":{"self":[{"href":"https:\/\/regiontatry.sk\/hu\/wp-json\/wp\/v2\/pages\/7977523"}],"collection":[{"href":"https:\/\/regiontatry.sk\/hu\/wp-json\/wp\/v2\/pages"}],"about":[{"href":"https:\/\/regiontatry.sk\/hu\/wp-json\/wp\/v2\/types\/page"}],"author":[{"embeddable":true,"href":"https:\/\/regiontatry.sk\/hu\/wp-json\/wp\/v2\/users\/2"}],"replies":[{"embeddable":true,"href":"https:\/\/regiontatry.sk\/hu\/wp-json\/wp\/v2\/comments?post=7977523"}],"version-history":[{"count":2,"href":"https:\/\/regiontatry.sk\/hu\/wp-json\/wp\/v2\/pages\/7977523\/revisions"}],"predecessor-version":[{"id":7979009,"href":"https:\/\/regiontatry.sk\/hu\/wp-json\/wp\/v2\/pages\/7977523\/revisions\/7979009"}],"up":[{"embeddable":true,"href":"https:\/\/regiontatry.sk\/hu\/wp-json\/wp\/v2\/pages\/9096715"}],"wp:featuredmedia":[{"embeddable":true,"href":"https:\/\/regiontatry.sk\/hu\/wp-json\/wp\/v2\/media\/7977524"}],"wp:attachment":[{"href":"https:\/\/regiontatry.sk\/hu\/wp-json\/wp\/v2\/media?parent=7977523"}],"curies":[{"name":"wp","href":"https:\/\/api.w.org\/{rel}","templated":true}]}}