{"id":8094224,"date":"2018-07-17T13:10:29","date_gmt":"2018-07-17T11:10:29","guid":{"rendered":"https:\/\/regiontatry.sk\/kerekparozas\/cykloturistika-v-tatrach\/"},"modified":"2025-10-01T22:47:37","modified_gmt":"2025-10-01T20:47:37","slug":"kerekpar-turisztika-tatraban","status":"publish","type":"page","link":"https:\/\/regiontatry.sk\/hu\/kerekparozas\/kerekpar-turisztika-tatraban\/","title":{"rendered":"KER\u00c9KP\u00c1R-TURISZTIKA T\u00c1TR\u00c1BAN"},"content":{"rendered":"\n<p><strong>Ker\u00e9kp\u00e1roz\u00e1s a Magas-T\u00e1tr\u00e1ban \u2013 \u00c9lm\u00e9nyek k\u00e9t ker\u00e9ken<\/strong><\/p>\n\n\n\n<p><strong>\u00c9ljen \u00e1t t\u00f6bb mint 300 km jelzett ker\u00e9kp\u00e1rutat k\u00fcl\u00f6nb\u00f6z\u0151 neh\u00e9zs\u00e9gi szinteken<\/strong> \u2013 a k\u00f6nny\u0171 \u00fatvonalakt\u00f3l, amelyek csal\u00e1doknak \u00e9s kezd\u0151knek ide\u00e1lisak, eg\u00e9szen az adrenalinnal teli hegyi kih\u00edv\u00e1sokig a T\u00e1tra cs\u00facsai alatt, a hegyi \u00e9s orsz\u00e1g\u00fati ker\u00e9kp\u00e1roz\u00e1s szerelmesei \u00e9s a sportol\u00f3k sz\u00e1m\u00e1ra.<\/p>\n\n\n\n<p>Fedezze fel az alf\u00f6ldi s\u00edk szakaszokat, a meredekebb emelked\u0151ket \u00e9s a ker\u00e9kp\u00e1r-f\u0151\u00fatvonalat, amely szinte az eg\u00e9sz Magas-T\u00e1tr\u00e1t k\u00f6rbej\u00e1rja.<\/p>\n\n\n\n<p>A ker\u00e9kp\u00e1rt\u00far\u00e1z\u00e1s kiv\u00e1l\u00f3 lehet\u0151s\u00e9g arra, hogy a sportos mozg\u00e1st k\u00f6zvetlen term\u00e9szeti \u00e9lm\u00e9nnyel kapcsolja \u00f6ssze.<br>Ak\u00e1r szenved\u00e9lyes ker\u00e9kp\u00e1ros, ak\u00e1r csak a term\u00e9szetet szeretn\u00e9 \u00e9lvezni a nyeregben \u00fclve \u2013 a T\u00e1tr\u00e1ban biztosan megtal\u00e1lja az \u00f6nnek megfelel\u0151 \u00fatvonalat. <strong>Induljon el, \u00e9s fedezze fel a T\u00e1tr\u00e1t k\u00e9t ker\u00e9ken!<\/strong><\/p>\n\n\n\n<iframe loading=\"lazy\" src=\"https:\/\/www.youtube.com\/embed\/wLSUy_J_Ls8\" allow=\"autoplay; encrypted-media\" allowfullscreen=\"\" width=\"100%\" height=\"600\" frameborder=\"0\"><\/iframe>\n\n\n\n<h2 class=\"wp-block-heading custom-padding has-vivid-green-cyan-color has-text-color has-link-color wp-elements-abb96b543649afbadf6ed9e5e106953d\"><br>TOP ker\u00e9kp\u00e1r\u00fat Magas T\u00e1tr\u00e1ban<\/h2>\n\n\n<div class=\"wp-block-image\">\n<figure class=\"aligncenter size-full\"><a href=\"https:\/\/regiontatry.sk\/wp-content\/uploads\/2025\/06\/mapa-leto-2025.pdf\" target=\"_blank\" rel=\"noreferrer noopener\"><img loading=\"lazy\" decoding=\"async\" width=\"1128\" height=\"798\" src=\"https:\/\/regiontatry.sk\/wp-content\/uploads\/2025\/06\/cyklomapa-leto-2025-titulka.png\" alt=\"\" class=\"wp-image-10286512\" srcset=\"https:\/\/regiontatry.sk\/wp-content\/uploads\/2025\/06\/cyklomapa-leto-2025-titulka.png 1128w, https:\/\/regiontatry.sk\/wp-content\/uploads\/2025\/06\/cyklomapa-leto-2025-titulka-300x212.png 300w, https:\/\/regiontatry.sk\/wp-content\/uploads\/2025\/06\/cyklomapa-leto-2025-titulka-1024x724.png 1024w, https:\/\/regiontatry.sk\/wp-content\/uploads\/2025\/06\/cyklomapa-leto-2025-titulka-768x543.png 768w, https:\/\/regiontatry.sk\/wp-content\/uploads\/2025\/06\/cyklomapa-leto-2025-titulka-860x608.png 860w, https:\/\/regiontatry.sk\/wp-content\/uploads\/2025\/06\/cyklomapa-leto-2025-titulka-698x494.png 698w, https:\/\/regiontatry.sk\/wp-content\/uploads\/2025\/06\/cyklomapa-leto-2025-titulka-552x391.png 552w\" sizes=\"(max-width: 1128px) 100vw, 1128px\" \/><\/a><\/figure><\/div>\n\n\n<p>A Magas-T\u00e1tra r\u00e9gi\u00f3 \u00f6sszesen 39 jelzett vagy aj\u00e1nlott ker\u00e9kp\u00e1rutat k\u00edn\u00e1l. V\u00e1lassza ki az \u00f6nnek megfelel\u0151 t\u00far\u00e1t a sz\u00ednes jel\u00f6l\u00e9sek seg\u00edts\u00e9g\u00e9vel, amelyek a ker\u00e9kp\u00e1rutakat neh\u00e9zs\u00e9gi szint szerint oszt\u00e1lyozz\u00e1k.<\/p>\n\n\n\n<h3 class=\"wp-block-heading has-vivid-red-color has-text-color has-link-color wp-elements-d2fa9a96e067809dde58fbf443ffbdb4\"><strong>Piros sz\u00ednnel<\/strong><\/h3>\n\n\n\n<p>kiz\u00e1r\u00f3lag a ker\u00e9kp\u00e1r-f\u0151\u00fatvonalakat jel\u00f6lik \u2013 t\u00e1vols\u00e1gi \u00fatvonalakat, amelyek t\u00f6bb j\u00e1r\u00e1son, gyakran m\u00e9g megy\u00e9ken is \u00e1thaladnak. Leggyakrabban foly\u00f3v\u00f6lgyeken vagy hegyi h\u00e1g\u00f3kon vezetnek, a ker\u00e9kp\u00e1rosokat a t\u00e1j leg\u00e9rdekesebb r\u00e9szein kereszt\u00fcl vezetve, mik\u00f6zben a hangs\u00faly az \u00fatvonalak viszonylagos k\u00f6nny\u0171s\u00e9g\u00e9n van.<\/p>\n\n\n\n<ol class=\"wp-block-list\">\n<li><strong>Podtatransk\u00e1 ker\u00e9kp\u00e1r-f\u0151\u00fatvonal<\/strong>: Podbansk\u00e9 telep\u00fcl\u00e9st\u0151l indul, a Szabads\u00e1g \u00faton eg\u00e9szen Tatransk\u00e1 Javorin\u00e1ig vezet.<\/li>\n\n\n\n<li><strong>Popr\u00e1di ker\u00e9kp\u00e1r-f\u0151\u00fatvonal<\/strong>: \n<ul class=\"wp-block-list\">\n<li>A Biely potokt\u00f3l indul\u00f3, 22 km hossz\u00fa szakasz a CM 034 \u00e9s CM 021 jelz\u00e9sen kereszt\u00fcl vezet Popr\u00e1dig. A Biely potokt\u00f3l egy m\u00e1sik ker\u00e9kp\u00e1r\u00fat is indul a CM 008 \u00e9s CM 021 \u00fatvonalon Spi\u0161sk\u00e9 Bystr\u00e9 \u00e9s Hranovnica fel\u00e9. Betlanovce el\u0151tt pedig m\u00e1r a Kassai \u00f6nkorm\u00e1nyzati ker\u00fclet ter\u00fclet\u00e9n folytat\u00f3dik.<\/li>\n<\/ul>\n<\/li>\n<\/ol>\n\n\n\n<figure class=\"wp-block-table is-style-stripes\">\n<table class=\"has-vivid-red-background-color has-background\" style=\"width: 100%;\">\n<thead>\n<tr>\n<th class=\"has-text-align-center\" style=\"width: 7.14286%;\" data-align=\"center\">Sz\u00edn<\/th>\n<th style=\"width: 33.4524%;\">\u00datvonal neve<\/th>\n<th style=\"width: 10.8333%;\">Hossz<\/th>\n<th style=\"width: 10.3571%;\">Jellege<\/th>\n<th style=\"width: 13.4524%;\">Neh\u00e9zs\u00e9g<\/th>\n<th style=\"width: 24.6429%;\">\n<p>Nyilv\u00e1ntart\u00e1si sz\u00e1m<\/p>\n<\/th>\n<\/tr>\n<\/thead>\n<tbody>\n<tr>\n<td class=\"has-text-align-center\" style=\"width: 7.14286%;\" data-align=\"center\"><mark class=\"has-inline-color has-black-color\" style=\"background-color: rgba(0, 0, 0, 0);\">A1<\/mark><\/td>\n<td style=\"width: 33.4524%;\">Podtatransk\u00e1 cyklomagistr\u00e1la<\/td>\n<td style=\"width: 10.8333%;\">70.6 km<\/td>\n<td style=\"width: 10.3571%;\">MTB<\/td>\n<td style=\"width: 13.4524%;\">REKREA<\/td>\n<td style=\"width: 24.6429%;\">007<\/td>\n<\/tr>\n<tr>\n<td class=\"has-text-align-center\" style=\"width: 7.14286%;\" data-align=\"center\"><mark class=\"has-inline-color has-black-color\" style=\"background-color: rgba(0, 0, 0, 0);\">A2<\/mark><\/td>\n<td style=\"width: 33.4524%;\">Popradsk\u00e1 cyklomagistr\u00e1la<\/td>\n<td style=\"width: 10.8333%;\">25.4 km<\/td>\n<td style=\"width: 10.3571%;\">MTB<\/td>\n<td style=\"width: 13.4524%;\">REKREA<\/td>\n<td style=\"width: 24.6429%;\">008<\/td>\n<\/tr>\n<\/tbody>\n<\/table>\n<\/figure>\n<p>\u00a0<\/p>\n\n\n\n<h3 class=\"wp-block-heading has-vivid-cyan-blue-color has-text-color has-link-color wp-elements-36b6b2accd3260fc9654899152a39400\"><strong>K\u00e9k sz\u00ednnel<\/strong><\/h3>\n\n\n\n<p>t\u00e1vols\u00e1gi ker\u00e9kp\u00e1r-f\u0151\u00fatvonalakhoz p\u00e1rhuzamos \u00fatvonalakat jel\u00f6lnek. Ezek hosszabb \u00fatvonalak a f\u0151\u00fatvonalt\u00f3l elt\u00e9r\u0151en, illetve nehezebb \u00fatvonalak a f\u0151\u00fatvonalakon k\u00edv\u00fcl.<\/p>\n\n\n\n<figure class=\"wp-block-table is-style-stripes\"><table class=\"has-pale-cyan-blue-background-color has-background\"><thead><tr><th>Sz\u00edn<\/th><th>\u00datvonal neve<\/th><th>Hossz<\/th><th>Jellege<\/th><th>Neh\u00e9zs\u00e9g<\/th><th><p>Nyilv\u00e1ntart\u00e1si sz\u00e1m<\/p><\/th><\/tr><\/thead><tbody><tr><td>B1<\/td><td>Biela voda &#8211; Chata pri Zel. plese<\/td><td>7.5 km<\/td><td>MTB<\/td><td>EXPERT<\/td><td>2860<\/td><\/tr><tr><td>B2<\/td><td>Sib\u00edr &#8211; \u017dakovsk\u00e1 Po\u013eana &#8211; Gerlachov<\/td><td>8.4 km<\/td><td>MTB<\/td><td>SPORT<\/td><td>2863<\/td><\/tr><tr><td>B3<\/td><td>Star\u00fd Smokovec &#8211; Hrebienok<\/td><td>2.8 km<\/td><td>CESTN\u00c1<\/td><td>SPORT<\/td><td>2864 &nbsp;<\/td><\/tr><tr><td>B4<\/td><td>Tatransk\u00e1 Polianka &#8211; Sliezsky dom<\/td><td>7 km<\/td><td>CESTN\u00c1<\/td><td>EXPERT<\/td><td>2865 &nbsp;<\/td><\/tr><tr><td>B5<\/td><td>Cesta Slobody &#8211; Popr. pleso<\/td><td>5.5 km<\/td><td>CESTN\u00c1<\/td><td>SPORT<\/td><td>2866 &nbsp;<\/td><\/tr><tr><td>B6<\/td><td>Podbansk\u00e9 &#8211; K\u00f4prov\u00e1 dolina<\/td><td>10.8 km<\/td><td>CESTN\u00c1<\/td><td>REKREA<\/td><td>2867 &nbsp;<\/td><\/tr><tr><td>B7<\/td><td>Lys\u00e1 Po\u013eana &#8211; Bielovodska dolina<\/td><td>3.2 km<\/td><td>MTB<\/td><td>REKREA<\/td><td>2868 &nbsp;<\/td><\/tr><tr><td>B8<\/td><td>Huncovce-Ke\u017emarok-Ke\u017emarsk\u00e9 \u017d\u013eaby<\/td><td>21.4 km<\/td><td>MTB<\/td><td>SPORT<\/td><td>2869<\/td><\/tr><tr><td>B9<\/td><td>Poprad &#8211; Spi\u0161sk\u00e9 Bystr\u00e9<\/td><td>10.3 km<\/td><td>MTB<\/td><td>REKREA<\/td><td>2872 &nbsp;<\/td><\/tr><tr><td>B10<\/td><td>Svit &#8211; \u010cierny V\u00e1h (hor\u00e1re\u0148 Murn\u00e1)<\/td><td>22.7 km<\/td><td>MTB<\/td><td>SPORT<\/td><td>2873<\/td><\/tr><tr><td>B11<\/td><td>Poprad &#8211; Horn\u00fd Smokovec<\/td><td>10.8 km<\/td><td>CESTN\u00c1<\/td><td>SPORT<\/td><td>2879 &nbsp;<\/td><\/tr><tr><td>B12<\/td><td>Spi\u0161sk\u00e1 Bel\u00e1 &#8211; Tatr. Kotlina<\/td><td>9.9 km<\/td><td>CESTN\u00c1<\/td><td>REKREA<\/td><td>2887 &nbsp;<\/td><\/tr><tr><td>B13<\/td><td>Podbansk\u00e9 &#8211; Hybe<\/td><td>16 km<\/td><td>MTB<\/td><td>REKREA<\/td><td>2341<\/td><\/tr><tr><td>B14<\/td><td>Hybe &#8211; Podbansk\u00e9<\/td><td>14.5 km<\/td><td>MTB<\/td><td>REKREA<\/td><td>2342<\/td><\/tr><\/tbody><\/table><\/figure>\n\n\n\n<p>&nbsp;<\/p>\n\n\n\n<h3 class=\"wp-block-heading has-vivid-green-cyan-color has-text-color has-link-color wp-elements-6d0d7566000e21ff896370e025010276\"><strong>Z\u00f6ld sz\u00ednnel<\/strong><\/h3>\n\n\n\n<p>a k\u00f6zepes \u00e9s k\u00f6nny\u0171 \u00fatvonalakat, eg\u00e9szs\u00e9gk\u00f6r\u00f6ket \u00e9s csal\u00e1di \u00fatvonalakat jel\u00f6lik.<\/p>\n\n\n\n<figure class=\"wp-block-table is-style-stripes\"><table class=\"has-vivid-green-cyan-background-color has-background\"><thead><tr><th>Sz\u00edn<\/th><th>\u00datvonal neve<\/th><th>Hossz<\/th><th>Jellege<\/th><th>Neh\u00e9zs\u00e9g<\/th><th><p>Nyilv\u00e1ntart\u00e1si sz\u00e1m<\/p><\/th><\/tr><\/thead><tbody><tr><td>C1<\/td><td>Podbansk\u00e9 &#8211; Tich\u00e1 dolina<\/td><td>12 km<\/td><td>CESTN\u00c1<\/td><td>REKREA<\/td><td>5859 &nbsp;<\/td><\/tr><tr><td>C2<\/td><td>Tatransk\u00e1 Lomnica &#8211; \u0160tart<\/td><td>4.1 km<\/td><td>CESTN\u00c1<\/td><td>SPORT<\/td><td>5860<\/td><\/tr><tr><td>C3<\/td><td>Tatransk\u00e1 Kotlina &#8211; Slovensk\u00e1 Ves<\/td><td>9.1 km<\/td><td>CESTN\u00c1<\/td><td>REKREA<\/td><td>5862<\/td><\/tr><tr><td>C4<\/td><td>Ve\u013ek\u00e1 Lomnica &#8211; Tatransk\u00e1 Lomnica<\/td><td>12.4 km<\/td><td>CESTN\u00c1<\/td><td>REKREA<\/td><td>5863<\/td><\/tr><tr><td>C5<\/td><td>Poprad &#8211; Gerlachov &#8211; Tatransk\u00e1 Polianka<\/td><td>16.6 km<\/td><td>MTB<\/td><td>SPORT<\/td><td>5866<\/td><\/tr><tr><td>C6<\/td><td>Poprad &#8211; Lopu\u0161n\u00e1 dolina<\/td><td>11 km<\/td><td>CESTN\u00c1<\/td><td>SPORT<\/td><td>5867<\/td><\/tr><tr><td>C7<\/td><td>Poprad- Kvetnica (Lom) &#8211; Hrabu\u0161ice<\/td><td>13.5 km<\/td><td>MTB<\/td><td>REKREA<\/td><td>5868<\/td><\/tr><tr><td>C8<\/td><td>\u017dakovsk\u00e1 Po\u013eana &#8211; Nov\u00e1 Lesn\u00e1 &#8211; Tatransk\u00e1 Lomnica<\/td><td>13.5 km<\/td><td>MTB<\/td><td>SPORT<\/td><td>5879 &nbsp;<\/td><\/tr><tr><td>C9<\/td><td>Tatr. Matliare &#8211; Kri\u017eovatka na 7 potokov<\/td><td>8.8 km<\/td><td>CESTN\u00c1<\/td><td>REKREA<\/td><td>5895 &nbsp;<\/td><\/tr><tr><td>C10<\/td><td>Cesta Slobody &#8211; Chata Plesnivec<\/td><td>3.9 km<\/td><td>MTB<\/td><td>SPORT<\/td><td>5897 &nbsp;<\/td><\/tr><tr><td>C11<\/td><td>\u0160trba, \u0160oldov-\u0160trbsk\u00e9 Pleso<\/td><td>12.4 km<\/td><td>CESTN\u00c1<\/td><td>REKREA<\/td><td>5910 &nbsp;<\/td><\/tr><\/tbody><\/table><\/figure>\n\n\n\n<p><\/p>\n\n\n\n<h3 class=\"wp-block-heading has-luminous-vivid-amber-color has-text-color has-link-color wp-elements-efbb54a1a1dd07218e348f086b6bfb8c\">S\u00e1rga sz\u00ednnel<\/h3>\n\n\n\n<p>a ker\u00e9kp\u00e1rutak k\u00f6z\u00f6tti \u00f6sszek\u00f6t\u0151 szakaszokat vagy r\u00f6vid kit\u00e9r\u0151ket jel\u00f6lnek k\u00fcl\u00f6nb\u00f6z\u0151 term\u00e9szeti, t\u00f6rt\u00e9nelmi \u00e9s m\u0171szaki l\u00e1tnival\u00f3khoz.<\/p>\n\n\n\n<figure class=\"wp-block-table is-style-stripes\">\n<table class=\"has-luminous-vivid-amber-background-color has-background\" style=\"width: 100%; height: 300px;\">\n<thead>\n<tr style=\"height: 23px;\">\n<th style=\"height: 23px; width: 7.85714%;\">Sz\u00edn<\/th>\n<th style=\"height: 23px; width: 43.6905%;\">\u00datvonal neve<\/th>\n<th style=\"height: 23px; width: 11.7857%;\">Hossz<\/th>\n<th style=\"height: 23px; width: 12.1429%;\">Jellege<\/th>\n<th class=\"wp-block-table__cell-content\" style=\"width: 14.6429%; height: 23px;\">\n<div class=\"block-editor-rich-text__editable rich-text\" role=\"textbox\" contenteditable=\"true\" aria-multiline=\"true\" aria-label=\"Text bunky v hlavi\u010dke\" aria-readonly=\"false\">Neh\u00e9zs\u00e9g<\/div>\n<\/th>\n<th class=\"wp-block-table__cell-content\" style=\"width: 9.88095%; height: 23px;\">\n<div class=\"block-editor-rich-text__editable rich-text\" role=\"textbox\" contenteditable=\"true\" aria-multiline=\"true\" aria-label=\"Text bunky v hlavi\u010dke\" aria-readonly=\"false\">Nyilv\u00e1ntart\u00e1si sz\u00e1m\u00a0<\/div>\n<\/th>\n<\/tr>\n<\/thead>\n<tbody>\n<tr style=\"height: 23px;\">\n<td style=\"height: 23px; width: 7.85714%;\">D1<\/td>\n<td style=\"height: 23px; width: 43.6905%;\">Vy\u0161n\u00e9 H\u00e1gy &#8211; \u0160t\u00f4la &#8211; Nov\u00e1 Polianka<\/td>\n<td style=\"height: 23px; width: 11.7857%;\">6.8 km<\/td>\n<td style=\"height: 23px; width: 12.1429%;\">MTB<\/td>\n<td style=\"height: 23px; width: 14.6429%;\">SPORT<\/td>\n<td style=\"height: 23px; width: 9.88095%;\">8858<\/td>\n<\/tr>\n<tr style=\"height: 24px;\">\n<td style=\"height: 24px; width: 7.85714%;\">D2<\/td>\n<td style=\"height: 24px; width: 43.6905%;\">Star\u00e1 Lesn\u00e1 &#8211; trasa \u010d. 8860<\/td>\n<td style=\"height: 24px; width: 11.7857%;\">4.1 km<\/td>\n<td style=\"height: 24px; width: 12.1429%;\">MTB<\/td>\n<td style=\"height: 24px; width: 14.6429%;\">SPORT<\/td>\n<td style=\"height: 24px; width: 9.88095%;\">8859<\/td>\n<\/tr>\n<tr style=\"height: 23px;\">\n<td style=\"height: 23px; width: 7.85714%;\">D3<\/td>\n<td style=\"height: 23px; width: 43.6905%;\">Okruh Nov\u00e1 Lesn\u00e1 &#8211; Dol. Smokovec<\/td>\n<td style=\"height: 23px; width: 11.7857%;\">11.2 km<\/td>\n<td style=\"height: 23px; width: 12.1429%;\">CESTN\u00c1<\/td>\n<td style=\"height: 23px; width: 14.6429%;\">REKREA<\/td>\n<td style=\"height: 23px; width: 9.88095%;\">8860 \u00a0<\/td>\n<\/tr>\n<tr style=\"height: 23px;\">\n<td style=\"height: 23px; width: 7.85714%;\">D4<\/td>\n<td style=\"height: 23px; width: 43.6905%;\">Hrebienok &#8211; Bil\u00edkova chata<\/td>\n<td style=\"height: 23px; width: 11.7857%;\">0.25 km<\/td>\n<td style=\"height: 23px; width: 12.1429%;\">CESTN\u00c1<\/td>\n<td style=\"height: 23px; width: 14.6429%;\">REKREA<\/td>\n<td style=\"height: 23px; width: 9.88095%;\">8861 \u00a0<\/td>\n<\/tr>\n<tr style=\"height: 23px;\">\n<td style=\"height: 23px; width: 7.85714%;\">D5<\/td>\n<td style=\"height: 23px; width: 43.6905%;\">Vrbov &#8211; Huncovce<\/td>\n<td style=\"height: 23px; width: 11.7857%;\">6.1 km<\/td>\n<td style=\"height: 23px; width: 12.1429%;\">CESTN\u00c1<\/td>\n<td style=\"height: 23px; width: 14.6429%;\">REKREA<\/td>\n<td style=\"height: 23px; width: 9.88095%;\">8869<\/td>\n<\/tr>\n<tr style=\"height: 23px;\">\n<td style=\"height: 23px; width: 7.85714%;\">D6<\/td>\n<td style=\"height: 23px; width: 43.6905%;\">Podsp\u00e1dy &#8211; \u0161t. hranica<\/td>\n<td style=\"height: 23px; width: 11.7857%;\">3 km<\/td>\n<td style=\"height: 23px; width: 12.1429%;\">CESTN\u00c1<\/td>\n<td style=\"height: 23px; width: 14.6429%;\">REKREA<\/td>\n<td style=\"height: 23px; width: 9.88095%;\">8871<\/td>\n<\/tr>\n<tr style=\"height: 23px;\">\n<td style=\"height: 23px; width: 7.85714%;\">D7<\/td>\n<td style=\"height: 23px; width: 43.6905%;\">\u0160trba &#8211; Vy\u0161n\u00e1 \u0160u\u0148ava<\/td>\n<td style=\"height: 23px; width: 11.7857%;\">2.4 km<\/td>\n<td style=\"height: 23px; width: 12.1429%;\">CESTN\u00c1<\/td>\n<td style=\"height: 23px; width: 14.6429%;\">REKREA<\/td>\n<td style=\"height: 23px; width: 9.88095%;\">8872<\/td>\n<\/tr>\n<tr style=\"height: 23px;\">\n<td style=\"height: 23px; width: 7.85714%;\">D8<\/td>\n<td style=\"height: 23px; width: 43.6905%;\">Ni\u017en\u00e1 \u0160u\u0148ava &#8211; \u0160trba<\/td>\n<td style=\"height: 23px; width: 11.7857%;\">2.8 km<\/td>\n<td style=\"height: 23px; width: 12.1429%;\">CESTN\u00c1<\/td>\n<td style=\"height: 23px; width: 14.6429%;\">REKREA<\/td>\n<td style=\"height: 23px; width: 9.88095%;\">8873<\/td>\n<\/tr>\n<tr style=\"height: 23px;\">\n<td style=\"height: 23px; width: 7.85714%;\">D9<\/td>\n<td style=\"height: 23px; width: 43.6905%;\">Tatransk\u00e1 Lomnica &#8211; Javorov\u00e1 cesta<\/td>\n<td style=\"height: 23px; width: 11.7857%;\">1.9 km<\/td>\n<td style=\"height: 23px; width: 12.1429%;\">MTB<\/td>\n<td style=\"height: 23px; width: 14.6429%;\">SPORT<\/td>\n<td style=\"height: 23px; width: 9.88095%;\">8876<\/td>\n<\/tr>\n<tr style=\"height: 23px;\">\n<td style=\"height: 23px; width: 7.85714%;\">D10<\/td>\n<td style=\"height: 23px; width: 43.6905%;\">Poprad &#8211; Kvetnica<\/td>\n<td style=\"height: 23px; width: 11.7857%;\">4.3 km<\/td>\n<td style=\"height: 23px; width: 12.1429%;\">CESTN\u00c1<\/td>\n<td style=\"height: 23px; width: 14.6429%;\">REKREA<\/td>\n<td style=\"height: 23px; width: 9.88095%;\">8914<\/td>\n<\/tr>\n<tr style=\"height: 23px;\">\n<td style=\"height: 23px; width: 7.85714%;\">D11<\/td>\n<td style=\"height: 23px; width: 43.6905%;\">Okruh Tatransk\u00e9 Matliare<\/td>\n<td style=\"height: 23px; width: 11.7857%;\">8 km<\/td>\n<td style=\"height: 23px; width: 12.1429%;\">CESTN\u00c1<\/td>\n<td style=\"height: 23px; width: 14.6429%;\">REKREA<\/td>\n<td style=\"height: 23px; width: 9.88095%;\">8915<\/td>\n<\/tr>\n<tr style=\"height: 23px;\">\n<td style=\"height: 23px; width: 7.85714%;\">D12<\/td>\n<td style=\"height: 23px; width: 43.6905%;\">Mal\u00fd Slavkov &#8211; trasa \u010d. 5895<\/td>\n<td style=\"height: 23px; width: 11.7857%;\">6.2 km<\/td>\n<td style=\"height: 23px; width: 12.1429%;\">MTB<\/td>\n<td style=\"height: 23px; width: 14.6429%;\">REKREA<\/td>\n<td style=\"height: 23px; width: 9.88095%;\">8916<\/td>\n<\/tr>\n<\/tbody>\n<\/table>\n<\/figure>\n<p>\u00a0<\/p>\n\n\n\n<h3 class=\"wp-block-heading has-cyan-bluish-gray-color has-text-color has-link-color wp-elements-6db0073112f95daa8e5e669a4350a2a0\"><strong>Sz\u00fcrke sz\u00ednnel<\/strong><\/h3>\n\n\n\n<p>Olyan \u00fatvonalak, ahol a T\u00e1trai Nemzeti Park l\u00e1togat\u00e1si szab\u00e1lyzata enged\u00e9lyezi a ker\u00e9kp\u00e1roz\u00e1st, de az \u00fatvonalhoz nincs hozz\u00e1rendelve nyilv\u00e1ntart\u00e1si sz\u00e1m.<\/p>\n\n\n\n<figure class=\"wp-block-table is-style-stripes\">\n<table class=\"has-cyan-bluish-gray-background-color has-background\" style=\"width: 100%;\">\n<thead>\n<tr>\n<th style=\"width: 7.7381%;\">Sz\u00edn<\/th>\n<th style=\"width: 57.619%;\">\u00datvonal neve<\/th>\n<th style=\"width: 9.28571%;\">Hossz<\/th>\n<th style=\"width: 12.1429%;\">Jellege<\/th>\n<th style=\"width: 13.0952%;\">Neh\u00e9zs\u00e9g<\/th>\n<\/tr>\n<\/thead>\n<tbody>\n<tr>\n<td style=\"width: 7.7381%;\">V4<\/td>\n<td style=\"width: 57.619%;\">N\u00e1u\u010dn\u00fd chodn\u00edk F\u013eak &#8211; Tatransk\u00e1 Kotlina<\/td>\n<td style=\"width: 9.28571%;\">1,7 km<\/td>\n<td style=\"width: 12.1429%;\">MTB<\/td>\n<td style=\"width: 13.0952%;\">SPORT<\/td>\n<\/tr>\n<tr>\n<td style=\"width: 7.7381%;\">V5<\/td>\n<td style=\"width: 57.619%;\">Ko\u0161arisk\u00e1 &#8211; N\u00e1u\u010dn\u00fd chodn\u00edk F\u013eak<\/td>\n<td style=\"width: 9.28571%;\">1,6 km<\/td>\n<td style=\"width: 12.1429%;\">MTB<\/td>\n<td style=\"width: 13.0952%;\">SPORT \u00a0<\/td>\n<\/tr>\n<tr>\n<td style=\"width: 7.7381%;\">V7<\/td>\n<td style=\"width: 57.619%;\">Kamenn\u00e1 cesta<\/td>\n<td style=\"width: 9.28571%;\">3,2 km<\/td>\n<td style=\"width: 12.1429%;\">CESTN\u00c1<\/td>\n<td style=\"width: 13.0952%;\">REKREA<\/td>\n<\/tr>\n<tr>\n<td style=\"width: 7.7381%;\">V11 \u00a0<\/td>\n<td style=\"width: 57.619%;\">Doln\u00fd Smokovec &#8211; \u017dakovsk\u00e1 Po\u013eana &#8211; Tatransk\u00e9 Zruby<\/td>\n<td style=\"width: 9.28571%;\">4,6 km<\/td>\n<td style=\"width: 12.1429%;\">MTB<\/td>\n<td style=\"width: 13.0952%;\">SPORT \u00a0<\/td>\n<\/tr>\n<tr>\n<td style=\"width: 7.7381%;\">V17<\/td>\n<td style=\"width: 57.619%;\">Kole\u010dkov\u00e1 &#8211; \u0160trbsk\u00e9 Pleso<\/td>\n<td style=\"width: 9.28571%;\">9,2 km<\/td>\n<td style=\"width: 12.1429%;\">CESTN\u00c1 \u00a0<\/td>\n<td style=\"width: 13.0952%;\">REKREA<\/td>\n<\/tr>\n<\/tbody>\n<\/table>\n<\/figure>\n<p>\u00a0<\/p>\n\n\n\n<h2 class=\"wp-block-heading has-text-align-center\"><a href=\"https:\/\/regiontatry.sk\/hu\/kerekparozas\/kerekpar-utvonalak\/\" target=\"_blank\" rel=\"noreferrer noopener\">Tov\u00e1bbi inform\u00e1ci\u00f3k a jelzett ker\u00e9kp\u00e1rutakr\u00f3l az eg\u00e9sz r\u00e9gi\u00f3ban<\/a><\/h2>\n\n\n\n<p><strong>Fontos inform\u00e1ci\u00f3kat ny\u00fajtunk a T\u00e1tra legjobb ker\u00e9kp\u00e1r\u00fatjair\u00f3l, az egyes szakaszok r\u00e9szleteir\u0151l, valamint tippeket eg\u00e9sz napos kir\u00e1ndul\u00e1sokhoz.<\/strong><\/p>\n","protected":false},"excerpt":{"rendered":"<p>Ker\u00e9kp\u00e1roz\u00e1s a Magas-T\u00e1tr\u00e1ban \u2013 \u00c9lm\u00e9nyek k\u00e9t ker\u00e9ken \u00c9ljen \u00e1t t\u00f6bb mint 300 km jelzett ker\u00e9kp\u00e1rutat k\u00fcl\u00f6nb\u00f6z\u0151 neh\u00e9zs\u00e9gi szinteken \u2013 a k\u00f6nny\u0171 \u00fatvonalakt\u00f3l, amelyek csal\u00e1doknak \u00e9s kezd\u0151knek ide\u00e1lisak, eg\u00e9szen az adrenalinnal teli hegyi kih\u00edv\u00e1sokig a T\u00e1tra cs\u00facsai alatt, a hegyi \u00e9s orsz\u00e1g\u00fati ker\u00e9kp\u00e1roz\u00e1s szerelmesei \u00e9s a sportol\u00f3k sz\u00e1m\u00e1ra. Fedezze fel az alf\u00f6ldi s\u00edk szakaszokat, a meredekebb [&hellip;]<\/p>\n","protected":false},"author":1,"featured_media":7986842,"parent":7986840,"menu_order":0,"comment_status":"closed","ping_status":"closed","template":"template-list.php","meta":{"footnotes":""},"class_list":["post-8094224","page","type-page","status-publish","has-post-thumbnail","hentry"],"_links":{"self":[{"href":"https:\/\/regiontatry.sk\/hu\/wp-json\/wp\/v2\/pages\/8094224"}],"collection":[{"href":"https:\/\/regiontatry.sk\/hu\/wp-json\/wp\/v2\/pages"}],"about":[{"href":"https:\/\/regiontatry.sk\/hu\/wp-json\/wp\/v2\/types\/page"}],"author":[{"embeddable":true,"href":"https:\/\/regiontatry.sk\/hu\/wp-json\/wp\/v2\/users\/1"}],"replies":[{"embeddable":true,"href":"https:\/\/regiontatry.sk\/hu\/wp-json\/wp\/v2\/comments?post=8094224"}],"version-history":[{"count":22,"href":"https:\/\/regiontatry.sk\/hu\/wp-json\/wp\/v2\/pages\/8094224\/revisions"}],"predecessor-version":[{"id":11138046,"href":"https:\/\/regiontatry.sk\/hu\/wp-json\/wp\/v2\/pages\/8094224\/revisions\/11138046"}],"up":[{"embeddable":true,"href":"https:\/\/regiontatry.sk\/hu\/wp-json\/wp\/v2\/pages\/7986840"}],"wp:featuredmedia":[{"embeddable":true,"href":"https:\/\/regiontatry.sk\/hu\/wp-json\/wp\/v2\/media\/7986842"}],"wp:attachment":[{"href":"https:\/\/regiontatry.sk\/hu\/wp-json\/wp\/v2\/media?parent=8094224"}],"curies":[{"name":"wp","href":"https:\/\/api.w.org\/{rel}","templated":true}]}}