{"id":8564906,"date":"2018-10-09T14:10:19","date_gmt":"2018-10-09T12:10:19","guid":{"rendered":"https:\/\/regiontatry.sk\/vodny-svet-aquacity-poprad-zima\/"},"modified":"2025-10-14T21:37:17","modified_gmt":"2025-10-14T19:37:17","slug":"aquacity-poprad-vizi-vilag-tel","status":"publish","type":"page","link":"https:\/\/regiontatry.sk\/hu\/wellness-a-relax\/aquacity-poprad-vizi-vilag-tel\/","title":{"rendered":"Term\u00e1l aquapark Popr\u00e1don \u2013 t\u00e9l"},"content":{"rendered":"\n<p>Magas T\u00e1tra ide\u00e1lis fogad\u00f3ter\u00fclet azon l\u00e1togat\u00f3k sz\u00e1m\u00e1ra, akik magas sz\u00ednvonal\u00fa szolg\u00e1ltat\u00e1sokat keresnek, \u00e9s egy\u00fattal szeretik az akt\u00edv pihen\u00e9st. Ha a szabads\u00e1g\u00e1t hegyekben d\u00f6nt\u00f6tte t\u00f6lteni, v\u00e1lassza T\u00e1tr\u00e1t \u2013\u00a0Szlov\u00e1kia legmagasabb \u00e9s legszebb hegys\u00e9g\u00e9t, amely t\u00f6k\u00e9letes hely v\u00e1ltozatos szabadid\u0151t\u00f6lt\u00e9shez.\u00a0 Ny\u00e1ron ez f\u0151leg a hegyi turisztika, ker\u00e9kp\u00e1r-turisztika a leny\u0171g\u00f6z\u0151 term\u00e9szetben. \u00e9s t\u00e9len s\u00edel\u00e9s a s\u00edk\u00f6zpontok behavazott lejt\u0151in. K\u00f6zvetlen\u00fcl Magas T\u00e1tra alatt, csaknem Eur\u00f3pa sz\u00edv\u00e9ben tal\u00e1lhat\u00f3 egy <strong>rendk\u00edv\u00fcli \u00f6kol\u00f3giai reszort<\/strong> <strong>\u2013 Term\u00e1l aquapark Popr\u00e1don<\/strong><\/p>\n\n\n\n<p>Az AquaCity Poprad egy egyed\u00fcl\u00e1ll\u00f3 komplexum, amely szolg\u00e1ltat\u00e1sok sz\u00e9les sk\u00e1l\u00e1j\u00e1t k\u00edn\u00e1lja az ide\u00e1lis szabads\u00e1ghoz, felejthetetlen csal\u00e1di kir\u00e1ndul\u00e1shoz vagy c\u00e9gi akci\u00f3hoz vagy rendezv\u00e9nyhez. A multifunkci\u00f3s reszort <strong>sz\u00e1ll\u00e1s-, relax\u00e1l\u00f3- \u00e9s wellness szolg\u00e1ltat\u00e1sokat ny\u00fajt, lehet\u0151s\u00e9get ad az eg\u00e9szs\u00e9ges turisztik\u00e1hoz \u00e9s sportaktivit\u00e1sokhoz, gasztron\u00f3miai \u00e9s kongresszusi szolg\u00e1ltat\u00e1sokhoz a biznisz klientela sz\u00fcks\u00e9gleteihez.<\/strong><\/p>\n\n\n\n<p>A sz\u00f3rakoz\u00e1s, relax, pihen\u00e9s \u00e9s eg\u00e9szs\u00e9g vil\u00e1ga. Az Aquapark term\u00e1lvize term\u00e9szeti f\u00f6ldalatti forr\u00e1sb\u00f3l sz\u00e1rmazik, \u00edgy van bevezetve a ter\u00fcletre, ahol technol\u00f3giai folyamattal 50\u00b0C h\u0151m\u00e9rs\u00e9kletr\u0151l 36 &#8211; 38\u00b0C h\u0151m\u00e9rs\u00e9kletre h\u0171tik. A medenc\u00e9k rozsdamentes fel\u00fclet\u0171ek, hogy cs\u00f6kkents\u00e9k a kl\u00f3r haszn\u00e1lat\u00e1nak sz\u00fcks\u00e9glet\u00e9t.\u00a0A fert\u0151tlen\u00edt\u00e9shez UV sug\u00e1rz\u00e1st haszn\u00e1lnak, ez\u00e1ltal k\u00edm\u00e9letes a b\u0151rh\u00f6z \u00e9s szemekhez. A term\u00e1lmedenc\u00e9k vize 1300m m\u00e9lyb\u0151l ered \u00e9s t\u00f6bb mint 20 k\u00fcl\u00f6nb\u00f6z\u0151, az ember eg\u00e9szs\u00e9g\u00e9re kedvez\u0151en hat\u00f3 \u00e1sv\u00e1nyi anyagot tartalmaz. Mozg\u00e1s- \u00e9s l\u00e9gz\u0151szerv-probl\u00e9m\u00e1kn\u00e1l, v\u00e9rkering\u00e9sben, idegrendszern\u00e9l seg\u00edt, valamint kedvez\u0151 kozmetikai hat\u00e1sa is van.<br><br><\/p>\n\n\n\n<h3 class=\"wp-block-heading\"><strong>Term\u00e1l aquapark Popr\u00e1don<\/strong><\/h3>\n\n\n\n<p>A reszort r\u00e9sz\u00e9t&nbsp;<strong>Aquapark<\/strong>&nbsp;k\u00e9pezi 13 bels\u0151 \u00e9s k\u00fcls\u0151 term\u00e1l- illetve relax\u00e1l\u00f3 medenc\u00e9vel 28 \u2013 38\u00b0 C h\u0151m\u00e9rs\u00e9klet\u0171 v\u00edzzel, tov\u00e1bb\u00e1 50m fedett \u00fasz\u00f3medence, fitnesz- \u00e9s&nbsp;spinning k\u00f6zpont, sportter\u00fclet strandfocihoz \u00e9s r\u00f6plabd\u00e1hoz, homokos strand beach b\u00e1rral, 6 tobog\u00e1n \u00e9s t\u00f6bb mint 350 v\u00edzi attrakci\u00f3, hidromassz\u00e1zs, gy\u00f6ngyf\u00fcrd\u0151k, v\u00edzi d\u0171znik, gyereksarkok, j\u00e1tsz\u00f3terek \u00e9s rendk\u00edv\u00fcli L\u00e9zer show a medenc\u00e9ben. A wellness szolg\u00e1ltat\u00e1sok k\u00edn\u00e1lat\u00e1t thai- \u00e9s klasszikus relax\u00e1l\u00f3 massz\u00e1zsok, szol\u00e1rium, bio-pedik\u0171r Garra Rufa halacsk\u00e1kkal, de f\u0151leg a legnagyobb k\u00e9tszintes&nbsp;<strong> Fire &amp; Water Wellness &amp; Spa wellness centrum <\/strong>eg\u00e9sz\u00edtik ki.<\/p>\n\n\n\n<p>A k\u00fcls\u0151 ter\u00fcleten <strong>eg\u00e9sz \u00e9vi \u00fcl\u0151- vagy relax\u00e1l\u00f3 medenc\u00e9ben<\/strong> pihenheti ki mag\u00e1t, ahol v\u00edzgy\u00f6ngy\u00f6z\u00e9st, massz\u00e1zsd\u0171znit, v\u00edzi gomb\u00e1t vagy leng\u0151 harangot tal\u00e1l, vagy \u00faszhat a 33m hossz\u00fa k\u00fcls\u0151 <strong>rekond\u00edci\u00f3s \u00fasz\u00f3medenc\u00e9ben <\/strong>akt\u00edv sportol\u00f3k sz\u00e1m\u00e1ra. A ny\u00e1ri \u00fczemid\u0151 alatt kipr\u00f3b\u00e1lhatja a v\u00edzi sz\u00f3rakoz\u00e1s val\u00f3di attrakci\u00f3j\u00e1t, a Maya piramist 3 rozsda\u00e1ll\u00f3 medenc\u00e9vel 1 \u2013 1,2m m\u00e9lys\u00e9ggel, cs\u00faszd\u00e1kkal \u00e9s v\u00edzi attrakci\u00f3kkal.&nbsp;<br><\/p>\n\n\n\n<figure class=\"wp-block-gallery has-nested-images columns-default is-cropped wp-block-gallery-2 is-layout-flex wp-block-gallery-is-layout-flex\">\n<figure class=\"wp-block-image\"><img loading=\"lazy\" decoding=\"async\" width=\"1024\" height=\"548\" data-id=\"22382\" src=\"https:\/\/regiontatry.sk\/wp-content\/uploads\/2019\/12\/AquaCity_Winter_2015_Panorama_C-1024x548.jpg\" alt=\"\" class=\"wp-image-22382\" srcset=\"https:\/\/regiontatry.sk\/wp-content\/uploads\/2019\/12\/AquaCity_Winter_2015_Panorama_C-1024x548.jpg 1024w, https:\/\/regiontatry.sk\/wp-content\/uploads\/2019\/12\/AquaCity_Winter_2015_Panorama_C-300x161.jpg 300w, https:\/\/regiontatry.sk\/wp-content\/uploads\/2019\/12\/AquaCity_Winter_2015_Panorama_C-768x411.jpg 768w, https:\/\/regiontatry.sk\/wp-content\/uploads\/2019\/12\/AquaCity_Winter_2015_Panorama_C-698x374.jpg 698w, https:\/\/regiontatry.sk\/wp-content\/uploads\/2019\/12\/AquaCity_Winter_2015_Panorama_C-552x296.jpg 552w, https:\/\/regiontatry.sk\/wp-content\/uploads\/2019\/12\/AquaCity_Winter_2015_Panorama_C.jpg 1500w\" sizes=\"(max-width: 1024px) 100vw, 1024px\" \/><\/figure>\n\n\n\n<figure class=\"wp-block-image\"><img loading=\"lazy\" decoding=\"async\" width=\"1024\" height=\"545\" data-id=\"22467\" src=\"https:\/\/regiontatry.sk\/wp-content\/uploads\/2019\/12\/AquaCity_Winter_2015_Panorama_3000-1-1024x545.jpg\" alt=\"\" class=\"wp-image-22467\" srcset=\"https:\/\/regiontatry.sk\/wp-content\/uploads\/2019\/12\/AquaCity_Winter_2015_Panorama_3000-1-1024x545.jpg 1024w, https:\/\/regiontatry.sk\/wp-content\/uploads\/2019\/12\/AquaCity_Winter_2015_Panorama_3000-1-300x160.jpg 300w, https:\/\/regiontatry.sk\/wp-content\/uploads\/2019\/12\/AquaCity_Winter_2015_Panorama_3000-1-768x409.jpg 768w, https:\/\/regiontatry.sk\/wp-content\/uploads\/2019\/12\/AquaCity_Winter_2015_Panorama_3000-1-698x372.jpg 698w, https:\/\/regiontatry.sk\/wp-content\/uploads\/2019\/12\/AquaCity_Winter_2015_Panorama_3000-1-552x294.jpg 552w, https:\/\/regiontatry.sk\/wp-content\/uploads\/2019\/12\/AquaCity_Winter_2015_Panorama_3000-1.jpg 1639w\" sizes=\"(max-width: 1024px) 100vw, 1024px\" \/><\/figure>\n<\/figure>\n\n\n\n<p>A ter\u00fclet belterei a rendk\u00edv\u00fcli relax sz\u00ednhelye \u2013&nbsp;a <strong>Blue Diamond medenc\u00e9k<\/strong>. A komfortos l\u00e9gk\u00f6rnek, forr\u00f3 term\u00e1lv\u00edznek \u00e9s fedett beltereknek k\u00f6sz\u00f6nhet\u0151en a legkisebb gyerekek \u00e9s feln\u0151ttek sz\u00e1m\u00e1ra is ide\u00e1lis hely. Exkluz\u00edv medenc\u00e9k italb\u00e1rokkal k\u00f6zvetlen\u00fcl a v\u00edzben elv\u00e1rt luxust k\u00edn\u00e1lnak. Kevert italok gazdag k\u00edn\u00e1lat\u00e1t \u00e9lvezhetik, vagy b\u00e1rsz\u00e9keken relax\u00e1lhatnak a medenc\u00e9ben \u00e9s \u00e9lvezhetik a kellemes pillanatokat.<br><\/p>\n\n\n\n<figure class=\"wp-block-gallery has-nested-images columns-default is-cropped wp-block-gallery-3 is-layout-flex wp-block-gallery-is-layout-flex\">\n<figure class=\"wp-block-image\"><img loading=\"lazy\" decoding=\"async\" width=\"1024\" height=\"576\" data-id=\"22394\" src=\"https:\/\/regiontatry.sk\/wp-content\/uploads\/2019\/12\/AquaCity_Blue_Diamond_08-1024x576.jpg\" alt=\"\" class=\"wp-image-22394\" srcset=\"https:\/\/regiontatry.sk\/wp-content\/uploads\/2019\/12\/AquaCity_Blue_Diamond_08-1024x576.jpg 1024w, https:\/\/regiontatry.sk\/wp-content\/uploads\/2019\/12\/AquaCity_Blue_Diamond_08-300x169.jpg 300w, https:\/\/regiontatry.sk\/wp-content\/uploads\/2019\/12\/AquaCity_Blue_Diamond_08-768x432.jpg 768w, https:\/\/regiontatry.sk\/wp-content\/uploads\/2019\/12\/AquaCity_Blue_Diamond_08-698x393.jpg 698w, https:\/\/regiontatry.sk\/wp-content\/uploads\/2019\/12\/AquaCity_Blue_Diamond_08-552x311.jpg 552w, https:\/\/regiontatry.sk\/wp-content\/uploads\/2019\/12\/AquaCity_Blue_Diamond_08.jpg 1500w\" sizes=\"(max-width: 1024px) 100vw, 1024px\" \/><\/figure>\n\n\n\n<figure class=\"wp-block-image\"><img loading=\"lazy\" decoding=\"async\" width=\"1024\" height=\"576\" data-id=\"22414\" src=\"https:\/\/regiontatry.sk\/wp-content\/uploads\/2019\/12\/AquaCity_Blue_Diamond_00-1024x576.jpg\" alt=\"\" class=\"wp-image-22414\" srcset=\"https:\/\/regiontatry.sk\/wp-content\/uploads\/2019\/12\/AquaCity_Blue_Diamond_00-1024x576.jpg 1024w, https:\/\/regiontatry.sk\/wp-content\/uploads\/2019\/12\/AquaCity_Blue_Diamond_00-300x169.jpg 300w, https:\/\/regiontatry.sk\/wp-content\/uploads\/2019\/12\/AquaCity_Blue_Diamond_00-768x432.jpg 768w, https:\/\/regiontatry.sk\/wp-content\/uploads\/2019\/12\/AquaCity_Blue_Diamond_00-698x393.jpg 698w, https:\/\/regiontatry.sk\/wp-content\/uploads\/2019\/12\/AquaCity_Blue_Diamond_00-552x311.jpg 552w, https:\/\/regiontatry.sk\/wp-content\/uploads\/2019\/12\/AquaCity_Blue_Diamond_00.jpg 1500w\" sizes=\"(max-width: 1024px) 100vw, 1024px\" \/><\/figure>\n<\/figure>\n\n\n\n<p><strong>A Blue Sapphire medenc\u00e9k<\/strong>&nbsp;nem csak a szolg\u00e1ltat\u00e1sok terjedelmes k\u00edn\u00e1lat\u00e1val egyed\u00fcl\u00e1ll\u00f3ak, hanem a k\u00f6rnyezetv\u00e9delemhez val\u00f3 hozz\u00e1j\u00e1rul\u00e1s\u00e1val is. A korszer\u0171 \u00e9p\u00fclet, amely els\u0151dleges energiaforr\u00e1sk\u00e9nt a term\u00e1lvizet haszn\u00e1lja \u00e9s egy\u00fattal a napenergi\u00e1t is kihaszn\u00e1lja, felejthetetlen \u00e9lm\u00e9nyeket ny\u00fajt minden \u00e9rz\u00e9ke sz\u00e1m\u00e1ra. A k\u00e9t, 30 \u2013 35\u00b0C v\u00edzh\u0151m\u00e9rs\u00e9klet\u0171 relax\u00e1l\u00f3 medence v\u00edzi- \u00e9s l\u00e9gmassz\u00e1zsok, v\u00edzi gy\u00f6ngy\u00e1gyak \u00e9s \u00fcl\u0151k\u00e9k, v\u00edzf\u00e1tyolok \u00e9s d\u0171znik, kromoter\u00e1pia &#8211; f\u00e9nygy\u00f3gy\u00edt\u00e1s speci\u00e1lis f\u00e9nyek, mesters\u00e9ges hull\u00e1mver\u00e9s \u00e9s egy\u00e9b attrakci\u00f3k eg\u00e9sz sk\u00e1l\u00e1j\u00e1t k\u00edn\u00e1lj\u00e1k.&nbsp;A Blue Sapphire medenc\u00e9k k\u00f6rnyezete l\u00e9zer show-val van felszerelve, 9m magas falra val\u00f3 kivet\u00edt\u00e9ssel valamint t\u00e9rhat\u00e1s\u00fa audio-rendszerrel.<br><\/p>\n\n\n\n<figure class=\"wp-block-gallery has-nested-images columns-default is-cropped wp-block-gallery-4 is-layout-flex wp-block-gallery-is-layout-flex\">\n<figure class=\"wp-block-image\"><img loading=\"lazy\" decoding=\"async\" width=\"1024\" height=\"576\" data-id=\"22374\" src=\"https:\/\/regiontatry.sk\/wp-content\/uploads\/2019\/12\/AquaCity_Wellness_Bazeny_08-1024x576.jpg\" alt=\"\" class=\"wp-image-22374\" srcset=\"https:\/\/regiontatry.sk\/wp-content\/uploads\/2019\/12\/AquaCity_Wellness_Bazeny_08-1024x576.jpg 1024w, https:\/\/regiontatry.sk\/wp-content\/uploads\/2019\/12\/AquaCity_Wellness_Bazeny_08-300x169.jpg 300w, https:\/\/regiontatry.sk\/wp-content\/uploads\/2019\/12\/AquaCity_Wellness_Bazeny_08-768x432.jpg 768w, https:\/\/regiontatry.sk\/wp-content\/uploads\/2019\/12\/AquaCity_Wellness_Bazeny_08-698x393.jpg 698w, https:\/\/regiontatry.sk\/wp-content\/uploads\/2019\/12\/AquaCity_Wellness_Bazeny_08-552x311.jpg 552w, https:\/\/regiontatry.sk\/wp-content\/uploads\/2019\/12\/AquaCity_Wellness_Bazeny_08.jpg 1500w\" sizes=\"(max-width: 1024px) 100vw, 1024px\" \/><\/figure>\n\n\n\n<figure class=\"wp-block-image\"><img loading=\"lazy\" decoding=\"async\" width=\"1024\" height=\"576\" data-id=\"22406\" src=\"https:\/\/regiontatry.sk\/wp-content\/uploads\/2019\/12\/AquaCity_Wellness_Bazeny_12-1024x576.jpg\" alt=\"\" class=\"wp-image-22406\" srcset=\"https:\/\/regiontatry.sk\/wp-content\/uploads\/2019\/12\/AquaCity_Wellness_Bazeny_12-1024x576.jpg 1024w, https:\/\/regiontatry.sk\/wp-content\/uploads\/2019\/12\/AquaCity_Wellness_Bazeny_12-300x169.jpg 300w, https:\/\/regiontatry.sk\/wp-content\/uploads\/2019\/12\/AquaCity_Wellness_Bazeny_12-768x432.jpg 768w, https:\/\/regiontatry.sk\/wp-content\/uploads\/2019\/12\/AquaCity_Wellness_Bazeny_12-698x393.jpg 698w, https:\/\/regiontatry.sk\/wp-content\/uploads\/2019\/12\/AquaCity_Wellness_Bazeny_12-552x311.jpg 552w, https:\/\/regiontatry.sk\/wp-content\/uploads\/2019\/12\/AquaCity_Wellness_Bazeny_12.jpg 1500w\" sizes=\"(max-width: 1024px) 100vw, 1024px\" \/><\/figure>\n<\/figure>\n\n\n\n<p>Gyermekes csal\u00e1dok sz\u00e1m\u00e1ra rendelkez\u00e9sre \u00e1ll a<strong> Treasure Island \u2013 Kincsek szigete gyermekmedence<\/strong>, egy egzotikus \u00f6b\u00f6l st\u00edlus\u00e1ban, ahol nem hi\u00e1nyzik z\u00e1tonyra futott haj\u00f3 cs\u00faszd\u00e1kkal \u00e9s v\u00edzi attrakci\u00f3kkal. Minden gyerek \u00e1t\u00e9lheti a t\u00f6rt\u00e9nelmi haj\u00f3n val\u00f3 haj\u00f3z\u00e1s \u00e9rzet\u00e9t \u00e9s s\u00f3s v\u00edzben val\u00f3 f\u00fcrd\u00e9st. A gyermekvil\u00e1g Summer Lounge pihen\u0151terasszal \u00e9s jakuzzival feln\u0151ttek sz\u00e1m\u00e1ra attrakci\u00f3ival az eg\u00e9sz csal\u00e1d sz\u00e1m\u00e1ra alkalmas. A Kincsek sziget\u00e9n a gyerekekre mesebeli \u00e9l\u0151 Nemo halacsk\u00e1k \u00e9s a Treasure Island kabala, \u00e9s a teljes sziget v\u00e9dn\u00f6kei, Hugo \u00e9s Boss k\u00e9t \u00e9l\u0151 legu\u00e1n a Galap\u00e1gos-szigetekr\u0151l v\u00e1rnak.<br><br><\/p>\n\n\n\n<figure class=\"wp-block-gallery has-nested-images columns-default is-cropped wp-block-gallery-5 is-layout-flex wp-block-gallery-is-layout-flex\">\n<figure class=\"wp-block-image\"><img loading=\"lazy\" decoding=\"async\" width=\"1024\" height=\"646\" data-id=\"22426\" src=\"https:\/\/regiontatry.sk\/wp-content\/uploads\/2019\/12\/AquaCity_Treasure_Island_2019__18-1-1024x646.jpg\" alt=\"\" class=\"wp-image-22426\" srcset=\"https:\/\/regiontatry.sk\/wp-content\/uploads\/2019\/12\/AquaCity_Treasure_Island_2019__18-1-1024x646.jpg 1024w, https:\/\/regiontatry.sk\/wp-content\/uploads\/2019\/12\/AquaCity_Treasure_Island_2019__18-1-300x189.jpg 300w, https:\/\/regiontatry.sk\/wp-content\/uploads\/2019\/12\/AquaCity_Treasure_Island_2019__18-1-768x484.jpg 768w, https:\/\/regiontatry.sk\/wp-content\/uploads\/2019\/12\/AquaCity_Treasure_Island_2019__18-1-698x440.jpg 698w, https:\/\/regiontatry.sk\/wp-content\/uploads\/2019\/12\/AquaCity_Treasure_Island_2019__18-1-552x348.jpg 552w, https:\/\/regiontatry.sk\/wp-content\/uploads\/2019\/12\/AquaCity_Treasure_Island_2019__18-1.jpg 1500w\" sizes=\"(max-width: 1024px) 100vw, 1024px\" \/><\/figure>\n\n\n\n<figure class=\"wp-block-image\"><img loading=\"lazy\" decoding=\"async\" width=\"1000\" height=\"666\" data-id=\"2307\" src=\"https:\/\/regiontatry.sk\/wp-content\/uploads\/2018\/08\/Treasure_Island_2016.jpg\" alt=\"\" class=\"wp-image-2307\" srcset=\"https:\/\/regiontatry.sk\/wp-content\/uploads\/2018\/08\/Treasure_Island_2016.jpg 1000w, https:\/\/regiontatry.sk\/wp-content\/uploads\/2018\/08\/Treasure_Island_2016-300x200.jpg 300w, https:\/\/regiontatry.sk\/wp-content\/uploads\/2018\/08\/Treasure_Island_2016-768x511.jpg 768w\" sizes=\"(max-width: 1000px) 100vw, 1000px\" \/><\/figure>\n<\/figure>\n\n\n\n<p>Az&nbsp;AquaCity Poprad-ban sz\u00f3rakoztat\u00f3 helyek is tal\u00e1lhat\u00f3ak minden gyerek sz\u00e1m\u00e1ra. Sz\u00e1llodai gyereksarok a recepci\u00f3 mellett,&nbsp;k\u00e9tszint\u0171 gyereksarok a Blue Sapphire medenc\u00e9kn\u00e9l, k\u00fcls\u0151 ny\u00e1ri j\u00e1tsz\u00f3terek garant\u00e1lj\u00e1k gyermekeik sz\u00e1m\u00e1ra a kiv\u00e1l\u00f3 napot \u00e9s \u00d6n\u00f6k sz\u00e1m\u00e1ra id\u0151t sz\u00e1nni saj\u00e1t maguk sz\u00e1m\u00e1ra. A gyerekek rengeteg j\u00e1t\u00e9kszert, m\u00e1sz\u00f3k\u00e1t, cs\u00faszd\u00e1t tal\u00e1lnak itt. Egyszer\u0171en mondva sz\u00f3rakoz\u00e1st hossz\u00fa \u00f3r\u00e1kra. Kiemelt \u00fczemeltet\u00e9si \u00f3r\u00e1kban a gyereksarokban \u0151rz\u00f6tt gyermek-\u00f3voda \u00e9s anim\u00e1ci\u00f3s programok m\u0171k\u00f6dnek.<br><br><\/p>\n\n\n\n<h3 class=\"wp-block-heading\"><br><strong>WELLNESS CENTRUM&nbsp;FIRE &amp; WATER WELLNESS &amp; SPA<\/strong><\/h3>\n\n\n\n<p>A t\u00f6bb mint 1590 m2 fel\u00fcleten ellent\u00e9tekkel teli <strong>vit\u00e1lis vil\u00e1got tal\u00e1lhat <\/strong>a t\u0171z \u00e9s v\u00edz elemek jegy\u00e9ben. Ezek az elemek a mag\u00e1n- \u00e9s party z\u00f3n\u00e1kra osztott wellness k\u00f6zpont \u00faj szimb\u00f3lumai, melyekben k\u00fcl\u00f6nb\u00f6z\u0151 fajta szaun\u00e1k \u00e9s inhal\u00e1ci\u00f3s helys\u00e9gek tal\u00e1lhat\u00f3k. A rendk\u00edv\u00fcli ceremoni\u00e1lis szauna, ahol minden nap k\u00fcl\u00f6n\u00f6s szauna-cerem\u00f3ni\u00e1t \u00e9s szauna show-t \u00e9lhet \u00e1t, hagyom\u00e1nyos finn szauna, illetve gy\u00f3gyn\u00f6v\u00e9nyes, g\u0151z- vagy eukaliptusz-szauna, himal\u00e1jai s\u00f3-szauna, infraszaun\u00e1k vagy h\u00f3-szauna megsimogatj\u00e1k \u00e9rz\u00e9keit, fel\u00e9l\u00e9nk\u00edtik test\u00e9t \u00e9s fel\u00fcd\u00edtik elm\u00e9j\u00e9t. T\u00f6k\u00e9letes pihen\u00e9sre a relax\u00e1l\u00f3 medenc\u00e9ben lelhet a szerelmesek \u00f6bl\u00e9vel, relax\u00e1l\u00f3 \u00e9s pihen\u0151 helys\u00e9gekben biokandall\u00f3kkal. A k\u00f6zpont r\u00e9sze egy Wellness b\u00e1r is eg\u00e9szs\u00e9ges italok, kokt\u00e9lek \u00e9s k\u00f6nny\u0171 eledelek trendes k\u00edn\u00e1lat\u00e1val.<br><br><\/p>\n\n\n\n<figure class=\"wp-block-gallery has-nested-images columns-default is-cropped wp-block-gallery-6 is-layout-flex wp-block-gallery-is-layout-flex\">\n<figure class=\"wp-block-image\"><img loading=\"lazy\" decoding=\"async\" width=\"1200\" height=\"542\" data-id=\"2279\" src=\"https:\/\/regiontatry.sk\/wp-content\/uploads\/2018\/08\/Relax_Panorama1-2.jpg\" alt=\"\" class=\"wp-image-2279\" srcset=\"https:\/\/regiontatry.sk\/wp-content\/uploads\/2018\/08\/Relax_Panorama1-2.jpg 1200w, https:\/\/regiontatry.sk\/wp-content\/uploads\/2018\/08\/Relax_Panorama1-2-300x136.jpg 300w, https:\/\/regiontatry.sk\/wp-content\/uploads\/2018\/08\/Relax_Panorama1-2-768x347.jpg 768w, https:\/\/regiontatry.sk\/wp-content\/uploads\/2018\/08\/Relax_Panorama1-2-1024x463.jpg 1024w\" sizes=\"(max-width: 1200px) 100vw, 1200px\" \/><\/figure>\n\n\n\n<figure class=\"wp-block-image\"><img loading=\"lazy\" decoding=\"async\" width=\"1000\" height=\"549\" data-id=\"2290\" src=\"https:\/\/regiontatry.sk\/wp-content\/uploads\/2018\/08\/Finska_sauna_Panorama1_web-1.jpg\" alt=\"\" class=\"wp-image-2290\" srcset=\"https:\/\/regiontatry.sk\/wp-content\/uploads\/2018\/08\/Finska_sauna_Panorama1_web-1.jpg 1000w, https:\/\/regiontatry.sk\/wp-content\/uploads\/2018\/08\/Finska_sauna_Panorama1_web-1-300x165.jpg 300w, https:\/\/regiontatry.sk\/wp-content\/uploads\/2018\/08\/Finska_sauna_Panorama1_web-1-768x422.jpg 768w, https:\/\/regiontatry.sk\/wp-content\/uploads\/2018\/08\/Finska_sauna_Panorama1_web-1-860x472.jpg 860w, https:\/\/regiontatry.sk\/wp-content\/uploads\/2018\/08\/Finska_sauna_Panorama1_web-1-698x383.jpg 698w, https:\/\/regiontatry.sk\/wp-content\/uploads\/2018\/08\/Finska_sauna_Panorama1_web-1-552x303.jpg 552w\" sizes=\"(max-width: 1000px) 100vw, 1000px\" \/><\/figure>\n\n\n\n<figure class=\"wp-block-image\"><img loading=\"lazy\" decoding=\"async\" width=\"1024\" height=\"681\" data-id=\"22430\" src=\"https:\/\/regiontatry.sk\/wp-content\/uploads\/2019\/12\/DSC_6337_vitalny_svet_jaskyna_web-1-1024x681.jpg\" alt=\"\" class=\"wp-image-22430\" srcset=\"https:\/\/regiontatry.sk\/wp-content\/uploads\/2019\/12\/DSC_6337_vitalny_svet_jaskyna_web-1-1024x681.jpg 1024w, https:\/\/regiontatry.sk\/wp-content\/uploads\/2019\/12\/DSC_6337_vitalny_svet_jaskyna_web-1-300x200.jpg 300w, https:\/\/regiontatry.sk\/wp-content\/uploads\/2019\/12\/DSC_6337_vitalny_svet_jaskyna_web-1-768x511.jpg 768w, https:\/\/regiontatry.sk\/wp-content\/uploads\/2019\/12\/DSC_6337_vitalny_svet_jaskyna_web-1-698x464.jpg 698w, https:\/\/regiontatry.sk\/wp-content\/uploads\/2019\/12\/DSC_6337_vitalny_svet_jaskyna_web-1-552x367.jpg 552w, https:\/\/regiontatry.sk\/wp-content\/uploads\/2019\/12\/DSC_6337_vitalny_svet_jaskyna_web-1.jpg 1500w\" sizes=\"(max-width: 1024px) 100vw, 1024px\" \/><\/figure>\n<\/figure>\n\n\n\n<h3 class=\"wp-block-heading\"><\/h3>\n\n\n\n<p>Az &nbsp;AquaCity Poprad-ban szeretetteivel felejthetetlen pillanatokat \u00e9s t\u00f6k\u00e9letes szabads\u00e1got t\u00f6lthet.&nbsp;<br><\/p>\n\n\n\n<iframe loading=\"lazy\" width=\"49.7%\" height=\"315\" src=\"https:\/\/www.youtube.com\/embed\/pSx10YaxXV4\" frameborder=\"0\" allow=\"autoplay; encrypted-media\" allowfullscreen=\"\"><\/iframe>\n\n\n\n<iframe loading=\"lazy\" width=\"50%\" height=\"315\" src=\"https:\/\/www.youtube.com\/embed\/6in48RJD8KU\" frameborder=\"0\" allow=\"autoplay; encrypted-media\" allowfullscreen=\"\"><\/iframe>\n\n\n\n<h3 class=\"wp-block-heading\"><br><strong><a href=\"http:\/\/www.aquacity.sk\/\" target=\"_blank\" rel=\"noreferrer noopener\">Term\u00e1l aquapark Popr\u00e1don <\/a><\/strong><\/h3>\n\n\n<div class=\"wp-block-image\">\n<figure class=\"aligncenter\"><a href=\"http:\/\/regiontatry.sk\/wp-content\/uploads\/2014\/10\/AquaCity_Winter_2015_Panorama_1500.jpg\" class=\"broken_link\" data-rel=\"lightbox-image-0\" data-rl_title=\"\" data-rl_caption=\"\" title=\"\"><img decoding=\"async\" src=\"http:\/\/regiontatry.sk\/wp-content\/uploads\/2014\/10\/AquaCity_Winter_2015_Panorama_1500.jpg\" alt=\"\"\/><\/a><\/figure><\/div>","protected":false},"excerpt":{"rendered":"<p>Magas T\u00e1tra ide\u00e1lis fogad\u00f3ter\u00fclet azon l\u00e1togat\u00f3k sz\u00e1m\u00e1ra, akik magas sz\u00ednvonal\u00fa szolg\u00e1ltat\u00e1sokat keresnek, \u00e9s egy\u00fattal szeretik az akt\u00edv pihen\u00e9st. Ha a szabads\u00e1g\u00e1t hegyekben d\u00f6nt\u00f6tte t\u00f6lteni, v\u00e1lassza T\u00e1tr\u00e1t \u2013\u00a0Szlov\u00e1kia legmagasabb \u00e9s legszebb hegys\u00e9g\u00e9t, amely t\u00f6k\u00e9letes hely v\u00e1ltozatos szabadid\u0151t\u00f6lt\u00e9shez.\u00a0 Ny\u00e1ron ez f\u0151leg a hegyi turisztika, ker\u00e9kp\u00e1r-turisztika a leny\u0171g\u00f6z\u0151 term\u00e9szetben. \u00e9s t\u00e9len s\u00edel\u00e9s a s\u00edk\u00f6zpontok behavazott lejt\u0151in. K\u00f6zvetlen\u00fcl Magas [&hellip;]<\/p>\n","protected":false},"author":2,"featured_media":8564907,"parent":9998909,"menu_order":0,"comment_status":"closed","ping_status":"closed","template":"template-simple-page.php","meta":{"footnotes":""},"class_list":["post-8564906","page","type-page","status-publish","has-post-thumbnail","hentry"],"_links":{"self":[{"href":"https:\/\/regiontatry.sk\/hu\/wp-json\/wp\/v2\/pages\/8564906"}],"collection":[{"href":"https:\/\/regiontatry.sk\/hu\/wp-json\/wp\/v2\/pages"}],"about":[{"href":"https:\/\/regiontatry.sk\/hu\/wp-json\/wp\/v2\/types\/page"}],"author":[{"embeddable":true,"href":"https:\/\/regiontatry.sk\/hu\/wp-json\/wp\/v2\/users\/2"}],"replies":[{"embeddable":true,"href":"https:\/\/regiontatry.sk\/hu\/wp-json\/wp\/v2\/comments?post=8564906"}],"version-history":[{"count":3,"href":"https:\/\/regiontatry.sk\/hu\/wp-json\/wp\/v2\/pages\/8564906\/revisions"}],"predecessor-version":[{"id":11145975,"href":"https:\/\/regiontatry.sk\/hu\/wp-json\/wp\/v2\/pages\/8564906\/revisions\/11145975"}],"up":[{"embeddable":true,"href":"https:\/\/regiontatry.sk\/hu\/wp-json\/wp\/v2\/pages\/9998909"}],"wp:featuredmedia":[{"embeddable":true,"href":"https:\/\/regiontatry.sk\/hu\/wp-json\/wp\/v2\/media\/8564907"}],"wp:attachment":[{"href":"https:\/\/regiontatry.sk\/hu\/wp-json\/wp\/v2\/media?parent=8564906"}],"curies":[{"name":"wp","href":"https:\/\/api.w.org\/{rel}","templated":true}]}}