{"version":"1.0","provider_name":"Regi\u00f3n Vysok\u00e9 Tatry","provider_url":"https:\/\/regiontatry.sk\/pl\/","title":"Zimn\u00e1 sez\u00f3na vo Vysok\u00fdch Tatr\u00e1ch bola \u00faspe\u0161n\u00e1 - Regi\u00f3n Vysok\u00e9 Tatry","type":"rich","width":600,"height":338,"html":"<blockquote class=\"wp-embedded-content\" data-secret=\"GLxT1s8tTv\"><a href=\"https:\/\/regiontatry.sk\/pl\/zimna-sezona-vo-vysokych-tatrach-bola-uspesna\/\">Zimn\u00e1 sez\u00f3na vo Vysok\u00fdch Tatr\u00e1ch bola \u00faspe\u0161n\u00e1<\/a><\/blockquote><iframe sandbox=\"allow-scripts\" security=\"restricted\" src=\"https:\/\/regiontatry.sk\/pl\/zimna-sezona-vo-vysokych-tatrach-bola-uspesna\/embed\/#?secret=GLxT1s8tTv\" width=\"600\" height=\"338\" title=\"&#8222;Zimn\u00e1 sez\u00f3na vo Vysok\u00fdch Tatr\u00e1ch bola \u00faspe\u0161n\u00e1&#8221; &#8212; Regi\u00f3n Vysok\u00e9 Tatry\" data-secret=\"GLxT1s8tTv\" frameborder=\"0\" marginwidth=\"0\" marginheight=\"0\" scrolling=\"no\" class=\"wp-embedded-content\"><\/iframe><script type=\"text\/javascript\">\n\/* <![CDATA[ *\/\n\/*! This file is auto-generated *\/\n!function(d,l){\"use strict\";l.querySelector&&d.addEventListener&&\"undefined\"!=typeof URL&&(d.wp=d.wp||{},d.wp.receiveEmbedMessage||(d.wp.receiveEmbedMessage=function(e){var t=e.data;if((t||t.secret||t.message||t.value)&&!\/[^a-zA-Z0-9]\/.test(t.secret)){for(var s,r,n,a=l.querySelectorAll('iframe[data-secret=\"'+t.secret+'\"]'),o=l.querySelectorAll('blockquote[data-secret=\"'+t.secret+'\"]'),c=new RegExp(\"^https?:$\",\"i\"),i=0;i<o.length;i++)o[i].style.display=\"none\";for(i=0;i<a.length;i++)s=a[i],e.source===s.contentWindow&&(s.removeAttribute(\"style\"),\"height\"===t.message?(1e3<(r=parseInt(t.value,10))?r=1e3:~~r<200&&(r=200),s.height=r):\"link\"===t.message&&(r=new URL(s.getAttribute(\"src\")),n=new URL(t.value),c.test(n.protocol))&&n.host===r.host&&l.activeElement===s&&(d.top.location.href=t.value))}},d.addEventListener(\"message\",d.wp.receiveEmbedMessage,!1),l.addEventListener(\"DOMContentLoaded\",function(){for(var e,t,s=l.querySelectorAll(\"iframe.wp-embedded-content\"),r=0;r<s.length;r++)(t=(e=s[r]).getAttribute(\"data-secret\"))||(t=Math.random().toString(36).substring(2,12),e.src+=\"#?secret=\"+t,e.setAttribute(\"data-secret\",t)),e.contentWindow.postMessage({message:\"ready\",secret:t},\"*\")},!1)))}(window,document);\n\/* ]]> *\/\n<\/script>\n","thumbnail_url":"https:\/\/regiontatry.sk\/wp-content\/uploads\/2018\/10\/lyzovacka_730-730x176-1.jpg","thumbnail_width":730,"thumbnail_height":176,"description":"STAR\u00dd SMOKOVEC (16. apr\u00edl 2018) Vysok\u00e9 Tatry sa aj v\u00a0zimnej sez\u00f3ne 2017 \u2013 2018 stali cie\u013eovou destin\u00e1ciou pre tis\u00edcky dovolenk\u00e1rov, ktor\u00ed svojim pobytom v\u00a0na\u0161ich ve\u013ehor\u00e1ch prispeli k\u00a0 \u00faspe\u0161nej sez\u00f3ne. Ani sme sa nenazdali a\u00a0priv\u00edtali sme v\u00edkend 14.-15.4.2018, kedy sa Tatranci l\u00fa\u010dili s\u00a0\u00faspe\u0161nou zimnou sez\u00f3nou 2017 \u2013 2018. Predbe\u017en\u00e9 \u010d\u00edsla za zimn\u00e9 mesiace potvrdzuj\u00fa trend rastu [&hellip;]"}