{"id":4769112,"date":"2020-06-26T08:17:12","date_gmt":"2020-06-26T06:17:12","guid":{"rendered":"https:\/\/regiontatry.sk\/event\/popradske-sobotne-prehliadky\/"},"modified":"2020-06-26T08:29:51","modified_gmt":"2020-06-26T06:29:51","slug":"popradske-sobotne-prehliadky","status":"publish","type":"event","link":"https:\/\/regiontatry.sk\/pl\/event\/popradske-sobotne-prehliadky\/","title":{"rendered":"Popradsk\u00e9 sobotn\u00e9 prehliadky"},"content":{"rendered":"\n<p>Po\u010das mesiacov j\u00fal a august bud\u00fa ma\u0165 n\u00e1v\u0161tevn\u00edci a turisti mo\u017enos\u0165 v Meste Poprad za\u017ei\u0165 \u0161peci\u00e1lne sobotn\u00e9 sprev\u00e1dzan\u00e9 prehliadky pre \u0161irok\u00fa verejnos\u0165 s rozli\u010dn\u00fdm zameran\u00edm. U\u017ei\u0165 si budete m\u00f4c\u0165 napr\u00edklad ve\u010dern\u00fa prehliadku n\u00e1mestia a kostola sv. Eg\u00eddia s v\u00fdstupom na ve\u017eu po\u010das z\u00e1padu slnka, prehliadku Spi\u0161skej Soboty, Ve\u013ekej, \u010di vych\u00e1dzku v mestskej \u010dasti Kvetnica s n\u00e1dhern\u00fdm v\u00fdh\u013eadom na Tatry. Spozn\u00e1te tie\u017e tajomstv\u00e1 v\u00fdroby lok\u00e1lnych produktov \u2013 ako napr. piva, destil\u00e1tov, \u010di br\u00fasen\u00e9ho kri\u0161t\u00e1\u013eu v popradsk\u00fdch prev\u00e1dzkach.<\/p>\n\n\n\n<ul class=\"wp-block-gallery columns-2 is-cropped wp-block-gallery-2 is-layout-flex wp-block-gallery-is-layout-flex\"><li class=\"blocks-gallery-item\"><figure><a href=\"https:\/\/regiontatry.sk\/wp-content\/uploads\/2020\/06\/jul-2020-2-2-724x1024.png\" data-rel=\"lightbox-image-0\" data-rl_title=\"\" data-rl_caption=\"\" title=\"\"><img loading=\"lazy\" decoding=\"async\" width=\"724\" height=\"1024\" src=\"https:\/\/regiontatry.sk\/wp-content\/uploads\/2020\/06\/jul-2020-2-2-724x1024.png\" alt=\"\" data-id=\"4769073\" data-link=\"https:\/\/regiontatry.sk\/event\/popradske-sobotne-prehliadky\/jul-2020-2-3\/\" class=\"wp-image-4769073\" srcset=\"https:\/\/regiontatry.sk\/wp-content\/uploads\/2020\/06\/jul-2020-2-2-724x1024.png 724w, https:\/\/regiontatry.sk\/wp-content\/uploads\/2020\/06\/jul-2020-2-2-212x300.png 212w, https:\/\/regiontatry.sk\/wp-content\/uploads\/2020\/06\/jul-2020-2-2-768x1086.png 768w, https:\/\/regiontatry.sk\/wp-content\/uploads\/2020\/06\/jul-2020-2-2-698x987.png 698w, https:\/\/regiontatry.sk\/wp-content\/uploads\/2020\/06\/jul-2020-2-2-552x781.png 552w, https:\/\/regiontatry.sk\/wp-content\/uploads\/2020\/06\/jul-2020-2-2.png 1414w\" sizes=\"(max-width: 724px) 100vw, 724px\" \/><\/a><\/figure><\/li><li class=\"blocks-gallery-item\"><figure><a href=\"https:\/\/regiontatry.sk\/wp-content\/uploads\/2020\/06\/jul-2020-1-1-724x1024.png\" data-rel=\"lightbox-image-1\" data-rl_title=\"\" data-rl_caption=\"\" title=\"\"><img loading=\"lazy\" decoding=\"async\" width=\"724\" height=\"1024\" src=\"https:\/\/regiontatry.sk\/wp-content\/uploads\/2020\/06\/jul-2020-1-1-724x1024.png\" alt=\"\" data-id=\"4769069\" data-link=\"https:\/\/regiontatry.sk\/event\/popradske-sobotne-prehliadky\/jul-2020-1-2\/\" class=\"wp-image-4769069\" srcset=\"https:\/\/regiontatry.sk\/wp-content\/uploads\/2020\/06\/jul-2020-1-1-724x1024.png 724w, https:\/\/regiontatry.sk\/wp-content\/uploads\/2020\/06\/jul-2020-1-1-212x300.png 212w, https:\/\/regiontatry.sk\/wp-content\/uploads\/2020\/06\/jul-2020-1-1-768x1086.png 768w, https:\/\/regiontatry.sk\/wp-content\/uploads\/2020\/06\/jul-2020-1-1-698x987.png 698w, https:\/\/regiontatry.sk\/wp-content\/uploads\/2020\/06\/jul-2020-1-1-552x781.png 552w, https:\/\/regiontatry.sk\/wp-content\/uploads\/2020\/06\/jul-2020-1-1.png 1414w\" sizes=\"(max-width: 724px) 100vw, 724px\" \/><\/a><\/figure><\/li><li class=\"blocks-gallery-item\"><figure><a href=\"https:\/\/regiontatry.sk\/wp-content\/uploads\/2020\/06\/jul-2020-3-2-724x1024.png\" data-rel=\"lightbox-image-2\" data-rl_title=\"\" data-rl_caption=\"\" title=\"\"><img loading=\"lazy\" decoding=\"async\" width=\"724\" height=\"1024\" src=\"https:\/\/regiontatry.sk\/wp-content\/uploads\/2020\/06\/jul-2020-3-2-724x1024.png\" alt=\"\" data-id=\"4769077\" data-link=\"https:\/\/regiontatry.sk\/event\/popradske-sobotne-prehliadky\/jul-2020-3-3\/\" class=\"wp-image-4769077\" srcset=\"https:\/\/regiontatry.sk\/wp-content\/uploads\/2020\/06\/jul-2020-3-2-724x1024.png 724w, https:\/\/regiontatry.sk\/wp-content\/uploads\/2020\/06\/jul-2020-3-2-212x300.png 212w, https:\/\/regiontatry.sk\/wp-content\/uploads\/2020\/06\/jul-2020-3-2-768x1086.png 768w, https:\/\/regiontatry.sk\/wp-content\/uploads\/2020\/06\/jul-2020-3-2-698x987.png 698w, https:\/\/regiontatry.sk\/wp-content\/uploads\/2020\/06\/jul-2020-3-2-552x781.png 552w, https:\/\/regiontatry.sk\/wp-content\/uploads\/2020\/06\/jul-2020-3-2.png 1414w\" sizes=\"(max-width: 724px) 100vw, 724px\" \/><\/a><\/figure><\/li><li class=\"blocks-gallery-item\"><figure><a href=\"https:\/\/regiontatry.sk\/wp-content\/uploads\/2020\/06\/jul-2020-4-2-724x1024.png\" data-rel=\"lightbox-image-3\" data-rl_title=\"\" data-rl_caption=\"\" title=\"\"><img loading=\"lazy\" decoding=\"async\" width=\"724\" height=\"1024\" src=\"https:\/\/regiontatry.sk\/wp-content\/uploads\/2020\/06\/jul-2020-4-2-724x1024.png\" alt=\"\" data-id=\"4769081\" data-link=\"https:\/\/regiontatry.sk\/event\/popradske-sobotne-prehliadky\/jul-2020-4-3\/\" class=\"wp-image-4769081\" srcset=\"https:\/\/regiontatry.sk\/wp-content\/uploads\/2020\/06\/jul-2020-4-2-724x1024.png 724w, https:\/\/regiontatry.sk\/wp-content\/uploads\/2020\/06\/jul-2020-4-2-212x300.png 212w, https:\/\/regiontatry.sk\/wp-content\/uploads\/2020\/06\/jul-2020-4-2-768x1086.png 768w, https:\/\/regiontatry.sk\/wp-content\/uploads\/2020\/06\/jul-2020-4-2-698x987.png 698w, https:\/\/regiontatry.sk\/wp-content\/uploads\/2020\/06\/jul-2020-4-2-552x781.png 552w, https:\/\/regiontatry.sk\/wp-content\/uploads\/2020\/06\/jul-2020-4-2.png 1414w\" sizes=\"(max-width: 724px) 100vw, 724px\" \/><\/a><\/figure><\/li><li class=\"blocks-gallery-item\"><figure><a href=\"https:\/\/regiontatry.sk\/wp-content\/uploads\/2020\/06\/jul-2020-5-2-724x1024.png\" data-rel=\"lightbox-image-4\" data-rl_title=\"\" data-rl_caption=\"\" title=\"\"><img loading=\"lazy\" decoding=\"async\" width=\"724\" height=\"1024\" src=\"https:\/\/regiontatry.sk\/wp-content\/uploads\/2020\/06\/jul-2020-5-2-724x1024.png\" alt=\"\" data-id=\"4769085\" data-link=\"https:\/\/regiontatry.sk\/event\/popradske-sobotne-prehliadky\/jul-2020-5-3\/\" class=\"wp-image-4769085\" srcset=\"https:\/\/regiontatry.sk\/wp-content\/uploads\/2020\/06\/jul-2020-5-2-724x1024.png 724w, https:\/\/regiontatry.sk\/wp-content\/uploads\/2020\/06\/jul-2020-5-2-212x300.png 212w, https:\/\/regiontatry.sk\/wp-content\/uploads\/2020\/06\/jul-2020-5-2-768x1086.png 768w, https:\/\/regiontatry.sk\/wp-content\/uploads\/2020\/06\/jul-2020-5-2-698x987.png 698w, https:\/\/regiontatry.sk\/wp-content\/uploads\/2020\/06\/jul-2020-5-2-552x781.png 552w, https:\/\/regiontatry.sk\/wp-content\/uploads\/2020\/06\/jul-2020-5-2.png 1414w\" sizes=\"(max-width: 724px) 100vw, 724px\" \/><\/a><\/figure><\/li><li class=\"blocks-gallery-item\"><figure><a href=\"https:\/\/regiontatry.sk\/wp-content\/uploads\/2020\/06\/august-2020-2-1-724x1024.png\" data-rel=\"lightbox-image-5\" data-rl_title=\"\" data-rl_caption=\"\" title=\"\"><img loading=\"lazy\" decoding=\"async\" width=\"724\" height=\"1024\" src=\"https:\/\/regiontatry.sk\/wp-content\/uploads\/2020\/06\/august-2020-2-1-724x1024.png\" alt=\"\" data-id=\"4769093\" data-link=\"https:\/\/regiontatry.sk\/event\/popradske-sobotne-prehliadky\/august-2020-2-2\/\" class=\"wp-image-4769093\" srcset=\"https:\/\/regiontatry.sk\/wp-content\/uploads\/2020\/06\/august-2020-2-1-724x1024.png 724w, https:\/\/regiontatry.sk\/wp-content\/uploads\/2020\/06\/august-2020-2-1-212x300.png 212w, https:\/\/regiontatry.sk\/wp-content\/uploads\/2020\/06\/august-2020-2-1-768x1086.png 768w, https:\/\/regiontatry.sk\/wp-content\/uploads\/2020\/06\/august-2020-2-1-698x987.png 698w, https:\/\/regiontatry.sk\/wp-content\/uploads\/2020\/06\/august-2020-2-1-552x781.png 552w, https:\/\/regiontatry.sk\/wp-content\/uploads\/2020\/06\/august-2020-2-1.png 1414w\" sizes=\"(max-width: 724px) 100vw, 724px\" \/><\/a><\/figure><\/li><li class=\"blocks-gallery-item\"><figure><a href=\"https:\/\/regiontatry.sk\/wp-content\/uploads\/2020\/06\/august-2020-1-1-724x1024.png\" data-rel=\"lightbox-image-6\" data-rl_title=\"\" data-rl_caption=\"\" title=\"\"><img loading=\"lazy\" decoding=\"async\" width=\"724\" height=\"1024\" src=\"https:\/\/regiontatry.sk\/wp-content\/uploads\/2020\/06\/august-2020-1-1-724x1024.png\" alt=\"\" data-id=\"4769089\" data-link=\"https:\/\/regiontatry.sk\/event\/popradske-sobotne-prehliadky\/august-2020-1-2\/\" class=\"wp-image-4769089\" srcset=\"https:\/\/regiontatry.sk\/wp-content\/uploads\/2020\/06\/august-2020-1-1-724x1024.png 724w, https:\/\/regiontatry.sk\/wp-content\/uploads\/2020\/06\/august-2020-1-1-212x300.png 212w, https:\/\/regiontatry.sk\/wp-content\/uploads\/2020\/06\/august-2020-1-1-768x1086.png 768w, https:\/\/regiontatry.sk\/wp-content\/uploads\/2020\/06\/august-2020-1-1-698x987.png 698w, https:\/\/regiontatry.sk\/wp-content\/uploads\/2020\/06\/august-2020-1-1-552x781.png 552w, https:\/\/regiontatry.sk\/wp-content\/uploads\/2020\/06\/august-2020-1-1.png 1414w\" sizes=\"(max-width: 724px) 100vw, 724px\" \/><\/a><\/figure><\/li><li class=\"blocks-gallery-item\"><figure><a href=\"https:\/\/regiontatry.sk\/wp-content\/uploads\/2020\/06\/august-2020-3-1-724x1024.png\" data-rel=\"lightbox-image-7\" data-rl_title=\"\" data-rl_caption=\"\" title=\"\"><img loading=\"lazy\" decoding=\"async\" width=\"724\" height=\"1024\" src=\"https:\/\/regiontatry.sk\/wp-content\/uploads\/2020\/06\/august-2020-3-1-724x1024.png\" alt=\"\" data-id=\"4769097\" data-link=\"https:\/\/regiontatry.sk\/event\/popradske-sobotne-prehliadky\/august-2020-3-2\/\" class=\"wp-image-4769097\" srcset=\"https:\/\/regiontatry.sk\/wp-content\/uploads\/2020\/06\/august-2020-3-1-724x1024.png 724w, https:\/\/regiontatry.sk\/wp-content\/uploads\/2020\/06\/august-2020-3-1-212x300.png 212w, https:\/\/regiontatry.sk\/wp-content\/uploads\/2020\/06\/august-2020-3-1-768x1086.png 768w, https:\/\/regiontatry.sk\/wp-content\/uploads\/2020\/06\/august-2020-3-1-698x987.png 698w, https:\/\/regiontatry.sk\/wp-content\/uploads\/2020\/06\/august-2020-3-1-552x781.png 552w, https:\/\/regiontatry.sk\/wp-content\/uploads\/2020\/06\/august-2020-3-1.png 1414w\" sizes=\"(max-width: 724px) 100vw, 724px\" \/><\/a><\/figure><\/li><li class=\"blocks-gallery-item\"><figure><a href=\"https:\/\/regiontatry.sk\/wp-content\/uploads\/2020\/06\/august-2020-4-1-724x1024.png\" data-rel=\"lightbox-image-8\" data-rl_title=\"\" data-rl_caption=\"\" title=\"\"><img loading=\"lazy\" decoding=\"async\" width=\"724\" height=\"1024\" src=\"https:\/\/regiontatry.sk\/wp-content\/uploads\/2020\/06\/august-2020-4-1-724x1024.png\" alt=\"\" data-id=\"4769101\" data-link=\"https:\/\/regiontatry.sk\/event\/popradske-sobotne-prehliadky\/august-2020-4-2\/\" class=\"wp-image-4769101\" srcset=\"https:\/\/regiontatry.sk\/wp-content\/uploads\/2020\/06\/august-2020-4-1-724x1024.png 724w, https:\/\/regiontatry.sk\/wp-content\/uploads\/2020\/06\/august-2020-4-1-212x300.png 212w, https:\/\/regiontatry.sk\/wp-content\/uploads\/2020\/06\/august-2020-4-1-768x1086.png 768w, https:\/\/regiontatry.sk\/wp-content\/uploads\/2020\/06\/august-2020-4-1-698x987.png 698w, https:\/\/regiontatry.sk\/wp-content\/uploads\/2020\/06\/august-2020-4-1-552x781.png 552w, https:\/\/regiontatry.sk\/wp-content\/uploads\/2020\/06\/august-2020-4-1.png 1414w\" sizes=\"(max-width: 724px) 100vw, 724px\" \/><\/a><\/figure><\/li><li class=\"blocks-gallery-item\"><figure><a href=\"https:\/\/regiontatry.sk\/wp-content\/uploads\/2020\/06\/august-2020-5-1-724x1024.png\" data-rel=\"lightbox-image-9\" data-rl_title=\"\" data-rl_caption=\"\" title=\"\"><img loading=\"lazy\" decoding=\"async\" width=\"724\" height=\"1024\" src=\"https:\/\/regiontatry.sk\/wp-content\/uploads\/2020\/06\/august-2020-5-1-724x1024.png\" alt=\"\" data-id=\"4769105\" data-link=\"https:\/\/regiontatry.sk\/event\/popradske-sobotne-prehliadky\/august-2020-5-2\/\" class=\"wp-image-4769105\" srcset=\"https:\/\/regiontatry.sk\/wp-content\/uploads\/2020\/06\/august-2020-5-1-724x1024.png 724w, https:\/\/regiontatry.sk\/wp-content\/uploads\/2020\/06\/august-2020-5-1-212x300.png 212w, https:\/\/regiontatry.sk\/wp-content\/uploads\/2020\/06\/august-2020-5-1-768x1086.png 768w, https:\/\/regiontatry.sk\/wp-content\/uploads\/2020\/06\/august-2020-5-1-698x987.png 698w, https:\/\/regiontatry.sk\/wp-content\/uploads\/2020\/06\/august-2020-5-1-552x781.png 552w, https:\/\/regiontatry.sk\/wp-content\/uploads\/2020\/06\/august-2020-5-1.png 1414w\" sizes=\"(max-width: 724px) 100vw, 724px\" \/><\/a><\/figure><\/li><\/ul>\n\n\n\n<div style=\"height:100px\" aria-hidden=\"true\" class=\"wp-block-spacer\"><\/div>\n\n\n\n<p>Od pondelka do piatka s\u00fa pre v\u00e1s pripraven\u00e9 aj pravideln\u00e9 prehliadky n\u00e1mestia a\u00a0Kostola sv. Eg\u00eddia s\u00a0v\u00fdstupom na kostoln\u00fa ve\u017eu.<\/p>\n\n\n\n<figure class=\"wp-block-image\"><img loading=\"lazy\" decoding=\"async\" width=\"2480\" height=\"3508\" src=\"https:\/\/regiontatry.sk\/wp-content\/uploads\/2020\/06\/kostol-veza.png\" alt=\"\" class=\"wp-image-4769007\" srcset=\"https:\/\/regiontatry.sk\/wp-content\/uploads\/2020\/06\/kostol-veza.png 2480w, https:\/\/regiontatry.sk\/wp-content\/uploads\/2020\/06\/kostol-veza-212x300.png 212w, https:\/\/regiontatry.sk\/wp-content\/uploads\/2020\/06\/kostol-veza-768x1086.png 768w, https:\/\/regiontatry.sk\/wp-content\/uploads\/2020\/06\/kostol-veza-724x1024.png 724w, https:\/\/regiontatry.sk\/wp-content\/uploads\/2020\/06\/kostol-veza-1920x2716.png 1920w, https:\/\/regiontatry.sk\/wp-content\/uploads\/2020\/06\/kostol-veza-1705x2412.png 1705w, https:\/\/regiontatry.sk\/wp-content\/uploads\/2020\/06\/kostol-veza-698x987.png 698w, https:\/\/regiontatry.sk\/wp-content\/uploads\/2020\/06\/kostol-veza-552x781.png 552w\" sizes=\"(max-width: 2480px) 100vw, 2480px\" \/><\/figure>\n\n\n\n<p><br><\/p>\n","protected":false},"excerpt":{"rendered":"<p>Po\u010das mesiacov j\u00fal a august bud\u00fa ma\u0165 n\u00e1v\u0161tevn\u00edci a turisti mo\u017enos\u0165 v Meste Poprad za\u017ei\u0165 \u0161peci\u00e1lne sobotn\u00e9 sprev\u00e1dzan\u00e9 prehliadky pre \u0161irok\u00fa verejnos\u0165 s rozli\u010dn\u00fdm zameran\u00edm. U\u017ei\u0165 si budete m\u00f4c\u0165 napr\u00edklad ve\u010dern\u00fa prehliadku n\u00e1mestia a kostola sv. Eg\u00eddia s v\u00fdstupom na ve\u017eu po\u010das z\u00e1padu slnka, prehliadku Spi\u0161skej Soboty, Ve\u013ekej, \u010di vych\u00e1dzku v mestskej \u010dasti Kvetnica s [&hellip;]<\/p>\n","protected":false},"featured_media":4769010,"template":"","categories":[],"class_list":["post-4769112","event","type-event","status-publish","has-post-thumbnail","hentry"],"more_info":{"galeria":false,"datum_od_do_enabled":false,"datum_od":null,"datum_do":null,"viac_datumov":true,"datumy":[{"datum":"04.07.2020"},{"datum":"11.07.2020"},{"datum":"18.07.2020"},{"datum":"25.07.2020"},{"datum":"01.08.2020"},{"datum":"08.08.2020"},{"datum":"15.08.2020"},{"datum":"22.08.2020"}],"cas_od":"","cas_do":"","miesto_konania":"Poprad","cena_enabled":false,"ceny":null,"telefon":"","email":"","web_listkov":"","web_podujatia":"https:\/\/www.visitpoprad.sk\/"},"_links":{"self":[{"href":"https:\/\/regiontatry.sk\/pl\/wp-json\/wp\/v2\/events\/4769112"}],"collection":[{"href":"https:\/\/regiontatry.sk\/pl\/wp-json\/wp\/v2\/events"}],"about":[{"href":"https:\/\/regiontatry.sk\/pl\/wp-json\/wp\/v2\/types\/event"}],"version-history":[{"count":5,"href":"https:\/\/regiontatry.sk\/pl\/wp-json\/wp\/v2\/events\/4769112\/revisions"}],"predecessor-version":[{"id":4769139,"href":"https:\/\/regiontatry.sk\/pl\/wp-json\/wp\/v2\/events\/4769112\/revisions\/4769139"}],"wp:featuredmedia":[{"embeddable":true,"href":"https:\/\/regiontatry.sk\/pl\/wp-json\/wp\/v2\/media\/4769010"}],"wp:attachment":[{"href":"https:\/\/regiontatry.sk\/pl\/wp-json\/wp\/v2\/media?parent=4769112"}],"wp:term":[{"taxonomy":"category","embeddable":true,"href":"https:\/\/regiontatry.sk\/pl\/wp-json\/wp\/v2\/categories?post=4769112"}],"curies":[{"name":"wp","href":"https:\/\/api.w.org\/{rel}","templated":true}]}}