{"id":15999,"date":"2018-09-28T08:42:02","date_gmt":"2018-09-28T06:42:02","guid":{"rendered":"https:\/\/regiontatry.sk\/lyzovanie\/ski-aqua-bus\/"},"modified":"2026-03-16T10:08:45","modified_gmt":"2026-03-16T09:08:45","slug":"ski-aqua-bus","status":"publish","type":"page","link":"https:\/\/regiontatry.sk\/pl\/narciarstwo\/ski-aqua-bus\/","title":{"rendered":"SKI &#038; AQUA BUS"},"content":{"rendered":"\n<p class=\"has-text-align-center\">W sezonie zimowym kursuje g\u0142\u00f3wnie <strong>dla<\/strong> <strong>narciarzy i posiadaczy karty GOPASS<\/strong>&nbsp;<strong>transport regionalny<\/strong> <strong>SKI &amp; AQUA BUS<\/strong>,<strong>&nbsp;<\/strong>wygodnie i&nbsp;<strong>bezp\u0142atnie przewiezie narciarzy do o\u015brodk\u00f3w narciarskich Tatrza\u0144ska \u0141omnica, Jezioro Szczyrbskie<\/strong>&nbsp;oraz do aquaparku<strong>&nbsp;AquaCity<\/strong>&nbsp;<strong>Poprad<\/strong>. Wybrane linie skibus\u00f3w b\u0119d\u0105 kursowa\u0107 w terminie od <strong>6 grudnia 2025 r. do 6 kwietnia 2026 <\/strong>r., zgodnie z za\u0142\u0105czonymi wykresami.<br><\/p>\n\n\n\n<h2 class=\"wp-block-heading has-text-align-center\"><span style=\"color: #3366ff;\"><strong><br>JEZIORO SZCZYRBSKIE \u2013 Linia nr 1A \u2013&nbsp;&nbsp; Transport wahad\u0142owy<\/strong><\/span><\/h2>\n\n\n\n<h4 class=\"wp-block-heading\"><strong>&nbsp; <\/strong><\/h4>\n\n\n\n<h4 class=\"wp-block-heading has-text-align-center\">Jezioro Szczyrbskie, parking centralny &#8211; o\u015brodek narciarski<\/h4>\n\n\n\n<h4 class=\"wp-block-heading has-text-align-center\">Linia kursuje:<\/h4>\n\n\n\n<h4 class=\"wp-block-heading\">&nbsp;<\/h4>\n\n\n\n<h3 class=\"wp-block-heading has-text-align-center\">Linia 1A kursuje:<\/h3>\n\n\n\n<h4 class=\"wp-block-heading has-text-align-center\"><span style=\"color: #3366ff;\">CODZIENNIE<\/span> w godzinach <span style=\"color: #3366ff;\">08:00 \u2013 16:30 w okresie od 26.12.2025 &#8211; 29.3.2026<\/span><\/h4>\n\n\n\n<h4 class=\"wp-block-heading has-text-align-center\"><span style=\"color: #3366ff;\">KURSY WEEKENDOWE: <\/span><span style=\"color: #3366ff;\">2. &#8211; 6.4.2026, <\/span>zgodnie z poni\u017cszym rozk\u0142adem:<\/h4>\n\n\n\n<h4 class=\"wp-block-heading has-text-align-center\"><span style=\"color: #3366ff;\">&nbsp;<\/span>zgodnie z poni\u017cszym rozk\u0142adem:<\/h4>\n\n\n\n<figure class=\"wp-block-gallery aligncenter has-nested-images columns-default is-cropped wp-block-gallery-2 is-layout-flex wp-block-gallery-is-layout-flex\">\n<figure class=\"wp-block-image size-full\"><img loading=\"lazy\" decoding=\"async\" width=\"1326\" height=\"1839\" data-id=\"13309646\" src=\"https:\/\/regiontatry.sk\/wp-content\/uploads\/2026\/03\/Linka_1A_S.-Pleso_grafikony_-vikendova-prevadzka-do-6.4.2026.jpg\" alt=\"\" class=\"wp-image-13309646\" srcset=\"https:\/\/regiontatry.sk\/wp-content\/uploads\/2026\/03\/Linka_1A_S.-Pleso_grafikony_-vikendova-prevadzka-do-6.4.2026.jpg 1326w, https:\/\/regiontatry.sk\/wp-content\/uploads\/2026\/03\/Linka_1A_S.-Pleso_grafikony_-vikendova-prevadzka-do-6.4.2026-216x300.jpg 216w, https:\/\/regiontatry.sk\/wp-content\/uploads\/2026\/03\/Linka_1A_S.-Pleso_grafikony_-vikendova-prevadzka-do-6.4.2026-738x1024.jpg 738w, https:\/\/regiontatry.sk\/wp-content\/uploads\/2026\/03\/Linka_1A_S.-Pleso_grafikony_-vikendova-prevadzka-do-6.4.2026-768x1065.jpg 768w, https:\/\/regiontatry.sk\/wp-content\/uploads\/2026\/03\/Linka_1A_S.-Pleso_grafikony_-vikendova-prevadzka-do-6.4.2026-1108x1536.jpg 1108w, https:\/\/regiontatry.sk\/wp-content\/uploads\/2026\/03\/Linka_1A_S.-Pleso_grafikony_-vikendova-prevadzka-do-6.4.2026-860x1193.jpg 860w, https:\/\/regiontatry.sk\/wp-content\/uploads\/2026\/03\/Linka_1A_S.-Pleso_grafikony_-vikendova-prevadzka-do-6.4.2026-698x968.jpg 698w, https:\/\/regiontatry.sk\/wp-content\/uploads\/2026\/03\/Linka_1A_S.-Pleso_grafikony_-vikendova-prevadzka-do-6.4.2026-552x766.jpg 552w\" sizes=\"(max-width: 1326px) 100vw, 1326px\" \/><\/figure>\n\n\n\n<figure class=\"wp-block-image size-full\"><img loading=\"lazy\" decoding=\"async\" width=\"1264\" height=\"1778\" data-id=\"13309638\" src=\"https:\/\/regiontatry.sk\/wp-content\/uploads\/2026\/03\/grafikon-SP_Denna-prevadzka.jpg\" alt=\"\" class=\"wp-image-13309638\" srcset=\"https:\/\/regiontatry.sk\/wp-content\/uploads\/2026\/03\/grafikon-SP_Denna-prevadzka.jpg 1264w, https:\/\/regiontatry.sk\/wp-content\/uploads\/2026\/03\/grafikon-SP_Denna-prevadzka-213x300.jpg 213w, https:\/\/regiontatry.sk\/wp-content\/uploads\/2026\/03\/grafikon-SP_Denna-prevadzka-728x1024.jpg 728w, https:\/\/regiontatry.sk\/wp-content\/uploads\/2026\/03\/grafikon-SP_Denna-prevadzka-768x1080.jpg 768w, https:\/\/regiontatry.sk\/wp-content\/uploads\/2026\/03\/grafikon-SP_Denna-prevadzka-1092x1536.jpg 1092w, https:\/\/regiontatry.sk\/wp-content\/uploads\/2026\/03\/grafikon-SP_Denna-prevadzka-860x1210.jpg 860w, https:\/\/regiontatry.sk\/wp-content\/uploads\/2026\/03\/grafikon-SP_Denna-prevadzka-698x982.jpg 698w, https:\/\/regiontatry.sk\/wp-content\/uploads\/2026\/03\/grafikon-SP_Denna-prevadzka-552x776.jpg 552w\" sizes=\"(max-width: 1264px) 100vw, 1264px\" \/><\/figure>\n<\/figure>\n\n\n\n<p>* w przypadku transportu wahad\u0142owego w o\u015brodku Jezioro Szczyrbskie oraz w przypadku wolnych miejsc SKIBUSU istnieje mo\u017cliwo\u015b\u0107 transportu os\u00f3b pieszych, przy czym pierwsze\u0144stwo w autobusie maj\u0105 pasa\u017cerowie ze sprz\u0119tem narciarskim <\/p>\n\n\n\n<p><strong>Infolinia SKIBUS w Jeziorze Szczyrbskim +421 910 448 970<\/strong><\/p>\n\n\n\n<h2 class=\"wp-block-heading has-text-align-center has-vivid-red-color has-text-color has-link-color wp-elements-dee46112cafab7e68638211d89fe8a5b\"><span style=\"color: #3366ff;\"><strong>JEZIORO SZCZYRBSKIE \u2013 Linia nr 1b \u2013 Linia hotelowa <\/strong><\/span><\/h2>\n\n\n\n<h3 class=\"wp-block-heading\"><strong>&nbsp;<\/strong><\/h3>\n\n\n\n<h4 class=\"wp-block-heading has-text-align-center\">Pension Pleso \u2013 SHB Hostel \u2013 Helios- Hotel Patria**** \u2013 o\u015brodek narciarski<\/h4>\n\n\n\n<h4 class=\"wp-block-heading has-text-align-center has-vivid-red-color has-text-color has-link-color wp-elements-0a557465c160a99171a60bb4b931183e\">Linia kursuje:<br><span style=\"color: #3366ff;\">CODZIENNIE<\/span> w okresie <span style=\"color: #3366ff;\">26.12. 2025 -08.03.2026<\/span> &#8211; DZIA\u0141ALNO\u015a\u0106 SKIBUSU ZAKO\u0143CZONA<\/h4>\n\n\n\n<h4 class=\"wp-block-heading has-text-align-center\"><strong><em><br><\/em><\/strong><span style=\"color: #3366ff;\">KURSY WEEKENDOWE<\/span> w okresie <span style=\"color: #3366ff;\"><em>14.-15.3., 21-22.3., 28-29.3., 3-6.4.2026<\/em><\/span><\/h4>\n\n\n\n<h4 class=\"wp-block-heading has-text-align-center\">&nbsp;zgodnie z poni\u017cszym rozk\u0142adem:<\/h4>\n\n\n\n<p> <strong>Infolinia SKIBUS w Jeziorze Szczyrbskim +421 910 448 970<\/strong> <br><\/p>\n\n\n<div class=\"wp-block-image\">\n<figure class=\"aligncenter size-full is-resized\"><a href=\"https:\/\/regiontatry.sk\/wp-content\/uploads\/2025\/12\/Linka-1B_S.-Pleso_grafikony.jpg\" data-rel=\"lightbox-image-0\" data-rl_title=\"\" data-rl_caption=\"\" title=\"\"><img loading=\"lazy\" decoding=\"async\" width=\"1240\" height=\"1754\" src=\"https:\/\/regiontatry.sk\/wp-content\/uploads\/2025\/12\/Linka-1B_S.-Pleso_grafikony.jpg\" alt=\"\" class=\"wp-image-13171558\" style=\"width:576px;height:auto\" srcset=\"https:\/\/regiontatry.sk\/wp-content\/uploads\/2025\/12\/Linka-1B_S.-Pleso_grafikony.jpg 1240w, https:\/\/regiontatry.sk\/wp-content\/uploads\/2025\/12\/Linka-1B_S.-Pleso_grafikony-212x300.jpg 212w, https:\/\/regiontatry.sk\/wp-content\/uploads\/2025\/12\/Linka-1B_S.-Pleso_grafikony-724x1024.jpg 724w, https:\/\/regiontatry.sk\/wp-content\/uploads\/2025\/12\/Linka-1B_S.-Pleso_grafikony-768x1086.jpg 768w, https:\/\/regiontatry.sk\/wp-content\/uploads\/2025\/12\/Linka-1B_S.-Pleso_grafikony-1086x1536.jpg 1086w, https:\/\/regiontatry.sk\/wp-content\/uploads\/2025\/12\/Linka-1B_S.-Pleso_grafikony-860x1216.jpg 860w, https:\/\/regiontatry.sk\/wp-content\/uploads\/2025\/12\/Linka-1B_S.-Pleso_grafikony-698x987.jpg 698w, https:\/\/regiontatry.sk\/wp-content\/uploads\/2025\/12\/Linka-1B_S.-Pleso_grafikony-552x781.jpg 552w\" sizes=\"(max-width: 1240px) 100vw, 1240px\" \/><\/a><\/figure><\/div>\n\n\n<h2 class=\"wp-block-heading has-text-align-center has-vivid-red-color has-text-color has-link-color wp-elements-6de0f605aa336c5d68d2d22a8f355285\"><span style=\"\"><font color=\"#3366ff\">TATRZA\u0143SKA \u0141OMNICA, STARY SMOKOWIEC \u2013 KURSUJE MINI BUS<\/font> <\/span><span style=\"color: #3366ff;\"><strong>&nbsp;<\/strong><\/span>&#8211; DZIA\u0141ALNO\u015a\u0106 SKIBUSU ZAKO\u0143CZONA<\/h2>\n\n\n\n<h3 class=\"wp-block-heading\"><span style=\"color: #3366ff;\"><strong>&nbsp;<\/strong><\/span><strong>&nbsp;<\/strong><\/h3>\n\n\n\n<h4 class=\"wp-block-heading has-text-align-center\"><span style=\"color: #3366ff;\">Linia nr 2:<\/span>  Tatrza\u0144skie Zruby \u2013 Nowy Smokowiec \u2013 Stary Smokowiec \u2013 G\u00f3rny Smokowiec \u2013 Tatrza\u0144ska Le\u015bna \u2013 Tatrza\u0144ska \u0141omnica, o\u015brodek narciarski i z powrotem<\/h4>\n\n\n\n<p><\/p>\n\n\n\n<h4 class=\"wp-block-heading has-text-align-center\">Linia kursuje <span style=\"color: #3366ff;\">CODZIENNIE<\/span> w terminie <span style=\"color: #3366ff;\">od 26.12.2025 do 08.03.2026<\/span>, zgodnie z poni\u017cszym rozk\u0142adem:<\/h4>\n\n\n\n<p><strong>Linia informacyjna SKIBUSa w kierunku Tatrza\u0144skiej \u0141omnicy  +421 919 167 520<\/strong> <\/p>\n\n\n<div class=\"wp-block-image\">\n<figure class=\"aligncenter size-full is-resized\"><a href=\"https:\/\/regiontatry.sk\/wp-content\/uploads\/2025\/12\/Linka-2_-T.-Lomnica-Zruby_grafikony.jpg\" data-rel=\"lightbox-image-1\" data-rl_title=\"\" data-rl_caption=\"\" title=\"\"><img loading=\"lazy\" decoding=\"async\" width=\"1240\" height=\"1754\" src=\"https:\/\/regiontatry.sk\/wp-content\/uploads\/2025\/12\/Linka-2_-T.-Lomnica-Zruby_grafikony.jpg\" alt=\"\" class=\"wp-image-13171566\" style=\"width:564px;height:auto\" srcset=\"https:\/\/regiontatry.sk\/wp-content\/uploads\/2025\/12\/Linka-2_-T.-Lomnica-Zruby_grafikony.jpg 1240w, https:\/\/regiontatry.sk\/wp-content\/uploads\/2025\/12\/Linka-2_-T.-Lomnica-Zruby_grafikony-212x300.jpg 212w, https:\/\/regiontatry.sk\/wp-content\/uploads\/2025\/12\/Linka-2_-T.-Lomnica-Zruby_grafikony-724x1024.jpg 724w, https:\/\/regiontatry.sk\/wp-content\/uploads\/2025\/12\/Linka-2_-T.-Lomnica-Zruby_grafikony-768x1086.jpg 768w, https:\/\/regiontatry.sk\/wp-content\/uploads\/2025\/12\/Linka-2_-T.-Lomnica-Zruby_grafikony-1086x1536.jpg 1086w, https:\/\/regiontatry.sk\/wp-content\/uploads\/2025\/12\/Linka-2_-T.-Lomnica-Zruby_grafikony-860x1216.jpg 860w, https:\/\/regiontatry.sk\/wp-content\/uploads\/2025\/12\/Linka-2_-T.-Lomnica-Zruby_grafikony-698x987.jpg 698w, https:\/\/regiontatry.sk\/wp-content\/uploads\/2025\/12\/Linka-2_-T.-Lomnica-Zruby_grafikony-552x781.jpg 552w\" sizes=\"(max-width: 1240px) 100vw, 1240px\" \/><\/a><\/figure><\/div>\n\n\n<h2 class=\"wp-block-heading has-text-align-center has-vivid-red-color has-text-color has-link-color wp-elements-599b86612fac79f8119ec912bbed4b37\"><span style=\"color: #3366ff;\"><strong><br>TATRZA\u0143SKA \u0141OMNICA, POPRAD AQUACITY \u2013 KURSUJE MINI BUS <\/strong><\/span>&#8211; DZIA\u0141ALNO\u015a\u0106 SKIBUSU ZAKO\u0143CZONA<\/h2>\n\n\n\n<h3 class=\"wp-block-heading\"><span style=\"color: #3366ff;\"><strong>&nbsp;<\/strong><\/span><\/h3>\n\n\n\n<h4 class=\"wp-block-heading has-text-align-center\"><span style=\"color: #3366ff;\">Linia nr 3: <\/span><strong>Aquacity, Poprad \u2013 Ve\u013ek\u00e1 Lomnica \u2013 Star\u00e1 Lesn\u00e1 <\/strong>\u2013 Tatrza\u0144ska \u0141omnica \u2013 1x rano i 2x po po\u0142udniu<\/h4>\n\n\n\n<h4 class=\"wp-block-heading\">&nbsp;<\/h4>\n\n\n\n<h4 class=\"wp-block-heading has-text-align-center\"><span style=\"color: #3366ff;\">Linia nr 3<\/span> kursuje <span style=\"color: #3366ff;\">CODZIENNIE w okresie 26.12.2025 \u2013 31.12. 2025 i 1.1.-7.1.2026<\/span>, <span style=\"color: #3366ff;\">14.2-8.3.2026<\/span><\/h4>\n\n\n\n<p><\/p>\n\n\n\n<h4 class=\"wp-block-heading has-text-align-center\"><span style=\"color: #3366ff;\">KURSY WEEKENDOWE (sobota, niedziela): 10.01.2026 \u2013 8.02.2026<\/span>, zgodnie z poni\u017cszym rozk\u0142adem:<\/h4>\n\n\n\n<p><strong>Linia informacyjna SKIBUSa w kierunku Tatrza\u0144skiej \u0141omnicy  +421 919 167 520<\/strong> <\/p>\n\n\n<div class=\"wp-block-image\">\n<figure class=\"aligncenter size-full is-resized\"><a href=\"https:\/\/regiontatry.sk\/wp-content\/uploads\/2026\/02\/Linka-3_T.-Lomnica-Aquacity_-grafikony_opraveny_page-0001.jpg\" data-rel=\"lightbox-image-2\" data-rl_title=\"\" data-rl_caption=\"\" title=\"\"><img loading=\"lazy\" decoding=\"async\" width=\"1327\" height=\"1841\" src=\"https:\/\/regiontatry.sk\/wp-content\/uploads\/2026\/02\/Linka-3_T.-Lomnica-Aquacity_-grafikony_opraveny_page-0001.jpg\" alt=\"\" class=\"wp-image-13268261\" style=\"width:580px;height:auto\" srcset=\"https:\/\/regiontatry.sk\/wp-content\/uploads\/2026\/02\/Linka-3_T.-Lomnica-Aquacity_-grafikony_opraveny_page-0001.jpg 1327w, https:\/\/regiontatry.sk\/wp-content\/uploads\/2026\/02\/Linka-3_T.-Lomnica-Aquacity_-grafikony_opraveny_page-0001-216x300.jpg 216w, https:\/\/regiontatry.sk\/wp-content\/uploads\/2026\/02\/Linka-3_T.-Lomnica-Aquacity_-grafikony_opraveny_page-0001-738x1024.jpg 738w, https:\/\/regiontatry.sk\/wp-content\/uploads\/2026\/02\/Linka-3_T.-Lomnica-Aquacity_-grafikony_opraveny_page-0001-768x1065.jpg 768w, https:\/\/regiontatry.sk\/wp-content\/uploads\/2026\/02\/Linka-3_T.-Lomnica-Aquacity_-grafikony_opraveny_page-0001-1107x1536.jpg 1107w, https:\/\/regiontatry.sk\/wp-content\/uploads\/2026\/02\/Linka-3_T.-Lomnica-Aquacity_-grafikony_opraveny_page-0001-860x1193.jpg 860w, https:\/\/regiontatry.sk\/wp-content\/uploads\/2026\/02\/Linka-3_T.-Lomnica-Aquacity_-grafikony_opraveny_page-0001-698x968.jpg 698w, https:\/\/regiontatry.sk\/wp-content\/uploads\/2026\/02\/Linka-3_T.-Lomnica-Aquacity_-grafikony_opraveny_page-0001-552x766.jpg 552w\" sizes=\"(max-width: 1327px) 100vw, 1327px\" \/><\/a><\/figure><\/div>\n\n\n<p><strong>Linia informacyjna SKIBUSa w kierunku Tatrza\u0144skiej \u0141omnicy  +421 919 167 520<\/strong>  <\/p>\n\n\n\n<h2 class=\"wp-block-heading has-text-align-center has-vivid-red-color has-text-color has-link-color wp-elements-fa9c900310c56ca42a08a998b1774612\"><span style=\"color: #3366ff;\"><strong><br>TATRZA\u0143SKA \u0141OMNICA \u2013 Linia nr 4&nbsp;\u2013 Transport wahad\u0142owy do o\u015brodka narciarskiego <\/strong><\/span>-DZIA\u0141ALNO\u015a\u0106 SKIBUSU ZAKO\u0143CZONA<\/h2>\n\n\n\n<h3 class=\"wp-block-heading\"><span style=\"color: #3366ff;\"><strong>&nbsp;<\/strong><\/span><\/h3>\n\n\n\n<h4 class=\"wp-block-heading has-text-align-center\"><span style=\"color: #3366ff;\">Linia nr 4<\/span>: O\u015brodek narciarski \u2013 Aplend Penzi\u00f3n Beatrice \u2013 Vila Zea \u2013 Parking stacja kolejowa \u2013 Kremenec \u2013 Hostel Ubytov\u0148a 1.m\u00e1j \u2013 Parking przy boisku pi\u0142karskim \u2013 Hotel Sorea Hutn\u00edk \u2013 dworzec autobusowy \u2013 O\u015brodek narciarski<\/h4>\n\n\n\n<p><\/p>\n\n\n\n<h4 class=\"wp-block-heading has-text-align-center\"><span style=\"color: #3366ff;\">Linia nr 4:<\/span> kursuje <span style=\"color: #3366ff;\">CODZIENNIE<\/span> w godzinach <span style=\"color: #3366ff;\">od 8:00 do 16:30.<\/span> w terminie <span style=\"color: #3366ff;\">od 26.12.2025 do 07.01.2026 i od 14.02. do 08.03.2026<\/span>&nbsp;zgodnie z poni\u017cszym rozk\u0142adem:<\/h4>\n\n\n\n<p><\/p>\n\n\n\n<h4 class=\"wp-block-heading has-text-align-center\"><span style=\"color: #3366ff;\">KURSY WEEKENDOWE: 10.01.2026 \u2013 14.02.2026<\/span>, zgodnie z poni\u017cszym rozk\u0142adem:<\/h4>\n\n\n\n<p><strong>Linia informacyjna SKIBUSa w kierunku Tatrza\u0144skiej \u0141omnicy  +421 919 167 520<\/strong><\/p>\n\n\n<div class=\"wp-block-image\">\n<figure class=\"aligncenter size-full is-resized\"><a href=\"https:\/\/regiontatry.sk\/wp-content\/uploads\/2025\/12\/Linka-4_T.-Lomnica-_grafikony.jpg\" data-rel=\"lightbox-image-3\" data-rl_title=\"\" data-rl_caption=\"\" title=\"\"><img loading=\"lazy\" decoding=\"async\" width=\"1240\" height=\"1754\" src=\"https:\/\/regiontatry.sk\/wp-content\/uploads\/2025\/12\/Linka-4_T.-Lomnica-_grafikony.jpg\" alt=\"\" class=\"wp-image-13171586\" style=\"width:608px;height:auto\" srcset=\"https:\/\/regiontatry.sk\/wp-content\/uploads\/2025\/12\/Linka-4_T.-Lomnica-_grafikony.jpg 1240w, https:\/\/regiontatry.sk\/wp-content\/uploads\/2025\/12\/Linka-4_T.-Lomnica-_grafikony-212x300.jpg 212w, https:\/\/regiontatry.sk\/wp-content\/uploads\/2025\/12\/Linka-4_T.-Lomnica-_grafikony-724x1024.jpg 724w, https:\/\/regiontatry.sk\/wp-content\/uploads\/2025\/12\/Linka-4_T.-Lomnica-_grafikony-768x1086.jpg 768w, https:\/\/regiontatry.sk\/wp-content\/uploads\/2025\/12\/Linka-4_T.-Lomnica-_grafikony-1086x1536.jpg 1086w, https:\/\/regiontatry.sk\/wp-content\/uploads\/2025\/12\/Linka-4_T.-Lomnica-_grafikony-860x1216.jpg 860w, https:\/\/regiontatry.sk\/wp-content\/uploads\/2025\/12\/Linka-4_T.-Lomnica-_grafikony-698x987.jpg 698w, https:\/\/regiontatry.sk\/wp-content\/uploads\/2025\/12\/Linka-4_T.-Lomnica-_grafikony-552x781.jpg 552w\" sizes=\"(max-width: 1240px) 100vw, 1240px\" \/><\/a><\/figure><\/div>\n\n\n<p><strong>Skibus doje\u017cd\u017ca tak\u017ce do stacji kolejowej, a przyjazdy i odjazdy s\u0105 tak ustawione, aby pasa\u017cer m\u00f3g\u0142 przesi\u0105\u015b\u0107 si\u0119 z\/do TE\u017d.<\/strong><\/p>\n\n\n\n<p>* w przypadku transportu wahad\u0142owego w o\u015brodku Tatrza\u0144ska \u0141omnica oraz w przypadku wolnych miejsc SKIBUSU istnieje mo\u017cliwo\u015b\u0107 transportu os\u00f3b pieszych, przy czym pierwsze\u0144stwo w autobusie maj\u0105 pasa\u017cerowie ze sprz\u0119tem narciarskim<br><\/p>\n\n\n\n<p><strong>INSTRUKCJE DLA PASA\u017bER\u00d3W:<\/strong><\/p>\n\n\n\n<ol class=\"wp-block-list\">\n<li><strong>SKI &amp; AQUA BUS kursuje g\u0142\u00f3wnie dla narciarzy i posiadaczy karty GOPASS<\/strong> (przy transporcie wahad\u0142owym w o\u015brodkach Jezioro Szczyrbskie i Tatrza\u0144ska \u0141omnica w przypadku wolnych miejsc w SKIBUSIE istnieje mo\u017cliwo\u015b\u0107 przewozu os\u00f3b pieszych)<\/li>\n\n\n\n<li><strong>Prosimy pasa\u017cer\u00f3w o zachowanie ostro\u017cno\u015bci podczas wsiadania i wysiadania z autobus\u00f3w. Pierwsze\u0144stwo w autobusie maj\u0105 pasa\u017cerowie posiadaj\u0105cy sprz\u0119t narciarski. <\/strong><\/li>\n\n\n\n<li>W przypadku z\u0142ej pogody, gdy kolejki linowe w o\u015brodkach narciarskich nie kursuj\u0105, ruch skibus\u00f3w w danym terminie zostanie ograniczony lub odwo\u0142any. Aktualne informacje na temat jazdy skibusa mo\u017cna uzyska\u0107 u kwaterodawcy, w centrach informacyjnych, na stronach www.regiontatry.sk, www.vt.sk oraz w porannym Newsletterze.<\/li>\n\n\n\n<li><strong>Przewo\u017anik SKI &amp; AQUA BUSA zastrzega sobie prawo do wprowadzenia zmian w rozk\u0142adach jazdy ze wzgl\u0119du na niekorzystne warunki pogodowe, awarie pojazd\u00f3w lub inne nieprzewidziane sytuacje. Informacje o ewentualnych zmianach w rozk\u0142adzie jazdy dost\u0119pne s\u0105 u kwaterodawcy lub w centrach informacyjnych.<\/strong><\/li>\n\n\n\n<li>Infolinia SKI &amp; AQUA BUS czynna jest w <strong>okresie od 06.12.2025 do 604.2026<\/strong>, wy\u0142\u0105cznie w godzinach kursowania autobus\u00f3w w godzinach <strong>9:00 \u2013 16:00.<\/strong><\/li>\n<\/ol>\n\n\n\n<p>Informacje o o\u015brodkach narciarskich w Tatrach Wysokich <a href=\"https:\/\/www.vt.sk\/\">TUTAJ!<\/a><\/p>\n\n\n\n<p><strong>Zarz\u0105dc\u0105 Skibusu jest OOCR Regi\u00f3n Vysok\u00e9 Tatry przy wsparciu przy wsparciu finansowym Ministerstwa Turystyki i Sportu Republiki S\u0142owackiej.<\/strong><\/p>\n\n\n\n<figure class=\"wp-block-gallery has-nested-images columns-default is-cropped alignleft wp-block-gallery-3 is-layout-flex wp-block-gallery-is-layout-flex\">\n<figure class=\"wp-block-image size-full\"><img loading=\"lazy\" decoding=\"async\" width=\"709\" height=\"283\" data-id=\"9840484\" src=\"https:\/\/regiontatry.sk\/wp-content\/uploads\/2024\/08\/Ministerstvo_cestovneho-ruchu-a-sportu_SR_SK_Farebne.jpg\" alt=\"\" class=\"wp-image-9840484\" srcset=\"https:\/\/regiontatry.sk\/wp-content\/uploads\/2024\/08\/Ministerstvo_cestovneho-ruchu-a-sportu_SR_SK_Farebne.jpg 709w, https:\/\/regiontatry.sk\/wp-content\/uploads\/2024\/08\/Ministerstvo_cestovneho-ruchu-a-sportu_SR_SK_Farebne-300x120.jpg 300w, https:\/\/regiontatry.sk\/wp-content\/uploads\/2024\/08\/Ministerstvo_cestovneho-ruchu-a-sportu_SR_SK_Farebne-698x279.jpg 698w, https:\/\/regiontatry.sk\/wp-content\/uploads\/2024\/08\/Ministerstvo_cestovneho-ruchu-a-sportu_SR_SK_Farebne-552x220.jpg 552w\" sizes=\"(max-width: 709px) 100vw, 709px\" \/><\/figure>\n<\/figure>\n\n\n<p><!--EndFragment--><\/p>","protected":false},"excerpt":{"rendered":"<p>W sezonie zimowym kursuje g\u0142\u00f3wnie dla narciarzy i posiadaczy karty GOPASS&nbsp;transport regionalny SKI &amp; AQUA BUS,&nbsp;wygodnie i&nbsp;bezp\u0142atnie przewiezie narciarzy do o\u015brodk\u00f3w narciarskich Tatrza\u0144ska \u0141omnica, Jezioro Szczyrbskie&nbsp;oraz do aquaparku&nbsp;AquaCity&nbsp;Poprad. Wybrane linie skibus\u00f3w b\u0119d\u0105 kursowa\u0107 w terminie od 6 grudnia 2025 r. do 6 kwietnia 2026 r., zgodnie z za\u0142\u0105czonymi wykresami. JEZIORO SZCZYRBSKIE \u2013 Linia nr 1A [&hellip;]<\/p>\n","protected":false},"author":2,"featured_media":5419246,"parent":1601,"menu_order":7,"comment_status":"closed","ping_status":"closed","template":"template-simple-page.php","meta":{"footnotes":""},"class_list":["post-15999","page","type-page","status-publish","has-post-thumbnail","hentry"],"_links":{"self":[{"href":"https:\/\/regiontatry.sk\/pl\/wp-json\/wp\/v2\/pages\/15999"}],"collection":[{"href":"https:\/\/regiontatry.sk\/pl\/wp-json\/wp\/v2\/pages"}],"about":[{"href":"https:\/\/regiontatry.sk\/pl\/wp-json\/wp\/v2\/types\/page"}],"author":[{"embeddable":true,"href":"https:\/\/regiontatry.sk\/pl\/wp-json\/wp\/v2\/users\/2"}],"replies":[{"embeddable":true,"href":"https:\/\/regiontatry.sk\/pl\/wp-json\/wp\/v2\/comments?post=15999"}],"version-history":[{"count":66,"href":"https:\/\/regiontatry.sk\/pl\/wp-json\/wp\/v2\/pages\/15999\/revisions"}],"predecessor-version":[{"id":13309659,"href":"https:\/\/regiontatry.sk\/pl\/wp-json\/wp\/v2\/pages\/15999\/revisions\/13309659"}],"up":[{"embeddable":true,"href":"https:\/\/regiontatry.sk\/pl\/wp-json\/wp\/v2\/pages\/1601"}],"wp:featuredmedia":[{"embeddable":true,"href":"https:\/\/regiontatry.sk\/pl\/wp-json\/wp\/v2\/media\/5419246"}],"wp:attachment":[{"href":"https:\/\/regiontatry.sk\/pl\/wp-json\/wp\/v2\/media?parent=15999"}],"curies":[{"name":"wp","href":"https:\/\/api.w.org\/{rel}","templated":true}]}}