{"id":6773149,"date":"2021-10-10T21:13:12","date_gmt":"2021-10-10T19:13:12","guid":{"rendered":"https:\/\/regiontatry.sk\/?page_id=6773149"},"modified":"2021-10-10T21:13:48","modified_gmt":"2021-10-10T19:13:48","slug":"zasady-wjazdu-do-slowacji","status":"publish","type":"page","link":"https:\/\/regiontatry.sk\/pl\/zasady-wjazdu-do-slowacji\/","title":{"rendered":"ZASADY WJAZDU DO S\u0141OWACJI"},"content":{"rendered":"\n<p><strong>Nie ma znaczenia\nz jakiego kraju pochodzisz, ale czy jeste\u015b zaszczepiony. Je\u015bli nie jeste\u015b\nzaszczepiony, musisz podda\u0107 si\u0119 kwarantannie, kt\u00f3r\u0105 mo\u017cna zako\u0144czy\u0107 negatywnym\nwynikiem testu PCR najwcze\u015bniej 5. dnia po przyje\u017adzie z zagranicy. Od 19.07.2021\nz kwarantanny zwolnione s\u0105 tylko osoby W PE\u0141NI ZASZCZEPIONE. Zmianie ulega\ntak\u017ce re\u017cim na granicach oraz obowi\u0105zek odbycia kwarantanny. <\/strong><\/p>\n\n\n\n<p>Ka\u017cdy, kto przekroczy granic\u0119 S\u0142owacji musi zarejestrowa\u0107 si\u0119 na stronie <a rel=\"noreferrer noopener\" aria-label=\"eHRANICA (otvor\u00ed sa v novej karte)\" href=\"https:\/\/korona.gov.sk\/ehranica\/\" target=\"_blank\">eHRANICA<\/a><\/p>\n\n\n\n<p>Zasady wjazdu na S\u0142owacj\u0119 i p\u00f3\u017aniejszej izolacji domowej\ns\u0105 zr\u00f3\u017cnicowane w zale\u017cno\u015bci od wieku osoby i innych warunk\u00f3w:<\/p>\n\n\n\n<ul class=\"wp-block-list\"><li><strong>Osoby poni\u017cej 12 roku \u017cycia podlegaj\u0105 re\u017cimowi rodzic\u00f3w, ewent. os\u00f3b \u017cyj\u0105cych we wsp\u00f3lnym gospodarstwie domowym, dlatego nie musz\u0105 rejestrowa\u0107 si\u0119 w eHranica <\/strong><\/li><li><strong>Osoby w wieku od 12 roku \u017cycia musz\u0105 zarejestrowa\u0107 si\u0119 w eHranica<\/strong><\/li><\/ul>\n\n\n\n<h3 class=\"wp-block-heading\"><br><strong>Jak przebiega rejestracja do <a rel=\"noreferrer noopener\" aria-label=\" (otvor\u00ed sa v novej karte)\" href=\"https:\/\/korona.gov.sk\/ehranica\/\" target=\"_blank\">eHranica<\/a>?<\/strong><\/h3>\n\n\n\n<p>Po uzupe\u0142nieniu podstawowych danych b\u0119dziemy chcieli dowiedzie\u0107 si\u0119, czy jeste\u015b zaszczepiony. B\u0119dziesz mie\u0107 do wyboru trzy opcje:<\/p>\n\n\n\n<ul class=\"wp-block-list\"><li><strong>Jestem osob\u0105 w pe\u0142ni zaszczepion\u0105 i posiadam za\u015bwiadczenie<\/strong><\/li><li>doko\u0144czysz prost\u0105 rejestracj\u0119 i nie b\u0119dziesz musia\u0142 izolowa\u0107 si\u0119 w domu<\/li><li>rejestracja obowi\u0105zuje 6 miesi\u0119cy<\/li><li><strong>Nie jestem osob\u0105 zaszczepion\u0105<\/strong><\/li><li>kontynuujesz wype\u0142nianie formularza <\/li><li>je\u015bli spe\u0142niasz warunki zwolnienia z obowi\u0105zkowej kwarantanny, nie musisz jej przechodzi\u0107<\/li><li><strong>Wyj\u0105tki dla os\u00f3b nieszczepionych<\/strong><\/li><\/ul>\n\n\n\n<p>Je\u015bli\nnie jeste\u015b jeszcze zaszczepiony \u017cadn\u0105 dawk\u0105 szczepionki przeciwko COVID-19, mo\u017cesz\nubiega\u0107 si\u0119 o jeden z kilku wyj\u0105tk\u00f3w od obowi\u0105zkowej izolacji domowej. Wyj\u0105tki\nte s\u0105 podzielone zgodnie z warunkami, kt\u00f3re musisz spe\u0142ni\u0107 przy ich zastosowaniu:<\/p>\n\n\n\n<p><strong>Wyj\u0105tki, kt\u00f3re\nwymagaj\u0105 posiadania negatywnego wyniku testu RT-PCR nie starszego ni\u017c 72\ngodziny <\/strong><\/p>\n\n\n\n<ul class=\"wp-block-list\"><li>sta\u0142e przeciwwskazania do szczepie\u0144 na podstawie za\u015bwiadczenia lekarskiego wg <a rel=\"noreferrer noopener\" aria-label=\"Za\u0142\u0105cznika nr. 4 rozporz\u0105dzenia  (otvor\u00ed sa v novej karte)\" href=\"https:\/\/korona.gov.sk\/wp-content\/uploads\/2021\/07\/vyhlaska_226-priloha4.pdf\" target=\"_blank\">Za\u0142\u0105cznika nr. 4 rozporz\u0105dzenia<\/a><\/li><li>wje\u017cd\u017casz lub wyje\u017cd\u017casz ze S\u0142owacji na kr\u00f3tki okres czasu w celu wzi\u0119cia udzia\u0142u w pogrzebie bliskiej osoby lub jeste\u015b osob\u0105 towarzysz\u0105c\u0105 i posiadasz za\u015bwiadczenie<\/li><li>pe\u0142nisz funkcj\u0119 polityczn\u0105 (wizyty oficjalne, delegacje, pos\u0142owie PE, ambasadorzy)<\/li><li>zwolnienie z kwarantanny przyznawane przez ministerstwa<\/li><li>zawodnicy dru\u017cyn sportowych, cz\u0142onkowie komitetu wykonawczego lub s\u0119dziowie <\/li><li>pracownicy kultury i nauki (redaktorzy, aktorzy, konserwatorzy itp.)<\/li><\/ul>\n\n\n\n<p><strong>Wyj\u0105tki, kt\u00f3re\nwymagaj\u0105 posiadania negatywnego wyniku testu RT-PCR nie starszego ni\u017c 7 dni<\/strong><\/p>\n\n\n\n<ul class=\"wp-block-list\"><li>osoby pracuj\u0105ce za granic\u0105<\/li><li>uczniowie i studenci <\/li><li>osoby opiekuj\u0105ce si\u0119 bliskimi krewnymi <\/li><li>rolnicy <\/li><\/ul>\n\n\n\n<p><strong>Wyj\u0105tki, kt\u00f3re\nwymagaj\u0105 posiadania negatywnego wyniku testu antygenowego nie starszego ni\u017c 7\ndni<\/strong><\/p>\n\n\n\n<ul class=\"wp-block-list\"><li>uczniowie i studenci<\/li><\/ul>\n\n\n\n<p><strong>Wyj\u0105tki, kt\u00f3re\nnie wymagaj\u0105 ujemnego wyniku testu<\/strong><\/p>\n\n\n\n<ul class=\"wp-block-list\"><li>Kierowcy lub cz\u0142onkowie za\u0142ogi\n(transport \u2013 kolejowy, pasa\u017cerski, lotniczy, towarowy, autobusowy, wodny,\ntransport pasa\u017cer\u00f3w na lotniska, us\u0142ugi pogrzebowe, us\u0142ugi medyczne \u2013 transport\npacjent\u00f3w, narz\u0105d\u00f3w i krwi)<\/li><\/ul>\n\n\n\n<p>&nbsp;<strong>Zwolnienia udzielane przez ministerstwa<\/strong><\/p>\n\n\n\n<ul class=\"wp-block-list\"><li>Przylot na S\u0142owacj\u0119 samolotem \u2013\nobowi\u0105zek rejestracji na stronie <a href=\"https:\/\/www.mindop.sk\/covid\/\" class=\"broken_link\">https:\/\/www.mindop.sk\/covid\/<\/a><\/li><\/ul>\n\n\n\n<p><strong>Je\u015bli nie\nspe\u0142niasz warunk\u00f3w zwolnienia z kwarantanny, musisz przej\u015b\u0107 obowi\u0105zkow\u0105\nkwarantann\u0119 w domu<\/strong><\/p>\n\n\n\n<p><strong>Z kwarantanny\nzwolnione s\u0105:<\/strong><\/p>\n\n\n\n<ul class=\"wp-block-list\"><li>Osoby w pe\u0142ni zaszczepione,<\/li><li>osoby w wieku od 12 do 18 lat, pod\nwarunkiem, \u017ce \u017cadna osoba \u017cyj\u0105ca we wsp\u00f3lnym gospodarstwie domowym nie jest\nobj\u0119ta kwarantann\u0105 (wa\u017cno\u015b\u0107 rejestracji w eHranicy do 9.08.2021).<\/li><\/ul>\n\n\n\n<p><strong>Kwarantanna po wje\u017adzie na S\u0142owacj\u0119<\/strong><\/p>\n\n\n\n<p>Wszystkie osoby, kt\u00f3re po 9\nlipca 2021 po godz. 06:00 wjad\u0105&nbsp;na&nbsp;terytorium Republiki S\u0142owackiej i nie spe\u0142niaj\u0105\nwarunku wyj\u0105tku z kwarantanny, zobowi\u0105zane s\u0105 do odbycia 14-dniowej kwarantanny w domu, lub przeznaczonym do tego obiekcie.<\/p>\n\n\n\n<p><strong>Kiedy ko\u0144czy si\u0119\nkwarantanna?<\/strong><\/p>\n\n\n\n<p>Je\u015bli kwarantanna przebiega bezobjawowo, zako\u0144czy si\u0119 po\n14 dniach lub po otrzymaniu ujemnego wyniku testu RT-PCR na COVID-19, przy czym\ntest mo\u017cna wykona\u0107 najwcze\u015bniej w pi\u0105tym dniu kwarantanny. <\/p>\n\n\n\n<p><strong>Kwarantanna dla\ndzieci poni\u017cej 12 lat<\/strong><\/p>\n\n\n\n<p>Je\u015bli kwarantanna przebiega bezobjawowo, w przypadku\ndzieci do 12 roku \u017cycia ko\u0144czy si\u0119 wraz z zako\u0144czeniem obowi\u0105zku kwarantanny\nrodzic\u00f3w, ewent. os\u00f3b mieszkaj\u0105cych we wsp\u00f3lnym gospodarstwie domowym.<\/p>\n\n\n\n<p><strong>Kwarantanna os\u00f3b\nmieszkaj\u0105cych we wsp\u00f3lnym gospodarstwie domowym<\/strong><\/p>\n\n\n\n<p>Wszystkie osoby mieszkaj\u0105ce w tym samym gospodarstwie\ndomowym co osoba podlegaj\u0105ca kwarantannie, musz\u0105 przestrzega\u0107 tych samych zasad\nprzez ca\u0142y okres izolacji, chyba \u017ce izolacja tej osoby zosta\u0142a zako\u0144czona.<\/p>\n\n\n\n<p><strong>Obowi\u0105zek\nokazania testu RT-PCR nie starszego ni\u017c 72 godziny<\/strong><\/p>\n\n\n\n<p>W przypadku przylotu z kraj\u00f3w niewymienionych na\nponi\u017cszej li\u015bcie, nale\u017cy okaza\u0107 negatywny wynik testu RT-PCR nie starszy ni\u017c 72\ngodziny.<\/p>\n\n\n\n<p><strong>Pozosta\u0142e wyj\u0105tki z\u00a0obowi\u0105zkowej kwarantanny ZNAJD\u0104 PA\u0143STWO <a rel=\"noreferrer noopener\" aria-label=\"TUTAJ (otvor\u00ed sa v novej karte)\" href=\"https:\/\/korona.gov.sk\/cestovanie-do-sr\/\" target=\"_blank\">TUTAJ<\/a>!<\/strong><\/p>\n\n\n\n<h3 class=\"wp-block-heading\"><br><strong>Definicja w pe\u0142ni zaszczepionej osoby<\/strong><\/h3>\n\n\n\n<p>Za w pe\u0142ni zaszczepion\u0105 osob\u0119\nzgodnie z Rozporz\u0105dzeniem, uwa\u017ca si\u0119: <\/p>\n\n\n\n<ul class=\"wp-block-list\"><li>osob\u0119, kt\u00f3ra\njest co najmniej 14 dni, ale nie wi\u0119cej ni\u017c 12 miesi\u0119cy po podaniu drugiej\ndawki szczepionki dwudawkowej przeciwko COVID-19 (rejestracja w eHranica\nobowi\u0105zuje 6 miesi\u0119cy),<\/li><li>osob\u0119, kt\u00f3ra\njest co najmniej 21 dni, ale nie wi\u0119cej ni\u017c 12 miesi\u0119cy po podaniu szczepionki\njednodawkowej przeciwko COVID-19 (rejestracja w eHranica obowi\u0105zuje 6\nmiesi\u0119cy),<\/li><li>osob\u0119, kt\u00f3ra\njest co najmniej 14 dni, ale nie wi\u0119cej ni\u017c 12 miesi\u0119cy po podaniu pierwszej\ndawki szczepionki przeciwko COVID-19, je\u015bli pierwsza dawka szczepionki\nprzeciwko COVID-19 zosta\u0142a podana w ci\u0105gu 180 dni od przebycia choroby COVID-19 (rejestracja\nw eHranica obowi\u0105zuje 6 miesi\u0119cy),<\/li><\/ul>\n\n\n\n<p><strong>Tranzyt przez terytorium Republiki S\u0142owackiej bez rejestracji do eHranica \u2013\nkierowcy i pasa\u017cerowie<\/strong><\/p>\n\n\n\n<ul class=\"wp-block-list\"><li>przejazd\n     tranzytem przez S\u0142owacj\u0119 jest mo\u017cliwy bez rejestracji tylko bez\n     zatrzymywania si\u0119, z wyj\u0105tkiem niezb\u0119dnego tankowania paliwa na stacjach\n     benzynowych,<\/li><li>terytorium\n     RS nale\u017cy opu\u015bci\u0107 w ci\u0105gu 8 godzin,<\/li><li>przejazd\n     tranzytowy jest mo\u017cliwy bez rejestracji do eHranica,<\/li><\/ul>\n","protected":false},"excerpt":{"rendered":"<p>Nie ma znaczenia z jakiego kraju pochodzisz, ale czy jeste\u015b zaszczepiony. Je\u015bli nie jeste\u015b zaszczepiony, musisz podda\u0107 si\u0119 kwarantannie, kt\u00f3r\u0105 mo\u017cna zako\u0144czy\u0107 negatywnym wynikiem testu PCR najwcze\u015bniej 5. dnia po przyje\u017adzie z zagranicy. Od 19.07.2021 z kwarantanny zwolnione s\u0105 tylko osoby W PE\u0141NI ZASZCZEPIONE. Zmianie ulega tak\u017ce re\u017cim na granicach oraz obowi\u0105zek odbycia kwarantanny. Ka\u017cdy, [&hellip;]<\/p>\n","protected":false},"author":2,"featured_media":7094705,"parent":0,"menu_order":0,"comment_status":"closed","ping_status":"closed","template":"template-simple-page.php","meta":{"footnotes":""},"class_list":["post-6773149","page","type-page","status-publish","has-post-thumbnail","hentry"],"_links":{"self":[{"href":"https:\/\/regiontatry.sk\/pl\/wp-json\/wp\/v2\/pages\/6773149"}],"collection":[{"href":"https:\/\/regiontatry.sk\/pl\/wp-json\/wp\/v2\/pages"}],"about":[{"href":"https:\/\/regiontatry.sk\/pl\/wp-json\/wp\/v2\/types\/page"}],"author":[{"embeddable":true,"href":"https:\/\/regiontatry.sk\/pl\/wp-json\/wp\/v2\/users\/2"}],"replies":[{"embeddable":true,"href":"https:\/\/regiontatry.sk\/pl\/wp-json\/wp\/v2\/comments?post=6773149"}],"version-history":[{"count":2,"href":"https:\/\/regiontatry.sk\/pl\/wp-json\/wp\/v2\/pages\/6773149\/revisions"}],"predecessor-version":[{"id":6773151,"href":"https:\/\/regiontatry.sk\/pl\/wp-json\/wp\/v2\/pages\/6773149\/revisions\/6773151"}],"wp:featuredmedia":[{"embeddable":true,"href":"https:\/\/regiontatry.sk\/pl\/wp-json\/wp\/v2\/media\/7094705"}],"wp:attachment":[{"href":"https:\/\/regiontatry.sk\/pl\/wp-json\/wp\/v2\/media?parent=6773149"}],"curies":[{"name":"wp","href":"https:\/\/api.w.org\/{rel}","templated":true}]}}