{"id":8094269,"date":"2018-07-27T13:32:58","date_gmt":"2018-07-27T11:32:58","guid":{"rendered":"https:\/\/regiontatry.sk\/cyklistika\/"},"modified":"2025-10-01T21:53:15","modified_gmt":"2025-10-01T19:53:15","slug":"ciclism","status":"publish","type":"page","link":"https:\/\/regiontatry.sk\/ro\/ciclism\/","title":{"rendered":"CICLISM"},"content":{"rendered":"\n<p><strong>Regiunea Tatra \u00cenalt\u0103 este locul unde v\u0103 a\u0219teapt\u0103 experien\u021be ciclistice uimitoare, priveli\u0219ti spectaculoase \u0219i aventuri de neuitat.<\/strong><br>Tatra \u00cenalt\u0103 este locul ideal pentru iubitorii de ciclism, oferind nenum\u0103rate trasee \u0219i excursii cu bicicleta care satisfac orice tip de ciclist \u2013 de la cei recreativi \u0219i familiile cu copii p\u00e2n\u0103 la sportivii experimenta\u021bi \u0219i pasiona\u021bii de mountain bike.<\/p>\n\n\n\n<p>Descoperi\u021bi regiunea Tatra \u00cenalt\u0103 pe dou\u0103 ro\u021bi, din \u0219aua bicicletei! <strong>Peste 300 km de trasee marcate, cu diferite grade de dificultate, sunt preg\u0103tite pentru to\u021bi \u2013 familii cu copii, pasiona\u021bi de ciclism montan \u0219i de \u0219osea, sportivi sau \u00eencep\u0103tori.<\/strong><\/p>\n\n\n\n<p>Aici ve\u021bi g\u0103si:<\/p>\n\n\n\n<ul class=\"wp-block-list\">\n<li>Trasee plate, ideale pentru plimb\u0103ri relaxante \u0219i ciclism cu copiii,<\/li>\n\n\n\n<li>Urcu\u0219uri c\u0103tre v\u00e2rfurile Tatr\u0103i, pentru adev\u0103rate provoc\u0103ri \u0219i adrenalin\u0103,<\/li>\n\n\n\n<li>Magistrala ciclistic\u0103 Podtatransk\u00e1, care v\u0103 poart\u0103 printr-un peisaj unic, aproape \u00een jurul \u00eentregii Tatre.<\/li>\n<\/ul>\n\n\n\n<p>Descoperi\u021bi regiunea din \u0219aua bicicletei \u0219i combina\u021bi mi\u0219carea activ\u0103 cu natura spectaculoas\u0103!<br><\/p>\n\n\n\n<figure class=\"wp-block-embed is-type-video is-provider-youtube wp-block-embed-youtube wp-embed-aspect-16-9 wp-has-aspect-ratio\"><div class=\"wp-block-embed__wrapper\">\n<iframe loading=\"lazy\" title=\"Cykloturistika v Regi\u00f3ne Vysok\u00e9 Tatry\" width=\"640\" height=\"360\" src=\"https:\/\/www.youtube.com\/embed\/ZMXNBEXX4Wc?feature=oembed\" frameborder=\"0\" allow=\"accelerometer; autoplay; clipboard-write; encrypted-media; gyroscope; picture-in-picture; web-share\" referrerpolicy=\"strict-origin-when-cross-origin\" allowfullscreen><\/iframe>\n<\/div><\/figure>\n\n\n\n<p><\/p>\n\n\n\n<h3 class=\"wp-block-heading has-vivid-green-cyan-color has-text-color has-link-color wp-elements-73c1da9e3c0c816aace770154b346f16\"><strong>Trasee ciclistice \u00een Tatra \u00cenalt\u0103<\/strong><\/h3>\n\n\n\n<p>\u00cen Tatra ve\u021bi g\u0103si trasee pentru biciclete de diferite niveluri de dificultate \u0219i lungimi. De la poteci pitore\u0219ti care traverseaz\u0103 peisaje naturale minunate, p\u00e2n\u0103 la rute MTB solicitante pentru biciclete de munte, care ofer\u0103 adrenalin\u0103 \u0219i provoc\u0103ri. Alege\u021bi traseul \u00een func\u021bie de preferin\u021bele \u0219i condi\u021bia dumneavoastr\u0103 fizic\u0103 \u2013 oferta include at\u00e2t excursii scurte, c\u00e2t \u0219i travers\u0103ri montane dificile:<\/p>\n\n\n\n<ol class=\"wp-block-list\">\n<li><strong>Traseul ciclistic Poprad<\/strong> \u2013 Ideal pentru familii cu copii \u0219i cicli\u0219ti recreativi \u2014 diferen\u021b\u0103 de nivel moderat\u0103, priveli\u0219ti frumoase, accesibil \u0219i pentru \u00eencep\u0103tori. O alegere popular\u0103 pentru o excursie u\u0219oar\u0103.<\/li>\n\n\n\n<li><strong>Star\u00fd Smokovec \u2192 Hrebienok sau Tatransk\u00e1 Polianka \u2192 Casa Silezian\u0103 (Sliezsky dom)<\/strong> \u2013 Traseu montan de dificultate medie, potrivit pentru cicli\u0219ti experimenta\u021bi \u00een c\u0103utare de provoc\u0103ri \u0219i panorame montane.<\/li>\n\n\n\n<li><strong>Magistrala ciclistic\u0103 Podtatransk\u00e1 (Podbansk\u00e9 \u2192 Tatransk\u00e1 Kotlina)<\/strong> \u2013 Un traseu lung, cu priveli\u0219ti impresionante, destinat cicli\u0219tilor de anduran\u021b\u0103 care caut\u0103 combina\u021bia dintre provocare \u0219i frumuse\u021bea naturii.<\/li>\n<\/ol>\n\n\n\n<p>Cicloturismul este o ocazie excelent\u0103 de a combina mi\u0219carea sportiv\u0103 cu experien\u021ba direct\u0103 a naturii.<\/p>\n\n\n\n<p><\/p>\n\n\n\n<h3 class=\"wp-block-heading has-vivid-green-cyan-color has-text-color has-link-color wp-elements-55ab722290db8b79a72744ce75df4298\"><strong>Biciclete electrice \u2013 Descoperi\u021bi Tatra cu u\u0219urin\u021b\u0103<\/strong><\/h3>\n\n\n\n<p>Vre\u021bi s\u0103 descoperi\u021bi Tatra pe biciclet\u0103, dar nu ave\u021bi una proprie sau dori\u021bi s\u0103 v\u0103 bucura\u021bi de plimb\u0103ri f\u0103r\u0103 prea mult efort? Profita\u021bi de centrele de<a href=\"https:\/\/regiontatry.sk\/ro\/ciclism\/pozicovne-bicyklov\/\"> \u00eenchiriere biciclete electrice din Tatra \u00cenalt\u0103!<\/a> Bicicletele electrice sunt o alegere excelent\u0103 pentru cei care doresc s\u0103 parcurg\u0103 distan\u021be mai lungi f\u0103r\u0103 mare efort, s\u0103 \u00eenfrunte trasee cicliste mai dificile sau s\u0103 exploreze regiunea \u00een mod confortabil \u2013 chiar \u0219i pentru cicli\u0219tii mai pu\u021bin experimenta\u021bi. Fiecare centru de \u00eenchiriere din Tatra ofer\u0103 o gam\u0103 variat\u0103 de biciclete electrice \u0219i biciclete clasice de calitate, \u00eentre\u021binute regulat \u0219i preg\u0103tite pentru excursia dumneavoastr\u0103 cu bicicleta.<\/p>\n\n\n\n<h3 class=\"wp-block-heading has-vivid-green-cyan-color has-text-color has-link-color wp-elements-6b784f6d9e88ae0f855d0f237f7c28b6\"><br><strong>Sta\u021bii de \u00eenc\u0103rcare pentru biciclete electrice \u00een Tatra \u00cenalt\u0103<\/strong><\/h3>\n\n\n\n<p><\/p>\n\n\n\n<ul class=\"wp-block-list\">\n<li>Sanat\u00f3rium Dr. Guhra \u2013 Tatransk\u00e1 Polianka<\/li>\n\n\n\n<li>Poliankovo \u2013 Tatransk\u00e1 Polianka<\/li>\n\n\n\n<li>Horsk\u00e9 Vilky Po\u013eana \u2013 Nov\u00fd Smokovec<\/li>\n\n\n\n<li>Hotel Villa Siesta \u2013 Nov\u00fd Smokovec<\/li>\n\n\n\n<li>Dobr\u00e9 \u010casy \u2013 Star\u00fd Smokovec<\/li>\n\n\n\n<li>Penzi\u00f3n Po\u013eana \u2013 Horn\u00fd Smokovec<\/li>\n\n\n\n<li>Rezort pri jazere \u2013 Podbansk\u00e9<\/li>\n\n\n\n<li>Re\u0161taur\u00e1cia U Furmana \u2013 Tatransk\u00e1 Kotlina<\/li>\n\n\n\n<li>BikePoint Kvetnica \u2013 Poprad<\/li>\n<\/ul>\n\n\n\n<p>Preg\u0103ti\u021bi-v\u0103 pentru o vacan\u021b\u0103 ciclistic\u0103 de neuitat \u00een Tatra \u00cenalt\u0103.<br>Pe site-ul nostru g\u0103si\u021bi toate informa\u021biile necesare, inclusiv h\u0103r\u021bi, sugestii de trasee \u0219i op\u021biuni de \u00eenchiriere biciclete electrice.<br>Alege\u021bi traseul preferat \u0219i porni\u021bi s\u0103 descoperi\u021bi frumuse\u021bea Tatr\u0103i pe dou\u0103 ro\u021bi!<\/p>\n\n\n\n<p><\/p>\n\n\n\t<div class=\"wp-block-cgb-block-creanet-grid category-list cell small-12 medium-4 cg\">\n\t\t<div class=\"cell small-12 medium-12 large-12 medium-order-1\">\n\t\t\t<a href=\"https:\/\/regiontatry.sk\/ro\/ciclism\/cicloturism-in-muntii-tatra\/\">\n\t\t\t\t<div class=\"background-grid-color\"><\/div>\n\t\t\t\t\t\t\t\t\t<figure><img decoding=\"async\" src=\"https:\/\/regiontatry.sk\/wp-content\/uploads\/2024\/09\/13-1-1024x684.jpg\" alt=\"\"\n\t\t\t\t\t\t\t\t title=\"13-1\"\/><\/figure>\n\t\t\t\t\t\t\t\t<h3>CICLOTURISM \u00ceN MUN\u021aII TATRA<\/h3>\t\t\t\t\t\t\t<\/a>\n\t\t<\/div>\n\t<\/div>\n\t\n\n\t<div class=\"wp-block-cgb-block-creanet-grid category-list cell small-12 medium-4 cg\">\n\t\t<div class=\"cell small-12 medium-12 large-12 medium-order-1\">\n\t\t\t<a href=\"https:\/\/regiontatry.sk\/ro\/ciclism\/traseele-de-ciclism-2\/\">\n\t\t\t\t<div class=\"background-grid-color\"><\/div>\n\t\t\t\t\t\t\t\t\t<figure><img decoding=\"async\" src=\"https:\/\/regiontatry.sk\/wp-content\/uploads\/2025\/10\/43_Martin-Malicky-1024x680.jpg\" alt=\"\"\n\t\t\t\t\t\t\t\t title=\"43_Martin Mali\u010dk\u00fd\"\/><\/figure>\n\t\t\t\t\t\t\t\t<h3>Traseele de ciclism<\/h3>\t\t\t\t\t\t\t<\/a>\n\t\t<\/div>\n\t<\/div>\n\t\n\n\t<div class=\"wp-block-cgb-block-creanet-grid category-list cell small-12 medium-4 cg\">\n\t\t<div class=\"cell small-12 medium-12 large-12 medium-order-1\">\n\t\t\t<a href=\"https:\/\/regiontatry.sk\/ro\/ciclism\/pozicovne-bicyklov\/\">\n\t\t\t\t<div class=\"background-grid-color\"><\/div>\n\t\t\t\t\t\t\t\t\t<figure><img decoding=\"async\" src=\"https:\/\/regiontatry.sk\/wp-content\/uploads\/2020\/05\/intersport15-ssmokovec-1.jpg\" alt=\"\"\n\t\t\t\t\t\t\t\t title=\"intersport15-ssmokovec\"\/><\/figure>\n\t\t\t\t\t\t\t\t<h3>\u00cenchiriere de biciclete<\/h3>\t\t\t\t\t\t\t<\/a>\n\t\t<\/div>\n\t<\/div>\n\t","protected":false},"excerpt":{"rendered":"<p>Regiunea Tatra \u00cenalt\u0103 este locul unde v\u0103 a\u0219teapt\u0103 experien\u021be ciclistice uimitoare, priveli\u0219ti spectaculoase \u0219i aventuri de neuitat.Tatra \u00cenalt\u0103 este locul ideal pentru iubitorii de ciclism, oferind nenum\u0103rate trasee \u0219i excursii cu bicicleta care satisfac orice tip de ciclist \u2013 de la cei recreativi \u0219i familiile cu copii p\u00e2n\u0103 la sportivii experimenta\u021bi \u0219i pasiona\u021bii de mountain [&hellip;]<\/p>\n","protected":false},"author":1,"featured_media":10394703,"parent":0,"menu_order":0,"comment_status":"closed","ping_status":"closed","template":"template-list.php","meta":{"footnotes":""},"class_list":["post-8094269","page","type-page","status-publish","has-post-thumbnail","hentry"],"_links":{"self":[{"href":"https:\/\/regiontatry.sk\/ro\/wp-json\/wp\/v2\/pages\/8094269"}],"collection":[{"href":"https:\/\/regiontatry.sk\/ro\/wp-json\/wp\/v2\/pages"}],"about":[{"href":"https:\/\/regiontatry.sk\/ro\/wp-json\/wp\/v2\/types\/page"}],"author":[{"embeddable":true,"href":"https:\/\/regiontatry.sk\/ro\/wp-json\/wp\/v2\/users\/1"}],"replies":[{"embeddable":true,"href":"https:\/\/regiontatry.sk\/ro\/wp-json\/wp\/v2\/comments?post=8094269"}],"version-history":[{"count":17,"href":"https:\/\/regiontatry.sk\/ro\/wp-json\/wp\/v2\/pages\/8094269\/revisions"}],"predecessor-version":[{"id":11137961,"href":"https:\/\/regiontatry.sk\/ro\/wp-json\/wp\/v2\/pages\/8094269\/revisions\/11137961"}],"wp:featuredmedia":[{"embeddable":true,"href":"https:\/\/regiontatry.sk\/ro\/wp-json\/wp\/v2\/media\/10394703"}],"wp:attachment":[{"href":"https:\/\/regiontatry.sk\/ro\/wp-json\/wp\/v2\/media?parent=8094269"}],"curies":[{"name":"wp","href":"https:\/\/api.w.org\/{rel}","templated":true}]}}