{"id":8094399,"date":"2018-09-07T10:59:53","date_gmt":"2018-09-07T08:59:53","guid":{"rendered":"https:\/\/regiontatry.sk\/potulky-za-historiou-a-tradiciami\/"},"modified":"2024-11-02T22:52:49","modified_gmt":"2024-11-02T21:52:49","slug":"in-cautarea-istoriei-si-a-traditiilor","status":"publish","type":"page","link":"https:\/\/regiontatry.sk\/ro\/region\/in-cautarea-istoriei-si-a-traditiilor\/","title":{"rendered":"\u00ceN C\u0102UTAREA ISTORIEI \u0218I A TRADI\u021aIILOR"},"content":{"rendered":"\n<p>Mun\u021bii Tatra \u0219i zona \u00eenconjur\u0103toare ofer\u0103 vizitatorilor o selec\u021bie larg\u0103 de comori diverse, cu o bun\u0103 doz\u0103 de istorie. Experimenta\u021bi o excursie pe placul dumneavoastr\u0103 \u0219i r\u0103sf\u0103\u021ba\u021bi-v\u0103 cu plimb\u0103ri pe traseele naturale din \u00eemprejurimi sau cunoa\u0219te\u021bi istoria mai profund\u0103 a cl\u0103dirilor seculare sau sacre din \u00eemprejurimile mun\u021bilor Tatra. Se pot vizita multe castele, conace, muzee sau biserici, trebuie doar s\u0103 alege\u021bi.<br><\/p>\n\n\n<div class=\"wp-block-image\">\n<figure class=\"alignleft is-resized\"><img loading=\"lazy\" decoding=\"async\" width=\"512\" height=\"341\" src=\"https:\/\/regiontatry.sk\/wp-content\/uploads\/2021\/10\/historia-smokovcov.jpg\" alt=\"\" class=\"wp-image-6773152\" style=\"width:400px\" srcset=\"https:\/\/regiontatry.sk\/wp-content\/uploads\/2021\/10\/historia-smokovcov.jpg 512w, https:\/\/regiontatry.sk\/wp-content\/uploads\/2021\/10\/historia-smokovcov-300x200.jpg 300w\" sizes=\"(max-width: 512px) 100vw, 512px\" \/><\/figure><\/div>\n\n\n<h3 class=\"wp-block-heading\">Traseul turistic educativ Smokovce<\/h3>\n\n\n\n<p>Traseul turistic educativ este situat \u00een localitatea Star\u00fd Smokovec din mun\u021bii Tatra \u0219i ini\u021bial, are \u0219apte opriri educative, care prezint\u0103, pe scurt, istoria localit\u0103\u021bilor Smokovce \u00een cei peste 200 de ani de existen\u021b\u0103.<br><br><br><\/p>\n\n\n<div class=\"wp-block-image\">\n<figure class=\"alignright is-resized\"><img loading=\"lazy\" decoding=\"async\" width=\"825\" height=\"462\" src=\"https:\/\/regiontatry.sk\/wp-content\/uploads\/2021\/10\/vila-alica.jpg\" alt=\"\" class=\"wp-image-6773163\" style=\"width:414px;height:auto\" srcset=\"https:\/\/regiontatry.sk\/wp-content\/uploads\/2021\/10\/vila-alica.jpg 825w, https:\/\/regiontatry.sk\/wp-content\/uploads\/2021\/10\/vila-alica-300x168.jpg 300w, https:\/\/regiontatry.sk\/wp-content\/uploads\/2021\/10\/vila-alica-768x430.jpg 768w, https:\/\/regiontatry.sk\/wp-content\/uploads\/2021\/10\/vila-alica-698x391.jpg 698w, https:\/\/regiontatry.sk\/wp-content\/uploads\/2021\/10\/vila-alica-552x309.jpg 552w\" sizes=\"(max-width: 825px) 100vw, 825px\" \/><\/figure><\/div>\n\n\n<h3 class=\"wp-block-heading\">Muzeul cinematografiei \u0219i al fotografiei din mun\u021bii Tatra din Star\u00fd Smokovec<\/h3>\n\n\n\n<p>Expozi\u021bia din cadrul muzeului, care se desf\u0103\u0219oar\u0103 pe tot parcursul anului, surprinde via\u021ba, atmosfera \u0219i transform\u0103rile Mun\u021bilor Tatra surprinse de obiectivul unui aparat de fotografiat sau al unei camere de filmat, precum \u0219i activitatea oamenilor care au fost activi \u00een domeniul filmului \u0219i al fotografiei \u00eencep\u00e2nd cu anul 1870.<br>Pe l\u00e2ng\u0103 transform\u0103rile din Mun\u021bii Tatra, expozi\u021bia ofer\u0103, de asemenea, o privire asupra dezvolt\u0103rii tehnologiei fotografice de la sf\u00e2r\u0219itul secolului al XIX-lea.<br>O parte distinct\u0103 a expozi\u021biei este dedicat\u0103 operelor personalit\u0103\u021bilor din domeniul cinematografiei \u0219i fotografiei care au activat \u00een aceast\u0103 regiune. Datorit\u0103 m\u0103rturiilor rudelor apropiate sau a exponatelor personale expuse, vizitatorul va cunoa\u0219te mai \u00eendeaproape personalit\u0103\u021bi precum Karol Divald sr., Juraj Weincziller sau Milan Legutky.<br><\/p>\n\n\n<div class=\"wp-block-image\">\n<figure class=\"alignleft is-resized\"><img loading=\"lazy\" decoding=\"async\" width=\"1200\" height=\"797\" src=\"https:\/\/regiontatry.sk\/wp-content\/uploads\/2018\/10\/Ski-Muzeum-Tatranska-Lomnica.jpg\" alt=\"\" class=\"wp-image-5830\" style=\"width:400px\" srcset=\"https:\/\/regiontatry.sk\/wp-content\/uploads\/2018\/10\/Ski-Muzeum-Tatranska-Lomnica.jpg 1200w, https:\/\/regiontatry.sk\/wp-content\/uploads\/2018\/10\/Ski-Muzeum-Tatranska-Lomnica-300x199.jpg 300w, https:\/\/regiontatry.sk\/wp-content\/uploads\/2018\/10\/Ski-Muzeum-Tatranska-Lomnica-768x510.jpg 768w, https:\/\/regiontatry.sk\/wp-content\/uploads\/2018\/10\/Ski-Muzeum-Tatranska-Lomnica-1024x680.jpg 1024w\" sizes=\"(max-width: 1200px) 100vw, 1200px\" \/><\/figure><\/div>\n\n\n<h3 class=\"wp-block-heading\"><a href=\"http:\/\/regiontatry.sk\/wp-content\/uploads\/2016\/04\/Ski-Muzeum-Tatranska-Lomnica.jpg\" class=\"broken_link\" data-rel=\"lightbox-image-0\" data-rl_title=\"\" data-rl_caption=\"\" title=\"\"><\/a>Muzeul de schi Tatransk\u00e1 Lomnica<\/h3>\n\n\n\n<p>Expozi\u021bia modern\u0103 a Muzeului particular de schi\nofer\u0103 vizitatorilor o imagine de ansamblu a dezvolt\u0103rii sporturilor de iarn\u0103 individuale\n\u00een Mun\u021bii Tatra de la \u00eenceputuri p\u00e2n\u0103 \u00een 1945.<\/p>\n\n\n\n<p>Muzeul include, de asemenea, un atelier de\nt\u00e2mpl\u0103rie \u0219i de cizm\u0103rie \u0219i o vizualizare realist\u0103 a cabanei lui Gertruda, care\nse afla sub actualul punct Start, deasupra localit\u0103\u021bii Tatransk\u00e1 Lomnica.<\/p>\n\n\n\n<p>Fiecare parte a expozi\u021biei este dedicat\u0103 \u00eenceputurilor deplas\u0103rii pe z\u0103pad\u0103 cu ajutorul diferitelor tipuri de ghete de z\u0103pad\u0103, urmate de dezvoltarea schiurilor \u0219i a leg\u0103turilor de schi; exist\u0103, de asemenea, o sec\u021biune dedicat\u0103 drume\u021biilor de iarn\u0103 \u0219i alpinismului, patinajului pe ghea\u021b\u0103, curlingului, hocheiului pe ghea\u021b\u0103, s\u0103niu\u0219ului precum \u0219i istoriei exerci\u021biilor militare din Mun\u021bii Tatra.<br><br><\/p>\n\n\n<div class=\"wp-block-image\">\n<figure class=\"alignright is-resized\"><img loading=\"lazy\" decoding=\"async\" width=\"2259\" height=\"1694\" src=\"https:\/\/regiontatry.sk\/wp-content\/uploads\/2018\/10\/Muzeum-Tanapu-Tatranska-Lomnica.jpg\" alt=\"\" class=\"wp-image-5840\" style=\"width:400px\" srcset=\"https:\/\/regiontatry.sk\/wp-content\/uploads\/2018\/10\/Muzeum-Tanapu-Tatranska-Lomnica.jpg 2259w, https:\/\/regiontatry.sk\/wp-content\/uploads\/2018\/10\/Muzeum-Tanapu-Tatranska-Lomnica-300x225.jpg 300w, https:\/\/regiontatry.sk\/wp-content\/uploads\/2018\/10\/Muzeum-Tanapu-Tatranska-Lomnica-768x576.jpg 768w, https:\/\/regiontatry.sk\/wp-content\/uploads\/2018\/10\/Muzeum-Tanapu-Tatranska-Lomnica-1024x768.jpg 1024w\" sizes=\"(max-width: 2259px) 100vw, 2259px\" \/><\/figure><\/div>\n\n\n<h3 class=\"wp-block-heading\"><a href=\"http:\/\/regiontatry.sk\/wp-content\/uploads\/2016\/04\/Muzeum-Tanapu-Tatranska-Lomnica.jpg\" class=\"broken_link\" data-rel=\"lightbox-image-1\" data-rl_title=\"\" data-rl_caption=\"\" title=\"\"><\/a>Muzeul Tanap Tatransk\u00e1 Lomnica<\/h3>\n\n\n\n<p>Muzeul\nParcului Na\u021bional Mun\u021bii Tatra \u00eei familiarizeaz\u0103 pe vizitatori cu natura\nMun\u021bilor Tatra, cu protec\u021bia acesteia \u0219i cu istoria Mun\u021bilor Tatra.<\/p>\n\n\n\n<p>Sec\u021biunea expozi\u021bional\u0103 este \u00eemp\u0103r\u021bit\u0103 \u00een istorie natural\u0103, conservarea naturii, istorie \u0219i etnografie. Nu trebuie trecut\u0103 cu vederea nici Gr\u0103dina botanic\u0103, care este o expozi\u021bie separat\u0103 a naturii din mun\u021bii Tatra. Se \u00eentinde pe o suprafa\u021b\u0103 de 3,2 hectare la periferia nord-estic\u0103 a ora\u0219ului Tatransk\u00e1 Lomnica. Vizitatorii pot vedea 270 de specii de plante din mun\u021bii Tatra care tr\u0103iesc \u00een diverse habitate. Exist\u0103 aici \u0219i o mic\u0103 zon\u0103 geologic\u0103 \u0219i un loc memorial dedicat celor care au promovat \u0219i implementat ideea Parcului Na\u021bional Tatra.<br><\/p>\n\n\n<div class=\"wp-block-image\">\n<figure class=\"alignleft is-resized\"><img loading=\"lazy\" decoding=\"async\" width=\"1160\" height=\"775\" src=\"https:\/\/regiontatry.sk\/wp-content\/uploads\/2018\/10\/Symbolicky-Cintorin.jpg\" alt=\"\" class=\"wp-image-5824\" style=\"width:410px;height:auto\" srcset=\"https:\/\/regiontatry.sk\/wp-content\/uploads\/2018\/10\/Symbolicky-Cintorin.jpg 1160w, https:\/\/regiontatry.sk\/wp-content\/uploads\/2018\/10\/Symbolicky-Cintorin-300x200.jpg 300w, https:\/\/regiontatry.sk\/wp-content\/uploads\/2018\/10\/Symbolicky-Cintorin-768x513.jpg 768w, https:\/\/regiontatry.sk\/wp-content\/uploads\/2018\/10\/Symbolicky-Cintorin-1024x684.jpg 1024w\" sizes=\"(max-width: 1160px) 100vw, 1160px\" \/><\/figure><\/div>\n\n\n<h3 class=\"wp-block-heading\"><a href=\"http:\/\/regiontatry.sk\/wp-content\/uploads\/2016\/04\/Symbolicky-Cintorin.jpg\" class=\"broken_link\" data-rel=\"lightbox-image-2\" data-rl_title=\"\" data-rl_caption=\"\" title=\"\"><\/a>Cimitirul simbolic  <\/h3>\n\n\n\n<p>Mor\u021bilor\n\u00een amintire &#8211; celor vii ca un avertisment &#8211; este motto-ul care \u00eei \u00eent\u00e2mpin\u0103 pe\nvizitatori pe peretele capelei din Cimitirul simbolic din Popradsk\u00e9 Pleso, care\neste un memorial al victimelor din Mun\u021bii Tatra.<\/p>\n\n\n\n<p>Cimitirul\neste situat la umbra unei p\u0103duri de tei, este format dintr-o capel\u0103 mic\u0103 cu\nacoperi\u0219 de \u0219indril\u0103, cruci din lemn sculptat, zeci de pl\u0103ci memoriale cu\nnumele alpini\u0219tilor locali care \u0219i-au pierdut via\u021ba \u00een timpul expedi\u021biilor de\nalpinism din \u00eentreaga lume.<\/p>\n\n\n\n<p>\u00cen prezent, sunt aici 278 de pl\u0103ci memoriale \u0219i aproximativ 56 de cruci sculptate \u00een lemn. Din p\u0103cate, acestea nu sunt ultimele.<br><\/p>\n\n\n<div class=\"wp-block-image\">\n<figure class=\"alignright is-resized\"><img loading=\"lazy\" decoding=\"async\" width=\"1024\" height=\"768\" src=\"https:\/\/regiontatry.sk\/wp-content\/uploads\/2018\/10\/zdiarsky-dom.jpg\" alt=\"\" class=\"wp-image-5856\" style=\"width:401px;height:auto\" srcset=\"https:\/\/regiontatry.sk\/wp-content\/uploads\/2018\/10\/zdiarsky-dom.jpg 1024w, https:\/\/regiontatry.sk\/wp-content\/uploads\/2018\/10\/zdiarsky-dom-300x225.jpg 300w, https:\/\/regiontatry.sk\/wp-content\/uploads\/2018\/10\/zdiarsky-dom-768x576.jpg 768w\" sizes=\"(max-width: 1024px) 100vw, 1024px\" \/><\/figure><\/div>\n\n\n<h3 class=\"wp-block-heading\">Muzeul satului Casa \u017ddiar  <\/h3>\n\n\n\n<p>Muzeul satului Casa \u017ddiar a fost \u00eenfiin\u021bat \u00een 1971 la ini\u021biativa localnicilor de c\u0103tre municipalitatea din \u017ddiar. Prezint\u0103 modul de via\u021b\u0103 al goralilor care tr\u0103iau la poalele mun\u021bilor Belianske Tatry, arhitectura original\u0103, interiorul caselor \u0219i costumele. <br><br><br><\/p>\n\n\n\n<p><\/p>\n\n\n<div class=\"wp-block-image\">\n<figure class=\"alignleft is-resized\"><img loading=\"lazy\" decoding=\"async\" width=\"1350\" height=\"900\" src=\"https:\/\/regiontatry.sk\/wp-content\/uploads\/2018\/10\/Lovecky-zamocek-Hohenlohe-v-Tatranskej-Javorine.jpg\" alt=\"\" class=\"wp-image-5822\" style=\"width:400px\" srcset=\"https:\/\/regiontatry.sk\/wp-content\/uploads\/2018\/10\/Lovecky-zamocek-Hohenlohe-v-Tatranskej-Javorine.jpg 1350w, https:\/\/regiontatry.sk\/wp-content\/uploads\/2018\/10\/Lovecky-zamocek-Hohenlohe-v-Tatranskej-Javorine-300x200.jpg 300w, https:\/\/regiontatry.sk\/wp-content\/uploads\/2018\/10\/Lovecky-zamocek-Hohenlohe-v-Tatranskej-Javorine-768x512.jpg 768w, https:\/\/regiontatry.sk\/wp-content\/uploads\/2018\/10\/Lovecky-zamocek-Hohenlohe-v-Tatranskej-Javorine-1024x683.jpg 1024w, https:\/\/regiontatry.sk\/wp-content\/uploads\/2018\/10\/Lovecky-zamocek-Hohenlohe-v-Tatranskej-Javorine-860x573.jpg 860w, https:\/\/regiontatry.sk\/wp-content\/uploads\/2018\/10\/Lovecky-zamocek-Hohenlohe-v-Tatranskej-Javorine-698x465.jpg 698w, https:\/\/regiontatry.sk\/wp-content\/uploads\/2018\/10\/Lovecky-zamocek-Hohenlohe-v-Tatranskej-Javorine-552x368.jpg 552w\" sizes=\"(max-width: 1350px) 100vw, 1350px\" \/><\/figure><\/div>\n\n\n<h3 class=\"wp-block-heading\"><a href=\"http:\/\/regiontatry.sk\/wp-content\/uploads\/2016\/04\/Lovecky-zamocek-Hohenlohe-v-Tatranskej-Javorine.jpg\" class=\"broken_link\" data-rel=\"lightbox-image-3\" data-rl_title=\"\" data-rl_caption=\"\" title=\"\"><\/a>Caban\u0103 de v\u00e2n\u0103toare Hohenlohe \u00een Tatransk\u00e1 Javorina &nbsp; <\/h3>\n\n\n\n<p>Chiar\nla marginea satului Tatransk\u00e1 Javorina se afl\u0103 una dintre cele mai frumoase\ncl\u0103diri istorice din Parcul Na\u021bional Mun\u021bii Tatra, o caban\u0103 de v\u00e2n\u0103toare din\nlemn (conac).<\/p>\n\n\n\n<p>A\nfost construit\u0103 \u00een secolul al XIX-lea de c\u0103tre nobilul Kristi\u00e1n Kraft, care era\nun v\u00e2n\u0103tor pasionat, dar \u0219i un conservator al naturii. Principele obi\u0219nuia s\u0103\norganizeze v\u00e2n\u0103tori celebre \u00een Mun\u021bii Tatra, la care participa aristocra\u021bia din\n\u00eentreaga Europ\u0103.<\/p>\n\n\n\n<p>Dup\u0103 moartea principelui, mo\u0219tenitorii acestuia au v\u00e2ndut conacul statului. Cl\u0103direa fermec\u0103toare a supravie\u021buit perioadei de totalitarism \u0219i ast\u0103zi serve\u0219te scopurilor reprezentative ale statului iar pentru publicul larg este deschis\u0103 la anumite date stabilite.Conacul a fost declarat \u0219i monument cultural na\u021bional.<br><br><br><\/p>\n\n\n<div class=\"wp-block-image\">\n<figure class=\"alignright is-resized\"><img loading=\"lazy\" decoding=\"async\" width=\"726\" height=\"1024\" src=\"https:\/\/regiontatry.sk\/wp-content\/uploads\/2021\/10\/goticka-cesta-726x1024.jpg\" alt=\"\" class=\"wp-image-6773157\" style=\"aspect-ratio:0.78125;width:393px;height:auto\" srcset=\"https:\/\/regiontatry.sk\/wp-content\/uploads\/2021\/10\/goticka-cesta-726x1024.jpg 726w, https:\/\/regiontatry.sk\/wp-content\/uploads\/2021\/10\/goticka-cesta-213x300.jpg 213w, https:\/\/regiontatry.sk\/wp-content\/uploads\/2021\/10\/goticka-cesta-768x1084.jpg 768w, https:\/\/regiontatry.sk\/wp-content\/uploads\/2021\/10\/goticka-cesta-698x985.jpg 698w, https:\/\/regiontatry.sk\/wp-content\/uploads\/2021\/10\/goticka-cesta-552x779.jpg 552w, https:\/\/regiontatry.sk\/wp-content\/uploads\/2021\/10\/goticka-cesta.jpg 1134w\" sizes=\"(max-width: 726px) 100vw, 726px\" \/><\/figure><\/div>\n\n\n<h3 class=\"wp-block-heading\">Calea gotic\u0103 &nbsp; <\/h3>\n\n\n\n<p>Calea gotic\u0103 este primul traseu tematic cultural \u0219i educa\u021bional din Slovacia. \u00centr-un circuit cuprinz\u0103tor, v\u0103 va prezenta cele mai interesante \u0219i pre\u021bioase comori ale regiunii Spi\u0161-Gemer, complexele de castele care se \u00eenal\u021b\u0103 pe dealuri, nucleele istorice bine conservate ale ora\u0219elor, muzeele \u0219i catedralele &#8211; dar \u0219i bijuterii precum bisericile s\u0103te\u0219ti, casele burgheze \u0219i artizanale sau podurile romantice de piatr\u0103. Ve\u021bi \u00eent\u00e2lni opere de art\u0103 \u0219i arhitectur\u0103 care \u00eenf\u0103\u021bi\u0219eaz\u0103 diverse epoci culturale \u0219i istorice. <br><\/p>\n\n\n\n<p><br><br><\/p>\n\n\n\n<p><\/p>\n\n\n\n<p><\/p>\n\n\n\n<h3 class=\"wp-block-heading\"><a href=\"http:\/\/regiontatry.sk\/wp-content\/uploads\/2016\/04\/spissky-hrad21.jpg\" class=\"broken_link\" data-rel=\"lightbox-image-4\" data-rl_title=\"\" data-rl_caption=\"\" title=\"\"><\/a><br><br><br>Castelul Spi\u0161<\/h3>\n\n\n<div class=\"wp-block-image\">\n<figure class=\"alignleft is-resized\"><img loading=\"lazy\" decoding=\"async\" width=\"1000\" height=\"667\" src=\"https:\/\/regiontatry.sk\/wp-content\/uploads\/2018\/10\/spissky-hrad2.jpg\" alt=\"\" class=\"wp-image-5818\" style=\"width:400px\" srcset=\"https:\/\/regiontatry.sk\/wp-content\/uploads\/2018\/10\/spissky-hrad2.jpg 1000w, https:\/\/regiontatry.sk\/wp-content\/uploads\/2018\/10\/spissky-hrad2-300x200.jpg 300w, https:\/\/regiontatry.sk\/wp-content\/uploads\/2018\/10\/spissky-hrad2-768x512.jpg 768w\" sizes=\"(max-width: 1000px) 100vw, 1000px\" \/><\/figure><\/div>\n\n\n<p>Castelul Spi\u0161, caracteristica dominant\u0103 a regiunii\nSpi\u0161, este cel mai mare castel din Slovacia, situat \u00een peisaj pe o st\u00e2nc\u0103 de\ntravertin.<\/p>\n\n\n\n<p>\u00cen 1993, at\u00e2t castelul, c\u00e2t \u0219i monumentele din\njur au fost \u00eenscrise pe Lista Patrimoniului Mondial UNESCO.<\/p>\n\n\n\n<p>Cele mai vechi urme de pe dealul castelului,\nvechi de aproape \u0219apte mii de ani, au fost l\u0103sate de oamenii din neolitic. La\n\u00eenceputul mileniilor, reprezentan\u021bii a\u0219a-numitei culturi P\u00fachov au avut aici o\na\u0219ezare fortificat\u0103. Elita sa era tribul celtic Kot\u00edn.<\/p>\n\n\n\n<p>Regiunea Spi\u0161 a devenit parte a Ungariei \u00een mod\ndefinitiv abia \u00een secolul al XII-lea. Familia regal\u0103 Arpad a construit un turn\nde paz\u0103 \u0219i un turn reziden\u021bial pe locul cet\u0103\u021bii Kot\u00edn, care era \u00een ruin\u0103.<\/p>\n\n\n\n<p>Cercet\u0103rile recente au confirmat presupunerile\nanterioare conform c\u0103rora, pe l\u00e2ng\u0103 activitatea de construc\u021bie a castelului\nsuperior, a fost construit\u0103 o fortifica\u021bie separat\u0103 pe versantul sud-vestic, un\nal doilea castel separat, cu dou\u0103 turnuri romane de ap\u0103rare \u0219i reziden\u021biale,\ncare acum fac parte din fortifica\u021bia cur\u021bii mari de jos.<\/p>\n\n\n\n<p>\u00cen timpul domniei regelui Ludovic de Anjou,\ncele dou\u0103 castele au fost unite. Construc\u021bia diferitelor sec\u021biuni fortificate\n\u0219i por\u021bi a dat treptat castelului diviziunea sa actual\u0103 \u00een castelul superior \u0219i\ntrei cur\u021bi separate, cu o suprafa\u021b\u0103 total\u0103 de aproximativ 40.000 de metri p\u0103tra\u021bi.\nActuala poart\u0103 principal\u0103 de intrare, construit\u0103 dup\u0103 invazia mongol\u0103, a fost,\nde asemenea, reconstruit\u0103 \u00een acea perioad\u0103. St\u00e2lpii deta\u0219a\u021bi din fa\u021ba sa au\nf\u0103cut uneori parte dintr-o palisad\u0103 defensiv\u0103 \u00een secolul al XVII-lea.<\/p>\n\n\n\n<p>De-a lungul secolelor, castelul a fost ocupat\nde o succesiune de familii conduc\u0103toare, cum ar fi familia Z\u00e1po\u013ea, familia Turz\n\u0219i, \u00een cele din urm\u0103, de ultimii proprietari, familia \u010c\u00e1ki.&nbsp; Dup\u0103 sf\u00e2r\u0219itul revoltelor de stat din\nUngaria, \u00een castel a r\u0103mas doar o mic\u0103 garnizoan\u0103 imperial\u0103. Cu toate acestea,\ncastelul era deja prost \u00eentre\u021binut la acea vreme.<\/p>\n\n\n\n<p>\u00cen 1780 a izbucnit un incendiu \u00een castel. A fost \u00eenceputul transform\u0103rii sale lente \u00eentr-o ruin\u0103. Ultimii s\u0103i proprietari l-au pierdut definitiv doar prin expropriere dup\u0103 cel de-al Doilea R\u0103zboi Mondial. Ast\u0103zi, castelul se afl\u0103 \u00eentr-o stare de ruine reconstruite \u0219i conservate. Pe baza multor ani de cercet\u0103ri arheologice \u0219i arhitecturale \u0219i a rezultatelor acestora, diferitele zone ale Castelului Spi\u0161 au fost treptat accesibile pentru construc\u021bii \u0219i expozi\u021bii. <br><br><br><\/p>\n\n\n<div class=\"wp-block-image\">\n<figure class=\"alignright is-resized\"><img loading=\"lazy\" decoding=\"async\" width=\"600\" height=\"401\" src=\"https:\/\/regiontatry.sk\/wp-content\/uploads\/2018\/10\/kezmarsky-hrad-1.jpg\" alt=\"\" class=\"wp-image-5806\" style=\"width:400px\" srcset=\"https:\/\/regiontatry.sk\/wp-content\/uploads\/2018\/10\/kezmarsky-hrad-1.jpg 600w, https:\/\/regiontatry.sk\/wp-content\/uploads\/2018\/10\/kezmarsky-hrad-1-300x201.jpg 300w\" sizes=\"(max-width: 600px) 100vw, 600px\" \/><\/figure><\/div>\n\n\n<h3 class=\"wp-block-heading\">Castelul Ke\u017emarok <\/h3>\n\n\n\n<p>Caracteristica dominant\u0103 a ora\u0219ului Ke\u017emarok\neste Castelul Ke\u017emarok. A intrat \u00een istoria turismului din Mun\u021bii Tatra ca\npunct de plecare al primei excursii turistice cunoscute \u00een ace\u0219ti mun\u021bi. Este,\nde asemenea, singurul castel complet conservat din regiunea Spi\u0161.<\/p>\n\n\n\n<p>Complexul castelului de tip urban a fost\nconstruit pentru ap\u0103rarea ora\u0219ului \u00een 1463 pe ruinele a\u0219ez\u0103rii medievale Sv\u00e4t\u00e1\nAl\u017ebeta. Ultima reconstruc\u021bie a castelului a fost realizat\u0103 de familia Th\u00f6k\u00f6ly,\ncare a invitat \u00een ora\u0219ul Ke\u017emarok pietrari, zidari \u0219i pictori italieni pentru a\ntransforma fostul castel defensiv \u00eentr-o re\u0219edin\u021b\u0103 de familie reprezentativ\u0103.\nCl\u0103dirile din curtea castelului au fost ulterior \u00eenfrumuse\u021bate cu arcade\nrenascentiste, s\u0103lile somptuoase de la etaj au fost decorate cu picturi pe\nperete, iar interiorul capelei castelului a fost restaurat \u00een stil baroc\ntimpuriu. <\/p>\n\n\n\n<p>\u00cen 1931, \u00eentr-o parte a complexului castelului au fost deschise primele expozi\u021bii ale muzeului regional. Dup\u0103 renovarea general\u0103 a castelului \u00eentre 1962 \u0219i 1985, colec\u021biile muzeului au fost extinse, iar \u00een prezent vizitatorii pot vedea mai multe expozi\u021bii \u0219i, \u00een sezonul estival, \u0219i spectacole de teatru \u00een timpul vizitelor nocturne ale castelului.<br><br><br><\/p>\n\n\n<div class=\"wp-block-image\">\n<figure class=\"alignleft is-resized\"><img loading=\"lazy\" decoding=\"async\" width=\"972\" height=\"648\" src=\"https:\/\/regiontatry.sk\/wp-content\/uploads\/2018\/10\/Kastiel-Strazky.jpg\" alt=\"\" class=\"wp-image-5820\" style=\"width:400px\" srcset=\"https:\/\/regiontatry.sk\/wp-content\/uploads\/2018\/10\/Kastiel-Strazky.jpg 972w, https:\/\/regiontatry.sk\/wp-content\/uploads\/2018\/10\/Kastiel-Strazky-300x200.jpg 300w, https:\/\/regiontatry.sk\/wp-content\/uploads\/2018\/10\/Kastiel-Strazky-768x512.jpg 768w\" sizes=\"(max-width: 972px) 100vw, 972px\" \/><\/figure><\/div>\n\n\n<h3 class=\"wp-block-heading\"><a href=\"http:\/\/regiontatry.sk\/wp-content\/uploads\/2016\/04\/Kastiel-Strazky.jpg\" class=\"broken_link\" data-rel=\"lightbox-image-5\" data-rl_title=\"\" data-rl_caption=\"\" title=\"\"><\/a>Castelul Str\u00e1\u017eky  <\/h3>\n\n\n\n<p>O bijuterie a arhitecturii renascentiste din\nestul Slovaciei &#8211; conacul Str\u00e1\u017eky este elementul dominant al ora\u0219ului Spi\u0161sk\u00e1\nBel\u00e1. A fost construit pe funda\u021biile unui castel gotic, despre care se spune c\u0103\nar fi fost construit pe ruinele unei m\u0103n\u0103stiri de templieri \u0219i este unul dintre\ncele mai vechi din Slovacia. Ini\u021bial o cl\u0103dire cu trei aripi, o a patra arip\u0103 a\nfost ad\u0103ugat\u0103 dup\u0103 un incendiu \u00een 1708, cre\u00e2nd un plan p\u0103trat tipic cu o curte\ninterioar\u0103.<\/p>\n\n\n\n<p>\u00cen 1862, baronul Eduard M\u00e9dny\u00e1nszky s-a mutat\n\u00een conacul din Str\u00e1\u017eky. L-a adus pe fiul s\u0103u Ladislav, \u00een v\u00e2rst\u0103 de zece ani,\nde la Beckov la Spi\u0161, care mai t\u00e2rziu a devenit un pictor de talie european\u0103.\n\u00cen timpul mai multor \u0219ederi \u00een re\u0219edin\u021ba familiei de la poalele Mun\u021bilor Tatra,\nacest artist important a pictat mai multe peisaje frumoase cu componente\nsociale originale.<\/p>\n\n\n\n<p>Farmecul conacului este amplificat de parcul\nenglezesc din secolul al XIX-lea. Pe l\u00e2ng\u0103 pre\u021bioasa bibliotec\u0103 istoric\u0103,\nconacul ad\u0103poste\u0219te picturi realizate de Ladislav Medny\u00e1nszke.<\/p>\n\n\n\n<p>Dup\u0103 reconstruc\u021bie, conacul este folosit de Galeria Na\u021bional\u0103 Slovac\u0103, care prezint\u0103 mai multe expozi\u021bii &#8211; mobilier istoric \u0219i accesorii de interior, Ladislav Medny\u00e1nszky \u0219i Str\u00e1\u017eky (un pictor care a stat \u0219i a lucrat adesea aici), portrete din secolele XVII-XIX \u0219i o bibliotec\u0103 istoric\u0103.<br><br><br><\/p>\n\n\n<div class=\"wp-block-image\">\n<figure class=\"alignright is-resized\"><img loading=\"lazy\" decoding=\"async\" width=\"738\" height=\"540\" src=\"https:\/\/regiontatry.sk\/wp-content\/uploads\/2018\/10\/lubovna-1.jpg\" alt=\"\" class=\"wp-image-5812\" style=\"width:400px\" srcset=\"https:\/\/regiontatry.sk\/wp-content\/uploads\/2018\/10\/lubovna-1.jpg 738w, https:\/\/regiontatry.sk\/wp-content\/uploads\/2018\/10\/lubovna-1-300x220.jpg 300w\" sizes=\"(max-width: 738px) 100vw, 738px\" \/><\/figure><\/div>\n\n\n<h3 class=\"wp-block-heading\"><a href=\"http:\/\/regiontatry.sk\/wp-content\/uploads\/2016\/04\/Hrad-Stara-Lubovna.jpg\" class=\"broken_link\" data-rel=\"lightbox-image-6\" data-rl_title=\"\" data-rl_caption=\"\" title=\"\"><\/a>Castelul Star\u00e1 \u013dubov\u0148a  <\/h3>\n\n\n\n<p>Castelul Star\u00e1 \u013dubov\u0148a se \u00eenal\u021b\u0103 pe un deal \u00een\npartea de nord-est a regiunii Spi\u0161, deasupra ora\u0219ului Stara \u013dubov\u0148a.<\/p>\n\n\n\n<p>Castelul a fost construit la cump\u0103na dintre\nsecolele al XIII-lea \u0219i al XIV-lea \u0219i f\u0103cea parte din castelele de grani\u021b\u0103 din\nnordul Ungariei. Pe l\u00e2ng\u0103 protejarea grani\u021bei polono-maghiare, a oferit o\nimportant\u0103 rut\u0103 comercial\u0103 prin valea r\u00e2ului Poprad c\u0103tre Polonia. <\/p>\n\n\n\n<p>Dup\u0103 un incendiu uria\u0219 \u00een 1553, Castelul Star\u00e1\n\u013dubov\u0148a a fost reconstruit pe scar\u0103 larg\u0103 \u0219i a c\u0103p\u0103tat un aspect mai modern, ca\no cetate renascentist\u0103. Dup\u0103 revenirea ora\u0219elor Spi\u0161 la Ungaria, importan\u021ba\ncastelului a sc\u0103zut, iar acesta a \u00eenceput s\u0103 decad\u0103 \u0219i s\u0103 se transforme \u00eentr-o\nruin\u0103. Ca parte a restaur\u0103rii castelului, a fost reconstruit cu succes \u0219i \u00een\nprezent g\u0103zduie\u0219te expozi\u021biile muzeului castelului.<\/p>\n\n\n\n<p>\u00cen 1991, capela castelului a fost restaurat\u0103 \u0219i\nsfin\u021bit\u0103 din nou, iar \u00een prezent au loc aici slujbe religioase. <\/p>\n\n\n\n<p>O expozi\u021bie muzeal\u0103 separat\u0103 este muzeul satului de la baza castelului, care se afl\u0103 \u00een aer liber.<br><br><br><\/p>\n\n\n<div class=\"wp-block-image\">\n<figure class=\"alignleft is-resized\"><img loading=\"lazy\" decoding=\"async\" width=\"800\" height=\"533\" src=\"https:\/\/regiontatry.sk\/wp-content\/uploads\/2018\/10\/chram-sv.Jakuba-levoca.jpg\" alt=\"\" class=\"wp-image-5826\" style=\"width:375px;height:auto\" srcset=\"https:\/\/regiontatry.sk\/wp-content\/uploads\/2018\/10\/chram-sv.Jakuba-levoca.jpg 800w, https:\/\/regiontatry.sk\/wp-content\/uploads\/2018\/10\/chram-sv.Jakuba-levoca-300x200.jpg 300w, https:\/\/regiontatry.sk\/wp-content\/uploads\/2018\/10\/chram-sv.Jakuba-levoca-768x512.jpg 768w\" sizes=\"(max-width: 800px) 100vw, 800px\" \/><\/figure><\/div>\n\n\n<h3 class=\"wp-block-heading\"><a href=\"http:\/\/regiontatry.sk\/wp-content\/uploads\/2016\/04\/chram-sv.Jakuba-levoca.jpg\" class=\"broken_link\" data-rel=\"lightbox-image-7\" data-rl_title=\"\" data-rl_caption=\"\" title=\"\"><\/a>Biserica Sf\u00e2ntul Iacob din Levo\u010da  <\/h3>\n\n\n\n<p>Biserica Sf\u00e2ntul Iacob din ora\u0219ul Levo\u010da este\nuna dintre cele mai mari biserici gotice din Slovacia. Este un templu viu \u0219i\nserve\u0219te zilnic credincio\u0219ilor de peste 700 de ani, fiind biserica parohial\u0103 a\nfostului ora\u0219 regal liber Levo\u010da. \u00cen 2015 a fost declarat\u0103 Basilica Minor.<\/p>\n\n\n\n<p>Are o istorie bogat\u0103 \u0219i este o comoar\u0103 de\nnumeroase monumente artistice. \u00cen afar\u0103 de biserica \u00een sine, exist\u0103 \u0219i alte\nmonumente culturale na\u021bionale, cum ar fi operele celebrului sculptor medieval\nMaestrul Paul din Levo\u010da \u0219i operele me\u0219terului bijutier baroc Jan Szilassy.<\/p>\n\n\n\n<p>Biserica parohial\u0103 romano-catolic\u0103 Sf\u00e2ntul Iacob este unul dintre cele mai importante monumente de art\u0103 sacr\u0103 din Slovacia.<br><br><br><\/p>\n\n\n<div class=\"wp-block-image\">\n<figure class=\"alignright is-resized\"><img loading=\"lazy\" decoding=\"async\" width=\"641\" height=\"960\" src=\"https:\/\/regiontatry.sk\/wp-content\/uploads\/2018\/10\/muzeum-ludovej-kultury-lendak.jpg\" alt=\"\" class=\"wp-image-5844\" style=\"width:400px\" srcset=\"https:\/\/regiontatry.sk\/wp-content\/uploads\/2018\/10\/muzeum-ludovej-kultury-lendak.jpg 641w, https:\/\/regiontatry.sk\/wp-content\/uploads\/2018\/10\/muzeum-ludovej-kultury-lendak-200x300.jpg 200w\" sizes=\"(max-width: 641px) 100vw, 641px\" \/><\/figure><\/div>\n\n\n<h3 class=\"wp-block-heading\"><a href=\"http:\/\/regiontatry.sk\/wp-content\/uploads\/2016\/04\/Muzeum-ludovej-kultury-v-Lendaku.jpg\" class=\"broken_link\" data-rel=\"lightbox-image-8\" data-rl_title=\"\" data-rl_caption=\"\" title=\"\"><\/a>Muzeul de cultur\u0103 popular\u0103 din Lendak  <\/h3>\n\n\n\n<p>Muzeul\na fost \u00eenfiin\u021bat \u00een satul Lendak \u00een 2003, deoarece ora\u0219ul este foarte bogat \u00een\ntradi\u021bii care au fost p\u0103strate. Costumele sunt purtate \u0219i ast\u0103zi, iar dialectul\noriginal din regiunea montan\u0103 a fost p\u0103strat p\u00e2n\u0103 acum. Expozi\u021biile abordeaz\u0103\nagricultura, me\u0219te\u0219ugurile, religia \u0219i modul de via\u021b\u0103 al str\u0103mo\u0219ilor locali.<\/p>\n\n\n\n<p>O parte a muzeului este \u0219i o cas\u0103 de lemn, unde se afl\u0103 r\u0103zboaie de \u021besut, unde vizitatorii pot \u00eencerca s\u0103 \u021bese p\u0103turi sau fe\u021be de mas\u0103 folosind aceea\u0219i tehnic\u0103 ca \u00een trecut.<br><br><br><\/p>\n\n\n\n\n<div class=\"wp-block-image\">\n<figure class=\"alignleft is-resized\"><img loading=\"lazy\" decoding=\"async\" width=\"800\" height=\"600\" src=\"https:\/\/regiontatry.sk\/wp-content\/uploads\/2018\/10\/muzeum-CK.jpg\" alt=\"\" class=\"wp-image-5851\" style=\"width:400px\" srcset=\"https:\/\/regiontatry.sk\/wp-content\/uploads\/2018\/10\/muzeum-CK.jpg 800w, https:\/\/regiontatry.sk\/wp-content\/uploads\/2018\/10\/muzeum-CK-300x225.jpg 300w, https:\/\/regiontatry.sk\/wp-content\/uploads\/2018\/10\/muzeum-CK-768x576.jpg 768w\" sizes=\"(max-width: 800px) 100vw, 800px\" \/><\/figure><\/div>\n\n\n<h3 class=\"wp-block-heading\">Muzeul \u010cerven\u00fd Kl\u00e1\u0161tor  <\/h3>\n\n\n\n<p>Monumentul cultural na\u021bional \u010cerven\u00fd Kl\u00e1\u0161tor\n(M\u0103n\u0103stirea Ro\u0219ie) de l\u00e2ng\u0103 satul \u010cerven\u00fd Kl\u00e1\u0161tor a fost locuit\u0103 de c\u0103lug\u0103ri\ndin ordinele cartuzian \u0219i camaldolez \u00een dou\u0103 etape.<\/p>\n\n\n\n<p>Cartuzianii f\u0103ceau parte din cele mai stricte\nordine religioase cu un mod de via\u021b\u0103 ascetic \u0219i se dedicau \u00een principal\ncopierii de c\u0103r\u021bi. Cu toate acestea, au dob\u00e2ndit treptat diverse privilegii,\ncum ar fi dreptul de a pescui pe Dun\u0103re, dreptul de a lucra la moar\u0103, de a\nfabrica bere \u0219i de a conduce un tribunal.<\/p>\n\n\n\n<p>\u00centre anii 1711 \u0219i 1782, \u010cerven\u00fd Kl\u00e1\u0161tor a fost\no m\u0103n\u0103stire camaldolez\u0103. Dup\u0103 sosire, ace\u0219ti c\u0103lug\u0103ri au \u00eenceput reconstruc\u021bia\nbaroc\u0103 a cl\u0103dirii. La fel ca \u0219i cartuzienii, ace\u0219tia duceau un stil de via\u021b\u0103\npustnic, dedic\u00e2ndu-se agriculturii, albin\u0103ritului, vindec\u0103rii bolnavilor \u0219i\nculegerii de plante medicinale.<\/p>\n\n\n\n<p>M\u0103n\u0103stirea \u010cerven\u00fd Kl\u00e1\u0161tor este cunoscut\u0103 \u0219i pentru farmacia\n\u00eenfiin\u021bat\u0103 de c\u0103lug\u0103rul Ciprian<\/p>\n\n\n\n<p><br><\/p>\n","protected":false},"excerpt":{"rendered":"<p>Mun\u021bii Tatra \u0219i zona \u00eenconjur\u0103toare ofer\u0103 vizitatorilor o selec\u021bie larg\u0103 de comori diverse, cu o bun\u0103 doz\u0103 de istorie. Experimenta\u021bi o excursie pe placul dumneavoastr\u0103 \u0219i r\u0103sf\u0103\u021ba\u021bi-v\u0103 cu plimb\u0103ri pe traseele naturale din \u00eemprejurimi sau cunoa\u0219te\u021bi istoria mai profund\u0103 a cl\u0103dirilor seculare sau sacre din \u00eemprejurimile mun\u021bilor Tatra. Se pot vizita multe castele, conace, muzee [&hellip;]<\/p>\n","protected":false},"author":1,"featured_media":8094401,"parent":9997716,"menu_order":0,"comment_status":"closed","ping_status":"closed","template":"template-simple-page.php","meta":{"footnotes":""},"class_list":["post-8094399","page","type-page","status-publish","has-post-thumbnail","hentry"],"_links":{"self":[{"href":"https:\/\/regiontatry.sk\/ro\/wp-json\/wp\/v2\/pages\/8094399"}],"collection":[{"href":"https:\/\/regiontatry.sk\/ro\/wp-json\/wp\/v2\/pages"}],"about":[{"href":"https:\/\/regiontatry.sk\/ro\/wp-json\/wp\/v2\/types\/page"}],"author":[{"embeddable":true,"href":"https:\/\/regiontatry.sk\/ro\/wp-json\/wp\/v2\/users\/1"}],"replies":[{"embeddable":true,"href":"https:\/\/regiontatry.sk\/ro\/wp-json\/wp\/v2\/comments?post=8094399"}],"version-history":[{"count":16,"href":"https:\/\/regiontatry.sk\/ro\/wp-json\/wp\/v2\/pages\/8094399\/revisions"}],"predecessor-version":[{"id":9969538,"href":"https:\/\/regiontatry.sk\/ro\/wp-json\/wp\/v2\/pages\/8094399\/revisions\/9969538"}],"up":[{"embeddable":true,"href":"https:\/\/regiontatry.sk\/ro\/wp-json\/wp\/v2\/pages\/9997716"}],"wp:featuredmedia":[{"embeddable":true,"href":"https:\/\/regiontatry.sk\/ro\/wp-json\/wp\/v2\/media\/8094401"}],"wp:attachment":[{"href":"https:\/\/regiontatry.sk\/ro\/wp-json\/wp\/v2\/media?parent=8094399"}],"curies":[{"name":"wp","href":"https:\/\/api.w.org\/{rel}","templated":true}]}}