{"id":8564957,"date":"2018-09-28T08:42:02","date_gmt":"2018-09-28T06:42:02","guid":{"rendered":"https:\/\/regiontatry.sk\/schi\/ski-aqua-bus\/"},"modified":"2026-03-16T10:09:57","modified_gmt":"2026-03-16T09:09:57","slug":"ski-aqua-bus","status":"publish","type":"page","link":"https:\/\/regiontatry.sk\/ro\/schi\/ski-aqua-bus\/","title":{"rendered":"SKI &#038; AQUA BUS"},"content":{"rendered":"\n<p class=\"has-text-align-center\">\u00cen sezonul de iarn\u0103, transportul regional SKI &amp; AQUA BUS este preg\u0103tit ca prioritate pentru schiori \u0219i de\u021bin\u0103torii de carduri GOPASS, care va transporta schiorii confortabil \u0219i gratuit c\u0103tre sta\u021biunile de schi Tatransk\u00e1 Lomnica, \u0160trbsk\u00e9 Pleso \u0219i parcul acvatic termal din Poprad. <strong>Liniile selectate de ski bus vor fi \u00een func\u021biune \u00een perioada 6.12.2025 &#8211; 6.4.2026<\/strong>, conform orarelor ata\u0219ate.<\/p>\n\n\n\n<h2 class=\"wp-block-heading has-text-align-center\"><span style=\"color: #3366ff;\"><strong>\u0160TRBSK\u00c9 PLESO &#8211; Linia 1A &#8211; Serviciu de transfer<\/strong><\/span><\/h2>\n\n\n\n<p><\/p>\n\n\n\n<h4 class=\"wp-block-heading has-text-align-center\"><strong>\u0160trbsk\u00e9 Pleso, parcare central\u0103 &#8211; sta\u021biune de schi<\/strong><\/h4>\n\n\n\n<p><\/p>\n\n\n\n<h4 class=\"wp-block-heading has-text-align-center\">Linia func\u021bioneaz\u0103:<\/h4>\n\n\n\n<h4 class=\"wp-block-heading has-text-align-center has-text-color has-link-color wp-elements-2a731f9d666766d5f3e999dd7e64a49a\" style=\"color:#0745e3e3\">FUNC\u021aIONARE ZILNIC\u0102 de la 08:00 \u2013 16:30 \u00een perioada 26.12.2025 &#8211; 29.03.2026<\/h4>\n\n\n\n<p><\/p>\n\n\n\n<h4 class=\"wp-block-heading has-text-align-center has-text-color has-link-color wp-elements-81641807e718eb216aaa7151b7aa324e\" style=\"color:#0745e3e3\">FUNC\u021aIONARE \u00ceN WEEKEND de la 08:00 \u2013 16:30 \u00een perioada 02.04.2026 &#8211; 06.04.2026<\/h4>\n\n\n\n<p class=\"has-text-align-center\"><strong>Conform urm\u0103torului grafic:<\/strong><\/p>\n\n\n\n<figure class=\"wp-block-gallery aligncenter has-nested-images columns-default is-cropped wp-block-gallery-2 is-layout-flex wp-block-gallery-is-layout-flex\">\n<figure class=\"wp-block-image size-full\"><img loading=\"lazy\" decoding=\"async\" width=\"1326\" height=\"1839\" data-id=\"13309647\" src=\"https:\/\/regiontatry.sk\/wp-content\/uploads\/2026\/03\/Linka_1A_S.-Pleso_grafikony_-vikendova-prevadzka-do-6.4.2026.jpg\" alt=\"\" class=\"wp-image-13309647\" srcset=\"https:\/\/regiontatry.sk\/wp-content\/uploads\/2026\/03\/Linka_1A_S.-Pleso_grafikony_-vikendova-prevadzka-do-6.4.2026.jpg 1326w, https:\/\/regiontatry.sk\/wp-content\/uploads\/2026\/03\/Linka_1A_S.-Pleso_grafikony_-vikendova-prevadzka-do-6.4.2026-216x300.jpg 216w, https:\/\/regiontatry.sk\/wp-content\/uploads\/2026\/03\/Linka_1A_S.-Pleso_grafikony_-vikendova-prevadzka-do-6.4.2026-738x1024.jpg 738w, https:\/\/regiontatry.sk\/wp-content\/uploads\/2026\/03\/Linka_1A_S.-Pleso_grafikony_-vikendova-prevadzka-do-6.4.2026-768x1065.jpg 768w, https:\/\/regiontatry.sk\/wp-content\/uploads\/2026\/03\/Linka_1A_S.-Pleso_grafikony_-vikendova-prevadzka-do-6.4.2026-1108x1536.jpg 1108w, https:\/\/regiontatry.sk\/wp-content\/uploads\/2026\/03\/Linka_1A_S.-Pleso_grafikony_-vikendova-prevadzka-do-6.4.2026-860x1193.jpg 860w, https:\/\/regiontatry.sk\/wp-content\/uploads\/2026\/03\/Linka_1A_S.-Pleso_grafikony_-vikendova-prevadzka-do-6.4.2026-698x968.jpg 698w, https:\/\/regiontatry.sk\/wp-content\/uploads\/2026\/03\/Linka_1A_S.-Pleso_grafikony_-vikendova-prevadzka-do-6.4.2026-552x766.jpg 552w\" sizes=\"(max-width: 1326px) 100vw, 1326px\" \/><\/figure>\n\n\n\n<figure class=\"wp-block-image size-full\"><img loading=\"lazy\" decoding=\"async\" width=\"1264\" height=\"1778\" data-id=\"13309639\" src=\"https:\/\/regiontatry.sk\/wp-content\/uploads\/2026\/03\/grafikon-SP_Denna-prevadzka.jpg\" alt=\"\" class=\"wp-image-13309639\" srcset=\"https:\/\/regiontatry.sk\/wp-content\/uploads\/2026\/03\/grafikon-SP_Denna-prevadzka.jpg 1264w, https:\/\/regiontatry.sk\/wp-content\/uploads\/2026\/03\/grafikon-SP_Denna-prevadzka-213x300.jpg 213w, https:\/\/regiontatry.sk\/wp-content\/uploads\/2026\/03\/grafikon-SP_Denna-prevadzka-728x1024.jpg 728w, https:\/\/regiontatry.sk\/wp-content\/uploads\/2026\/03\/grafikon-SP_Denna-prevadzka-768x1080.jpg 768w, https:\/\/regiontatry.sk\/wp-content\/uploads\/2026\/03\/grafikon-SP_Denna-prevadzka-1092x1536.jpg 1092w, https:\/\/regiontatry.sk\/wp-content\/uploads\/2026\/03\/grafikon-SP_Denna-prevadzka-860x1210.jpg 860w, https:\/\/regiontatry.sk\/wp-content\/uploads\/2026\/03\/grafikon-SP_Denna-prevadzka-698x982.jpg 698w, https:\/\/regiontatry.sk\/wp-content\/uploads\/2026\/03\/grafikon-SP_Denna-prevadzka-552x776.jpg 552w\" sizes=\"(max-width: 1264px) 100vw, 1264px\" \/><\/figure>\n<\/figure>\n\n\n\n<p><strong>Infoline pentru SKIBUS \u00een \u0160trbsk\u00e9 Pleso +421 910 448 970<\/strong><\/p>\n\n\n\n<p>*cu transport de tip shuttle \u00een sta\u021biunea \u0160trbsk\u00e9 Pleso \u0219i \u00een cazul \u00een care SKIBUS-ul este liber, este posibil \u0219i transportul pietonilor, \u00eens\u0103 prioritate \u00een autobuz au pasagerii cu echipament de schi<\/p>\n\n\n\n<h2 class=\"wp-block-heading has-text-align-center\"><span style=\"color: #3366ff;\">\u0160TRBSK\u00c9 PLESO &#8211; Linia 1B &#8211; Linia hotelului<\/span><\/h2>\n\n\n\n<h3 class=\"wp-block-heading\">&nbsp;<\/h3>\n\n\n\n<h3 class=\"wp-block-heading\"><strong>&nbsp;<\/strong><\/h3>\n\n\n\n<h4 class=\"wp-block-heading has-text-align-center\"><strong>Pensiunea Pleso \u2013 Hostel SHB \u2013 Helios \u2013 Hotel Patria**** \u2013 sta\u021biune de schi<\/strong><\/h4>\n\n\n\n<h4 class=\"wp-block-heading\">&nbsp;<\/h4>\n\n\n\n<h4 class=\"wp-block-heading has-text-align-center\"><strong>Linia func\u021bioneaz\u0103 ZILNIC <em> <\/em><\/strong><em><span style=\"color: #3366ff;\">26.12.2025 &#8211; 08.03.2026<\/span><\/em><em style=\"\"><span style=\"font-weight: bold; color: rgb(51, 102, 255);\"> &#8211; FUNC\u021aIONAREA SKIBUS-ULUI \u00ceNCHEIAT\u0102<br><\/span><\/em><br><strong>UNC\u021aIONARE DE WEEKEND de la<em> <\/em><\/strong><span style=\"color: #3366ff;\"><em>14.-15.3.2026, 21.3-22.3.2025, <\/em><\/span><strong><span style=\"color: #3366ff;\"><em><br><\/em><\/span><\/strong><em><span style=\"color: #3366ff;\"> 28.-29.3.2026, 03.-06.4.2026<\/span><\/em>, conform urm\u0103torului grafic:<\/h4>\n\n\n\n<p><strong>Infoline pentru SKIBUS \u00een \u0160trbsk\u00e9 Pleso +421 910 448 970<\/strong><\/p>\n\n\n<div class=\"wp-block-image\">\n<figure class=\"aligncenter size-full is-resized\"><a href=\"https:\/\/regiontatry.sk\/wp-content\/uploads\/2025\/12\/Linka-1B_S.-Pleso_grafikony.jpg\" data-rel=\"lightbox-image-0\" data-rl_title=\"\" data-rl_caption=\"\" title=\"\"><img loading=\"lazy\" decoding=\"async\" width=\"1240\" height=\"1754\" src=\"https:\/\/regiontatry.sk\/wp-content\/uploads\/2025\/12\/Linka-1B_S.-Pleso_grafikony.jpg\" alt=\"\" class=\"wp-image-13171559\" style=\"width:568px;height:auto\" srcset=\"https:\/\/regiontatry.sk\/wp-content\/uploads\/2025\/12\/Linka-1B_S.-Pleso_grafikony.jpg 1240w, https:\/\/regiontatry.sk\/wp-content\/uploads\/2025\/12\/Linka-1B_S.-Pleso_grafikony-212x300.jpg 212w, https:\/\/regiontatry.sk\/wp-content\/uploads\/2025\/12\/Linka-1B_S.-Pleso_grafikony-724x1024.jpg 724w, https:\/\/regiontatry.sk\/wp-content\/uploads\/2025\/12\/Linka-1B_S.-Pleso_grafikony-768x1086.jpg 768w, https:\/\/regiontatry.sk\/wp-content\/uploads\/2025\/12\/Linka-1B_S.-Pleso_grafikony-1086x1536.jpg 1086w, https:\/\/regiontatry.sk\/wp-content\/uploads\/2025\/12\/Linka-1B_S.-Pleso_grafikony-860x1216.jpg 860w, https:\/\/regiontatry.sk\/wp-content\/uploads\/2025\/12\/Linka-1B_S.-Pleso_grafikony-698x987.jpg 698w, https:\/\/regiontatry.sk\/wp-content\/uploads\/2025\/12\/Linka-1B_S.-Pleso_grafikony-552x781.jpg 552w\" sizes=\"(max-width: 1240px) 100vw, 1240px\" \/><\/a><\/figure><\/div>\n\n\n<p><strong>Infoline pentru SKIBUS direc\u021bia Tatransk\u00e1 Lomnica +421 919 167 520<\/strong><\/p>\n\n\n\n\n\n<h2 class=\"wp-block-heading has-text-align-center has-vivid-red-color has-text-color has-link-color wp-elements-15dd5df6c1dc29bcd8593d2e19371e7b\"><span style=\"color: #3366ff;\"><strong>TATRANSK\u00c1 LOMNICA, STAR\u00dd SMOKOVEC \u2013 MICROBUZUL FUNC\u021aIONEAZ\u0102<\/strong><\/span> -FUNC\u021aIONAREA SKIBUS-ULUI \u00ceNCHEIAT\u0102<\/h2>\n\n\n\n<h3 class=\"wp-block-heading\"><span style=\"color: #3366ff;\"><strong>&nbsp;<\/strong><\/span><strong>&nbsp;<\/strong><\/h3>\n\n\n\n<h4 class=\"wp-block-heading has-text-align-center\"><span style=\"color: #3366ff;\"><strong>Linia&nbsp;2:<\/strong><\/span> Tatransk\u00e9 Zruby \u2013 Nov\u00fd Smokovec \u2013 Star\u00fd Smokovec \u2013 Horn\u00fd Smokovec \u2013 Tatransk\u00e1 Lesn\u00e1 \u2013 Tatransk\u00e1 Lomnica, sta\u021biune de schi \u0219i \u00eenapoi<\/h4>\n\n\n\n<p><\/p>\n\n\n\n<h4 class=\"wp-block-heading\"><span style=\"color: #3366ff;\">Linua 2<\/span> func\u021bioneaz\u0103 ZILNIC \u00een perioada <strong><span style=\"color: #3366ff;\">26.12.2025 &#8211; 8.3.2026, <\/span><\/strong>conform urm\u0103torului program<strong> <\/strong><\/h4>\n\n\n\n<p><strong>Infoline pentru SKIBUS direc\u021bia Tatransk\u00e1 Lomnica +421 919 167 520<\/strong><\/p>\n\n\n<div class=\"wp-block-image\">\n<figure class=\"aligncenter size-full is-resized\"><a href=\"https:\/\/regiontatry.sk\/wp-content\/uploads\/2025\/12\/Linka-2_-T.-Lomnica-Zruby_grafikony.jpg\" data-rel=\"lightbox-image-1\" data-rl_title=\"\" data-rl_caption=\"\" title=\"\"><img loading=\"lazy\" decoding=\"async\" width=\"1240\" height=\"1754\" src=\"https:\/\/regiontatry.sk\/wp-content\/uploads\/2025\/12\/Linka-2_-T.-Lomnica-Zruby_grafikony.jpg\" alt=\"\" class=\"wp-image-13171567\" style=\"width:590px;height:auto\" srcset=\"https:\/\/regiontatry.sk\/wp-content\/uploads\/2025\/12\/Linka-2_-T.-Lomnica-Zruby_grafikony.jpg 1240w, https:\/\/regiontatry.sk\/wp-content\/uploads\/2025\/12\/Linka-2_-T.-Lomnica-Zruby_grafikony-212x300.jpg 212w, https:\/\/regiontatry.sk\/wp-content\/uploads\/2025\/12\/Linka-2_-T.-Lomnica-Zruby_grafikony-724x1024.jpg 724w, https:\/\/regiontatry.sk\/wp-content\/uploads\/2025\/12\/Linka-2_-T.-Lomnica-Zruby_grafikony-768x1086.jpg 768w, https:\/\/regiontatry.sk\/wp-content\/uploads\/2025\/12\/Linka-2_-T.-Lomnica-Zruby_grafikony-1086x1536.jpg 1086w, https:\/\/regiontatry.sk\/wp-content\/uploads\/2025\/12\/Linka-2_-T.-Lomnica-Zruby_grafikony-860x1216.jpg 860w, https:\/\/regiontatry.sk\/wp-content\/uploads\/2025\/12\/Linka-2_-T.-Lomnica-Zruby_grafikony-698x987.jpg 698w, https:\/\/regiontatry.sk\/wp-content\/uploads\/2025\/12\/Linka-2_-T.-Lomnica-Zruby_grafikony-552x781.jpg 552w\" sizes=\"(max-width: 1240px) 100vw, 1240px\" \/><\/a><\/figure><\/div>\n\n\n\n\n<h2 class=\"wp-block-heading has-text-align-center has-vivid-red-color has-text-color has-link-color wp-elements-dc97df9a88d978eac59e3d82d7136561\"><span style=\"color: #3366ff;\"><strong>TATRANSK\u00c1 LOMNICA, POPRAD AQUACITY \u2013 MICROBUZUL FUNC\u021aIONEAZ\u0102<\/strong><\/span> -FUNC\u021aIONAREA SKIBUS-ULUI \u00ceNCHEIAT\u0102<\/h2>\n\n\n\n<h3 class=\"wp-block-heading has-text-align-center\"><strong>&nbsp;<\/strong><\/h3>\n\n\n\n<h4 class=\"wp-block-heading has-text-align-center\"><strong>Aquacity, Poprad \u2013 Ve\u013ek\u00e1 Lomnica \u2013 Star\u00e1 Lesn\u00e1 \u2013 Tatransk\u00e1 Lomnica \u2013 1x doobeda a 2x poobede<\/strong><\/h4>\n\n\n\n<p><\/p>\n\n\n\n<h4 class=\"wp-block-heading\">Linia 3&nbsp;func\u021bioneaz\u0103:<\/h4>\n\n\n\n<h4 class=\"wp-block-heading\"><\/h4>\n\n\n\n<h4 class=\"wp-block-heading has-text-align-center\">FUNC\u021aIONARE ZILNIC\u0102 \u00een zile<strong> <span style=\"color: #3366ff;\">26.12.2025 \u2013 31.12. 2025 a 1.1.-7.1.2026<\/span><\/strong>, <strong><span style=\"color: #3366ff;\">14.2.-8.3.2026<\/span><\/strong><\/h4>\n\n\n\n<p><\/p>\n\n\n\n<h4 class=\"wp-block-heading has-text-align-center\"><span style=\"color: #3366ff;\"><strong>FUNC\u021aIONARE \u00ceN WEEKEND: 10.01.2026 &#8211; 08.02.2026, <\/strong><\/span>conform urm\u0103torului program:<\/h4>\n\n\n<div class=\"wp-block-image\">\n<figure class=\"aligncenter size-full is-resized\"><a href=\"https:\/\/regiontatry.sk\/wp-content\/uploads\/2026\/02\/Linka-3_T.-Lomnica-Aquacity_-grafikony_opraveny_page-0001.jpg\" data-rel=\"lightbox-image-2\" data-rl_title=\"\" data-rl_caption=\"\" title=\"\"><img loading=\"lazy\" decoding=\"async\" width=\"1327\" height=\"1841\" src=\"https:\/\/regiontatry.sk\/wp-content\/uploads\/2026\/02\/Linka-3_T.-Lomnica-Aquacity_-grafikony_opraveny_page-0001.jpg\" alt=\"\" class=\"wp-image-13268262\" style=\"width:528px;height:auto\" srcset=\"https:\/\/regiontatry.sk\/wp-content\/uploads\/2026\/02\/Linka-3_T.-Lomnica-Aquacity_-grafikony_opraveny_page-0001.jpg 1327w, https:\/\/regiontatry.sk\/wp-content\/uploads\/2026\/02\/Linka-3_T.-Lomnica-Aquacity_-grafikony_opraveny_page-0001-216x300.jpg 216w, https:\/\/regiontatry.sk\/wp-content\/uploads\/2026\/02\/Linka-3_T.-Lomnica-Aquacity_-grafikony_opraveny_page-0001-738x1024.jpg 738w, https:\/\/regiontatry.sk\/wp-content\/uploads\/2026\/02\/Linka-3_T.-Lomnica-Aquacity_-grafikony_opraveny_page-0001-768x1065.jpg 768w, https:\/\/regiontatry.sk\/wp-content\/uploads\/2026\/02\/Linka-3_T.-Lomnica-Aquacity_-grafikony_opraveny_page-0001-1107x1536.jpg 1107w, https:\/\/regiontatry.sk\/wp-content\/uploads\/2026\/02\/Linka-3_T.-Lomnica-Aquacity_-grafikony_opraveny_page-0001-860x1193.jpg 860w, https:\/\/regiontatry.sk\/wp-content\/uploads\/2026\/02\/Linka-3_T.-Lomnica-Aquacity_-grafikony_opraveny_page-0001-698x968.jpg 698w, https:\/\/regiontatry.sk\/wp-content\/uploads\/2026\/02\/Linka-3_T.-Lomnica-Aquacity_-grafikony_opraveny_page-0001-552x766.jpg 552w\" sizes=\"(max-width: 1327px) 100vw, 1327px\" \/><\/a><\/figure><\/div>\n\n\n<p><strong>Infoline pentru SKIBUS direc\u021bia Tatransk\u00e1 Lomnica +421 919 167 520<\/strong><\/p>\n\n\n\n<h2 class=\"wp-block-heading has-text-align-center has-vivid-red-color has-text-color has-link-color wp-elements-d2beb7d7a0ef9172c563f2406ba06631\"><span style=\"\"><font color=\"#3366ff\">TATRANSK\u00c1 LOMNICA &#8211; linia 4 &#8211; <\/font><\/span><span style=\"color: #3366ff;\">serviciu de transfer c\u0103tre sta\u021biunea de schi<\/span> &#8211; FUNC\u021aIONAREA SKIBUS-ULUI \u00ceNCHEIAT\u0102<\/h2>\n\n\n\n<h3 class=\"wp-block-heading\"><span style=\"color: #3366ff;\"><strong>&nbsp;<\/strong><\/span><strong>&nbsp;<\/strong><\/h3>\n\n\n\n<h4 class=\"wp-block-heading has-text-align-center\"><strong>Sta\u021biune de schi \u2013 Pensiunea Aplend Beatrice \u2013 Vila Zea \u2013 Parcarea g\u0103rii \u2013 Kremenec \u2013 Hostel 1.maj \u2013 Parcare l\u00e2ng\u0103 terenul de fotbal \u2013 Hotel Sorea Hutn\u00edk \u2013 Autogar\u0103 \u2013 Sta\u021biune de schi<\/strong><\/h4>\n\n\n\n<h4 class=\"wp-block-heading has-text-align-center\">&nbsp;<\/h4>\n\n\n\n<h4 class=\"wp-block-heading has-text-align-center\">Linia ruleaz\u0103<\/h4>\n\n\n\n<h4 class=\"wp-block-heading has-text-align-center\">ZILNIC \u00eentre orele 08:00 \u2013 16:30 \u00een perioada<br><strong><span style=\"color: #3366ff;\">26.12.2025 &#8211; 07.01.2026<\/span> a od <span style=\"color: #3366ff;\">14.02. &#8211; 08.03.2026 <\/span><\/strong><\/h4>\n\n\n\n<p><\/p>\n\n\n\n<h4 class=\"wp-block-heading has-text-align-center\"><span style=\"color: #3366ff;\"><strong>FUNC\u021aIONARE \u00ceN WEEKEND: 10.01.2026 &#8211; 14.02.2026, <\/strong><\/span>conform urm\u0103torului program:<\/h4>\n\n\n\n<p><strong>Infoline pentru SKIBUS direc\u021bia Tatransk\u00e1 Lomnica +421 919 167 520<\/strong><\/p>\n\n\n<div class=\"wp-block-image\">\n<figure class=\"aligncenter size-full is-resized\"><img loading=\"lazy\" decoding=\"async\" width=\"1240\" height=\"1754\" src=\"https:\/\/regiontatry.sk\/wp-content\/uploads\/2025\/12\/Linka-4_T.-Lomnica-_grafikony.jpg\" alt=\"\" class=\"wp-image-13171587\" style=\"width:571px;height:auto\" srcset=\"https:\/\/regiontatry.sk\/wp-content\/uploads\/2025\/12\/Linka-4_T.-Lomnica-_grafikony.jpg 1240w, https:\/\/regiontatry.sk\/wp-content\/uploads\/2025\/12\/Linka-4_T.-Lomnica-_grafikony-212x300.jpg 212w, https:\/\/regiontatry.sk\/wp-content\/uploads\/2025\/12\/Linka-4_T.-Lomnica-_grafikony-724x1024.jpg 724w, https:\/\/regiontatry.sk\/wp-content\/uploads\/2025\/12\/Linka-4_T.-Lomnica-_grafikony-768x1086.jpg 768w, https:\/\/regiontatry.sk\/wp-content\/uploads\/2025\/12\/Linka-4_T.-Lomnica-_grafikony-1086x1536.jpg 1086w, https:\/\/regiontatry.sk\/wp-content\/uploads\/2025\/12\/Linka-4_T.-Lomnica-_grafikony-860x1216.jpg 860w, https:\/\/regiontatry.sk\/wp-content\/uploads\/2025\/12\/Linka-4_T.-Lomnica-_grafikony-698x987.jpg 698w, https:\/\/regiontatry.sk\/wp-content\/uploads\/2025\/12\/Linka-4_T.-Lomnica-_grafikony-552x781.jpg 552w\" sizes=\"(max-width: 1240px) 100vw, 1240px\" \/><\/figure><\/div>\n\n\n<p><strong>Autobuzul de schi va opri \u0219i la gar\u0103, iar sosirile\/plec\u0103rile sunt organizate astfel \u00eenc\u00e2t pasagerii s\u0103 poat\u0103 face transferul de la\/c\u0103tre TE\u017d.<\/strong><\/p>\n\n\n\n<p>*\u00een cazul transportului cu microbuzul \u00een sta\u021biunea Tatransk\u00e1 Lomnica, dac\u0103 SKIBUS-ul are capacitate liber\u0103, este posibil \u0219i transportul pietonilor, \u00eens\u0103 prioritate \u00een autobuz au pasagerii cu echipament de schi.&nbsp; <br><\/p>\n\n\n\n<p><strong>INSTRUC\u021aIUNI PENTRU PASAGERI:<\/strong><\/p>\n\n\n\n<ol class=\"wp-block-list\">\n<li>SKI &amp; AQUA BUS este disponibil \u00een principal pentru schiori \u0219i de\u021bin\u0103torii de carduri GOPASS (\u00een cazul transportului cu microbuzul \u00een sta\u021biunile \u0160trbsk\u00e9 Pleso \u0219i Tatransk\u00e1 Lomnica, dac\u0103 SKIBUS are capacitate liber\u0103, este posibil \u0219i transportul vizitatorilor pietoni)<\/li>\n\n\n\n<li><strong>Prin prezenta, rug\u0103m pasagerii s\u0103 fie aten\u021bi unii fa\u021b\u0103 de al\u021bii la \u00eembarcarea \u0219i cobor\u00e2rea din autobuze. Pasagerii cu echipament de schi au prioritate \u00een autobuz.<\/strong><\/li>\n\n\n\n<li>\u00cen caz de vreme nefavorabil\u0103, c\u00e2nd telecabinele din sta\u021biunile de schi nu func\u021bioneaz\u0103, serviciul de autobuz de schi este limitat sau anulat \u00een data respectiv\u0103. Pute\u021bi ob\u021bine informa\u021bii actualizate despre func\u021bionare de la furnizorul de cazare, \u00een centrele de informa\u021bii, pe www.regiontatry.sk, www.vt.sk \u0219i \u00een buletinul informativ de diminea\u021b\u0103.<\/li>\n\n\n\n<li><strong>Operatorul SKI &amp; AQUA BUS \u00ee\u0219i rezerv\u0103 dreptul de a modifica programul \u00een caz de vreme nefavorabil\u0103, defec\u021biuni ale vehiculelor sau alte situa\u021bii neprev\u0103zute. V\u0103 rug\u0103m s\u0103 verifica\u021bi cu furnizorul de cazare sau cu centrele de informa\u021bii orice modific\u0103ri de func\u021bionare.<\/strong><\/li>\n\n\n\n<li>Linia de informa\u021bii pentru SKI &amp; AQUA BUS este disponibil\u0103 \u00een perioada 06.12.2025 &#8211; 06.04.2026, doar \u00een timpul circul\u0103rii autobuzului, \u00eentre orele 9:00 \u0219i 16:00.<\/li>\n<\/ol>\n\n\n\n<p><strong>Informa\u021bii despre sta\u021biunile de schi din Tatra \u00cenalt\u0103 <a href=\"https:\/\/www.vt.sk\/\" target=\"_blank\" rel=\"noreferrer noopener\">AICI!<\/a><\/strong><\/p>\n\n\n\n<p><strong>Autobuzul de schi este operat de Organiza\u021bia Regional\u0103 de Turism a Regiunii Tatra \u00cenalt\u0103 cu sprijin financiar din partea Ministerului Turismului \u0219i Sportului din Republica Slovac\u0103.<\/strong><\/p>\n\n\n\n<figure class=\"wp-block-gallery has-nested-images columns-default is-cropped alignleft wp-block-gallery-3 is-layout-flex wp-block-gallery-is-layout-flex\">\n<figure class=\"wp-block-image size-large\"><img loading=\"lazy\" decoding=\"async\" width=\"1024\" height=\"410\" data-id=\"9511194\" src=\"https:\/\/regiontatry.sk\/wp-content\/uploads\/2024\/02\/Ministerstvo_cestovneho-ruchu-a-sportu_SR_EN_Farebne-1-1024x410.png\" alt=\"\" class=\"wp-image-9511194\" srcset=\"https:\/\/regiontatry.sk\/wp-content\/uploads\/2024\/02\/Ministerstvo_cestovneho-ruchu-a-sportu_SR_EN_Farebne-1-1024x410.png 1024w, https:\/\/regiontatry.sk\/wp-content\/uploads\/2024\/02\/Ministerstvo_cestovneho-ruchu-a-sportu_SR_EN_Farebne-1-300x120.png 300w, https:\/\/regiontatry.sk\/wp-content\/uploads\/2024\/02\/Ministerstvo_cestovneho-ruchu-a-sportu_SR_EN_Farebne-1-768x307.png 768w, https:\/\/regiontatry.sk\/wp-content\/uploads\/2024\/02\/Ministerstvo_cestovneho-ruchu-a-sportu_SR_EN_Farebne-1-1920x769.png 1920w, https:\/\/regiontatry.sk\/wp-content\/uploads\/2024\/02\/Ministerstvo_cestovneho-ruchu-a-sportu_SR_EN_Farebne-1-1705x682.png 1705w, https:\/\/regiontatry.sk\/wp-content\/uploads\/2024\/02\/Ministerstvo_cestovneho-ruchu-a-sportu_SR_EN_Farebne-1-698x279.png 698w, https:\/\/regiontatry.sk\/wp-content\/uploads\/2024\/02\/Ministerstvo_cestovneho-ruchu-a-sportu_SR_EN_Farebne-1-552x221.png 552w\" sizes=\"(max-width: 1024px) 100vw, 1024px\" \/><\/figure>\n<\/figure>\n","protected":false},"excerpt":{"rendered":"<p>\u00cen sezonul de iarn\u0103, transportul regional SKI &amp; AQUA BUS este preg\u0103tit ca prioritate pentru schiori \u0219i de\u021bin\u0103torii de carduri GOPASS, care va transporta schiorii confortabil \u0219i gratuit c\u0103tre sta\u021biunile de schi Tatransk\u00e1 Lomnica, \u0160trbsk\u00e9 Pleso \u0219i parcul acvatic termal din Poprad. Liniile selectate de ski bus vor fi \u00een func\u021biune \u00een perioada 6.12.2025 &#8211; [&hellip;]<\/p>\n","protected":false},"author":2,"featured_media":8564959,"parent":8558471,"menu_order":7,"comment_status":"closed","ping_status":"closed","template":"template-simple-page.php","meta":{"footnotes":""},"class_list":["post-8564957","page","type-page","status-publish","has-post-thumbnail","hentry"],"_links":{"self":[{"href":"https:\/\/regiontatry.sk\/ro\/wp-json\/wp\/v2\/pages\/8564957"}],"collection":[{"href":"https:\/\/regiontatry.sk\/ro\/wp-json\/wp\/v2\/pages"}],"about":[{"href":"https:\/\/regiontatry.sk\/ro\/wp-json\/wp\/v2\/types\/page"}],"author":[{"embeddable":true,"href":"https:\/\/regiontatry.sk\/ro\/wp-json\/wp\/v2\/users\/2"}],"replies":[{"embeddable":true,"href":"https:\/\/regiontatry.sk\/ro\/wp-json\/wp\/v2\/comments?post=8564957"}],"version-history":[{"count":144,"href":"https:\/\/regiontatry.sk\/ro\/wp-json\/wp\/v2\/pages\/8564957\/revisions"}],"predecessor-version":[{"id":13309661,"href":"https:\/\/regiontatry.sk\/ro\/wp-json\/wp\/v2\/pages\/8564957\/revisions\/13309661"}],"up":[{"embeddable":true,"href":"https:\/\/regiontatry.sk\/ro\/wp-json\/wp\/v2\/pages\/8558471"}],"wp:featuredmedia":[{"embeddable":true,"href":"https:\/\/regiontatry.sk\/ro\/wp-json\/wp\/v2\/media\/8564959"}],"wp:attachment":[{"href":"https:\/\/regiontatry.sk\/ro\/wp-json\/wp\/v2\/media?parent=8564957"}],"curies":[{"name":"wp","href":"https:\/\/api.w.org\/{rel}","templated":true}]}}